{"id":13717,"date":"2023-09-08T10:52:35","date_gmt":"2023-09-08T08:52:35","guid":{"rendered":"https:\/\/iicbuenosaires.esteri.it\/news\/rassegna-stampa\/rassegna-stampa-2020-articulos-periodisticos-2020\/"},"modified":"2026-02-04T19:13:55","modified_gmt":"2026-02-04T18:13:55","slug":"rassegna-stampa-2020-articulos-periodisticos-2020","status":"publish","type":"page","link":"https:\/\/iicbuenosaires.esteri.it\/es\/news\/rassegna-stampa\/rassegna-stampa-2020-articulos-periodisticos-2020\/","title":{"rendered":"Rassegna stampa 2020\/ Art\u00edculos period\u00edsticos 2020"},"content":{"rendered":"<p><a href=\"https:\/\/iicbuenosaires.esteri.it\/wp-content\/uploads\/2023\/09\/italian_design_day_010_3_nov_20.pdf\">Italia Design day 2020<\/a>. Revista 9+10, 3\/11\/20<\/p>\n<p><a href=\"https:\/\/iicbuenosaires.esteri.it\/wp-content\/uploads\/2023\/09\/marva_griffin_aise_3_nov-2.pdf\">L&#8217;IDD a Buenos Aires: all&#8217;Istituto Italiano di Cultura l&#8217;incontro con MARVA GRIFFIN Live dall&#8217;Italia<\/a>. Aise, 03\/11\/20<\/p>\n<p><a href=\"https:\/\/iicbuenosaires.esteri.it\/wp-content\/uploads\/2023\/09\/un_incontro_con_il_fumettista_lorenzo_mattotti_9colonne.20.10-1.pdf\">Un incontro con il fumettista Lorenzo Mattotti<\/a>, 9colonne, 10\/10\/20<\/p>\n<p><a href=\"https:\/\/iicbuenosaires.esteri.it\/wp-content\/uploads\/2023\/09\/compagnia_pippo_delbono_relazione_20200928.pdf\">Compagnia Pippo Del Bono<\/a>. Relazione 28\/09\/20<\/p>\n<p><a href=\"https:\/\/iicbuenosaires.esteri.it\/wp-content\/uploads\/2023\/09\/vivacissimo_a_buenos_aires_pilar_pistarini_aise_27.09.pdf\">Vivacissimo a Buenos Aires: Pilar Pistarini<\/a>. Aise 27\/09<\/p>\n<p><a href=\"https:\/\/iicbuenosaires.esteri.it\/wp-content\/uploads\/2023\/09\/concerto_fra_gli_ulivi._giornale_diplomatico_23.09_vert.pdf\">Concerto fra gli ulivi<\/a>. Corriere diplom\u00e1tico, 23\/09\/20<\/p>\n<p><a href=\"https:\/\/www.esteri.it\/mae\/it\/sala_stampa\/archivionotizie\/retediplomatica\/iic-buenos-aires-il-nuovo-ciclo-immaginari.html\">IIC Buenos Aires: il nuovo ciclo \u201cImmaginari\u201d. Ministero degli Affari Esteri e della Cooperazione InternazionaleIIC Buenos Aires: il nuovo ciclo \u201cImmaginari\u201d. Ministero degli Affari Esteri e della Cooperazione Internazionale<\/a>, 25\/08\/20<\/p>\n<p><a href=\"https:\/\/www.giornalediplomatico.it\/IIC-Buenos-Aires-aImmaginari-Antologia-di-racconti-del-Novecento-italianoa.htm\">IIC Buenos Aires: IMMAGINARI, Antologia di racconti del Novecento italiano<\/a>. Giornale Diplomatico, 25\/08\/20<\/p>\n<p><a href=\"https:\/\/comunicazioneinform.it\/istituto-italiano-di-cultura-di-buenos-aires-immaginari-antologia-di-racconti-del-novecento-italiano\/\">Istituto Italiano di Cultura di Buenos Aires: \u201cImmaginari. Antologia di racconti del Novecento italiano\u201d.<\/a>\u00a0INFORM, 25\/08\/20<\/p>\n<p><a href=\"https:\/\/www.9colonne.it\/270071\/iic-buenos-aires-immaginari-i-racconti-del-novecento-italiano#.X0WwHohKjIU\">IIC Buenos Aires: IMMAGINARI, i racconti del Novecento italiano<\/a>. 9colonne, 25\/08\/20<\/p>\n<p>\u00ab<a href=\"https:\/\/iicbuenosaires.esteri.it\/iic_buenosaires\/%E2%80%9CIMMAGINARI%E2%80%9D:%20INIZIA%20DOMANI%20IL%20NUOVO%20CICLO%20PROMOSSO%20DALL%E2%80%99IIC%20DI%20BUENOS%20AIRES\">Immaginari\u00bb Inizia domani il nuovo ciclo promosso dall&#8217;IIC di Buenos Aires<\/a>, AISE, 25\/08\/20<\/p>\n<h5><strong><a href=\"https:\/\/iicbuenosaires.esteri.it\/wp-content\/uploads\/2023\/09\/reabre_el_ciclo_italia_xxi_infobae_22.06.pdf\">Reabre el ciclo ITALIA XXI\u00a0<\/a><\/strong>Infobae 22.06<\/h5>\n<h5><a href=\"https:\/\/iicbuenosaires.esteri.it\/wp-content\/uploads\/2023\/09\/festa_della_musicacooltivarte_portal_21.06.pdf\">Festa della musica: Tosca Italia XXI<\/a>. Cooltivarte.com, 21.06<\/h5>\n<p><a href=\"https:\/\/clyp.it\/kuwm0vdl\">Magdalena Ruiz Gui\u00f1az\u00fa entrevista a Toscantrevista a Tosca<\/a>\u00a0&#8211; Radio Mitre, 21\/06\/20<\/p>\n<p><a href=\"https:\/\/iicbuenosaires.esteri.it\/wp-content\/uploads\/2023\/09\/con_los_teatros_abiertos_la_cantante_tosca_ofrece_un_concierto_live_20.06_clarn.pdf\">Con los teatros abiertos la cantante Tosca ofrece un concierto live<\/a>\u00a020.06 Clar\u00edn<\/p>\n<p><a href=\"https:\/\/iicbuenosaires.esteri.it\/wp-content\/uploads\/2023\/09\/tosca_desde_italia_pagina_12_20.06.pdf\">Tosca desde Italia<\/a>. P\u00e1gina 12, 20.06<\/p>\n<p><a href=\"https:\/\/www.fmradiocultura.com.ar\/tosca-via-streaming-en-el-teatro-coliseo-italia-xxi\/\">Italia XXI anuncia la reapertura de su ciclo con un concierto<\/a>. Radio Cultura 20.06<\/p>\n<p><a href=\"https:\/\/iicbuenosaires.esteri.it\/wp-content\/uploads\/2023\/09\/energa_de_una_voz_20.06.pdf\">Energ\u00eda de una voz que se oye muy cerca<\/a>. Revista \u00d1, 20.06<\/p>\n<p><a href=\"https:\/\/iicbuenosaires.esteri.it\/wp-content\/uploads\/2023\/09\/la_cantante_italiana_tosca_presenta_concierto_por_las_redes_del_iic_vos_20.06.pdf\">La cantante italiana Tosca presenta concierto por las redes del IIC<\/a>, Vos 20.06<\/p>\n<p><a href=\"https:\/\/iicbuenosaires.esteri.it\/wp-content\/uploads\/2023\/09\/tosca_regresa_a_los_escenarios_radio_perfil_20.06.pdf\">La cantante italiana Tosca regresa a los escenarios<\/a>. Radio Perfil, 20.06<\/p>\n<p><a href=\"https:\/\/iicbuenosaires.esteri.it\/wp-content\/uploads\/2023\/09\/recitales_.vivo_19.06.pdf\">Recitales por streaming, un fin de semana a pura m\u00fasica<\/a>\u00a0Vivo, 19.06<\/p>\n<p><a href=\"https:\/\/iicbuenosaires.esteri.it\/wp-content\/uploads\/2023\/09\/la_caja_acompaa_el_nuevo_ciclo_virtual_de_italia_xxi_19.06.pdf\">La Caja acompa\u00f1a el nuevo ciclo virtual de Italia XII<\/a>. La Caja seguros, 19.06<\/p>\n<p><a href=\"https:\/\/iicbuenosaires.esteri.it\/wp-content\/uploads\/2023\/09\/tosca_vuelve_a_los_escenarios_italianos_y_se_la_podr_ver_en_la_argentina._19.06_la_provincia.pdf\">Tosca vuelve a los escenarios italianos y se la podr\u00e1 ver en la Argentina<\/a>. 19.06 Prtal La Provincia<\/p>\n<p><a href=\"https:\/\/iicbuenosaires.esteri.it\/wp-content\/uploads\/2023\/09\/mirador_virtual_19.06.pdf\">El ciclo Italia XXI reabre con un concierto gratuito v\u00eda streaming de Tosca<\/a>. Mirador virtual 19.06<\/p>\n<p><a href=\"https:\/\/iicbuenosaires.esteri.it\/wp-content\/uploads\/2023\/09\/tosca_telam_18.06.pdf\">La m\u00fasica vuelve en vivo en Italia y el recital de Tosca llega a trav\u00e9s de Italia XXI<\/a>. Telam, 18.06<\/p>\n<h5><a href=\"https:\/\/iicbuenosaires.esteri.it\/wp-content\/uploads\/2023\/09\/reabre_el_ciclo_italia_xxi._el_portal_de_salta_18.06.pdf\">Reabre el ciclo Italia XXI con un concierto gratuito v\u00eda streaming de Tosca<\/a>. Portal de Salta, 18.06<\/h5>\n<h5><a href=\"https:\/\/iicbuenosaires.esteri.it\/wp-content\/uploads\/2023\/09\/reabre_el_ciclo_italia_xxi_con_un_concierto_gratuito_va_streaming_de_tosca._24_noticias_18.06.pdf\">Reabre el ciclo Italia XXI con un concierto gratuito v\u00eda streaming de ToscaTosca<\/a>. 24noticias, 18.06<\/h5>\n<p><a href=\"https:\/\/www.infobae.com\/cultura\/2020\/06\/18\/reabre-el-ciclo-italia-xxi-con-un-concierto-gratuito-via-streaming-de-tosca\/\">Reabre el ciclo ITALIAXXI con un concierto gratuito via streaming de Tosca<\/a>. Infobae, 18\/06<\/p>\n<h5><a href=\"https:\/\/iicbuenosaires.esteri.it\/wp-content\/uploads\/2023\/09\/proseguono_le_letture_novelle_per_un_anno_sicilia_18.06.pdf\">Proseguono le letture da Le novelle per un anno promosse dall&#8217;Istituto Italiano di Cultura di Buenos Aire<\/a>s. Rivista Sicilia, 18.06-20<\/h5>\n<p><a href=\"http:\/\/www.radionacional.com.ar\/gran-apertura-con-la-cantante-italiana-tosca-donati\/\">Gran apertura con la cantante italiana Tosca Donati.<\/a>\u00a0Radio Nacional, 17\/06\/20<\/p>\n<p><a href=\"https:\/\/www.fmradiocultura.com.ar\/tosca-via-streaming-en-el-teatro-coliseo-italia-xxi\/\">ITALIA XXI anuncia la reapertura de su ciclo con el concierto de la cantante italiana Tosca, v\u00eda streaming liveTosca, v\u00eda streaming live<\/a>. Radio Cultura, 14\/06\/20<\/p>\n<p><a href=\"http:\/\/quehacemosonline.com\/tosca\/\">Tosca<\/a>. Revista Qu\u00e9 hacemos, 14\/06\/20<\/p>\n<h5><a href=\"https:\/\/iicbuenosaires.esteri.it\/wp-content\/uploads\/2023\/09\/italia_y_argentina_se_unen_para_ofrecer_una_programacin_cultural_a_travs_de_los_canales_virtuales_tlam18.05.pdf\"><strong>\u00a0<\/strong>Italia y Argentina se unen para ofrecer una programaci\u00f3n cultural a trav\u00e9s de los canales virtuales<\/a>. Telam, 18\/05<\/h5>\n<p><a href=\"https:\/\/iicbuenosaires.esteri.it\/wp-content\/uploads\/2023\/09\/conexin_buenos_aires_italia._la_nacin_18.05.jpg\"><strong>Conexion Buenos Aires-Italia<\/strong><\/a>. La Naci\u00f3n, 18\/05<\/p>\n<p><a href=\"https:\/\/www.giornalediplomatico.it\/news_scheda_stampa.php?idnews=6555\"><strong>Argentina: ponte culturale tra Italia e Buenos Aires con concerto \u00abLe Stagioni del Mondo<\/strong>\u00bb<\/a>. Giornale diplomatico, 18\/05<\/p>\n<p><strong><a href=\"https:\/\/www.perfil.com\/noticias\/cultura\/vivaldi-y-piazzolla-el-primer-concierto-del-intercambio-cultural-con-italia.phtml\">Vivaldi y Piazzolla, el primer concierto del intercambio cultural con Italia<\/a><\/strong>. La Ciudad y el Instituto Italiano de Cultura firmaron un acuerdo para expandir lazos culturales. Este lunes 18 de mayo se podr\u00e1 ver \u00abEstaciones del Mundo\u00bb., Perfil, 18\/5\/20<\/p>\n<h5><strong><a href=\"https:\/\/diariohoy.net\/interes-general\/nueva-alianza-cultural-italoargentina-130696\">Nueva alianza cultural italoargentina<\/a>, Diario Hoy de La Plata, 18\/5\/20<\/strong><\/h5>\n<p><a href=\"https:\/\/iicbuenosaires.esteri.it\/wp-content\/uploads\/2023\/09\/un_festival_por_facebook._la_nacion.pdf\">Un Festival por Facebook es un puente cultural con Italia<\/a>. Diario La Naci\u00f3n, 17\/05\/20<\/p>\n<p><strong><a href=\"https:\/\/iicbuenosaires.esteri.it\/wp-content\/uploads\/2023\/09\/cs_ansa_24.4.pdf\">Coronavirus: la cultura italiana in Argentina non si ferma\u00a0Ampia offerta di libri, film e musica con #IstitutonlineAmpia offerta di libri, film e musica con #Istitutonline<\/a>,\u00a0<\/strong>Ansa 24.4.2020<\/p>\n<p><strong>\u00a0<a href=\"https:\/\/iicbuenosaires.esteri.it\/wp-content\/uploads\/2023\/09\/encuentro_protocolar_con_diplomticos_italianos_-_notitdf_-_noticias_de_ushuaia_tierra_del_fuego_argentina_21_feb.pdf\">Encuentro Protocolar con Diplom\u00e1ticos Italianos<\/a><\/strong>, NotiTDF, 24\/02\/2020<\/p>\n<p><a href=\"https:\/\/iicbuenosaires.esteri.it\/wp-content\/uploads\/2023\/09\/encuentro_protocolar_con_diplomticos_italianos___la_tercera_ciudad_21_feb.pdf\"><strong>Encuentro Protocolar con Diplom\u00e1ticos Italianos<\/strong><\/a>, La tercera ciudad, 22\/02\/2020<\/p>\n<p><a href=\"https:\/\/iicbuenosaires.esteri.it\/wp-content\/uploads\/2023\/09\/yoteavisushuaia.pdf\"><strong>Encuentro Protocolar con Diplom\u00e1ticos Italianos<\/strong><\/a>, Yo te avis\u00e9, 21\/02\/2020<\/p>\n<p><strong><a href=\"https:\/\/iicbuenosaires.esteri.it\/wp-content\/uploads\/2023\/09\/encuentro_protocolar_con_diplomticos_italianos__gobierno_de_tierra_del_fuego_20_feb.pdf\">Encuentro Protocolar con Diplom\u00e1tico Italianos<\/a><\/strong>, Comunicaci\u00f3n Oficial del Gobierno de Tierra del Fuego, 21\/02\/2020<\/p>\n<p><strong>Presencia de Italia en el FIBA<\/strong>: La obra\u00a0<em><strong>MDLSX<\/strong>\u00a0<\/em>con libro y direcci\u00f3n de Enrique Casagrande y Daniela Nicol\u00f3. Int\u00e9rprete: Silvia Calderoni.\u00a0<a href=\"https:\/\/www.lanacion.com.ar\/espectaculos\/teatro\/fiba-primeras-propuestas-nid2327260\">La Naci\u00f3n, 25\/01\/2020<\/a><\/p>\n<p><strong>Qu\u00e9, cu\u00e1ndo y d\u00f3nde disfrutar del fin de semana<\/strong>.\u00a0<a href=\"https:\/\/iicbuenosaires.esteri.it\/wp-content\/uploads\/2023\/09\/qu_cuando_y_dnde.jpg\">BAE, Sup. Tendencias, 24\/01\/2020 P\u00e1g. 5Sup. Tendencias, 24\/01\/2020 P\u00e1g. 5<\/a><\/p>\n<p><strong>Cinco imperdibles del FIBA<\/strong>.\u00a0<a href=\"https:\/\/iicbuenosaires.esteri.it\/wp-content\/uploads\/2023\/09\/5_imperdibles_del_fiba.jpg\">Clar\u00edn Spot, 23\/01\/2020.P\u00e1g. 50 Spot, 23\/01\/2020.P\u00e1g. 50<\/a><\/p>\n<p><strong>La Ciudad, el mejor escenario para el FIBA<\/strong>.\u00a0<a href=\"https:\/\/iicbuenosaires.esteri.it\/wp-content\/uploads\/2023\/09\/la_ciudad_el_mejor_escenario_para_el_fiba._clarn_23.01.pdf\">Clar\u00edn, Sup. Disfrutemos BA. 23\/01\/2020 P\u00e1g. 423\/01\/2020 P\u00e1g. 4<\/a><\/p>\n<p><strong>Cuando la ciudad se convierte en un escenario<\/strong>.\u00a0<a href=\"https:\/\/iicbuenosaires.esteri.it\/wp-content\/uploads\/2023\/09\/cuando_la_ciudad_se_convierte_en_escenario.pdf\">P\u00e1gina12. 22\/01\/2020. Pag. 30<\/a><\/p>\n<p><strong>\u00d1 Llega el FIBA 2020<\/strong>\u00a0M\u00e1s de 500 propuestas en el festival de artes esc\u00e9nicas.\u00a0<a href=\"https:\/\/iicbuenosaires.esteri.it\/wp-content\/uploads\/2023\/09\/fiba_clarn_18.01.2020.jpg\">Tapa de Clar\u00edn, 18\/01\/2020Clar\u00edn, 18\/01\/2020<\/a><\/p>\n<p><strong>La edici\u00f3n 2020 del FIBA pone la mirada en el g\u00e9nero y la diversidad de los cuerpos.<\/strong>\u00a0<a href=\"https:\/\/iicbuenosaires.esteri.it\/wp-content\/uploads\/2023\/09\/perfil_clarn_18.01.2020._pag.42.jpg\">HAY 530 OBRAS EN 115 SEDES PORTE\u00d1AS. Perfil, 18\/01\/2020. P\u00e1g. 42<\/a><\/p>\n<p><strong>DELBONO Y SU CORTE MILAGROSA<\/strong>.\u00a0<a href=\"https:\/\/iicbuenosaires.esteri.it\/wp-content\/uploads\/2023\/09\/del_bono_y_su_corte_milagrosa.pdf\">Revista \u00d1, 18\/01\/2020, pag. 6<\/a><\/p>\n<p>FESTIVAL INTERNACIONAL DE BUENOS AIRES.\u00a0<em><strong>Teatro para todes<\/strong><\/em>.<a href=\"https:\/\/iicbuenosaires.esteri.it\/wp-content\/uploads\/2023\/09\/revista_noticias_nota_completa.pdf\">Revista Noticias, 18\/01\/2020, p\u00e1g. 50<\/a><\/p>\n","protected":false},"excerpt":{"rendered":"Italia Design day 2020. Revista 9+10, 3\/11\/20 L&#8217;IDD a Buenos Aires: all&#8217;Istituto Italiano di Cultura l&#8217;incontro con MARVA GRIFFIN Live dall&#8217;Italia. Aise, 03\/11\/20 Un incontro con il fumettista Lorenzo Mattotti, 9colonne, 10\/10\/20 Compagnia Pippo Del Bono. Relazione 28\/09\/20 Vivacissimo a Buenos Aires: Pilar Pistarini. Aise 27\/09 Concerto fra gli ulivi. Corriere diplom\u00e1tico, 23\/09\/20 IIC Buenos [&hellip;]","protected":false},"author":1,"featured_media":0,"parent":12006,"menu_order":7,"comment_status":"closed","ping_status":"closed","template":"","meta":{"footnotes":""},"class_list":["post-13717","page","type-page","status-publish","hentry"],"_links":{"self":[{"href":"https:\/\/iicbuenosaires.esteri.it\/es\/wp-json\/wp\/v2\/pages\/13717","targetHints":{"allow":["GET"]}}],"collection":[{"href":"https:\/\/iicbuenosaires.esteri.it\/es\/wp-json\/wp\/v2\/pages"}],"about":[{"href":"https:\/\/iicbuenosaires.esteri.it\/es\/wp-json\/wp\/v2\/types\/page"}],"author":[{"embeddable":true,"href":"https:\/\/iicbuenosaires.esteri.it\/es\/wp-json\/wp\/v2\/users\/1"}],"replies":[{"embeddable":true,"href":"https:\/\/iicbuenosaires.esteri.it\/es\/wp-json\/wp\/v2\/comments?post=13717"}],"version-history":[{"count":1,"href":"https:\/\/iicbuenosaires.esteri.it\/es\/wp-json\/wp\/v2\/pages\/13717\/revisions"}],"predecessor-version":[{"id":13719,"href":"https:\/\/iicbuenosaires.esteri.it\/es\/wp-json\/wp\/v2\/pages\/13717\/revisions\/13719"}],"up":[{"embeddable":true,"href":"https:\/\/iicbuenosaires.esteri.it\/es\/wp-json\/wp\/v2\/pages\/12006"}],"wp:attachment":[{"href":"https:\/\/iicbuenosaires.esteri.it\/es\/wp-json\/wp\/v2\/media?parent=13717"}],"curies":[{"name":"wp","href":"https:\/\/api.w.org\/{rel}","templated":true}]}}