{"id":13722,"date":"2023-09-08T11:17:53","date_gmt":"2023-09-08T09:17:53","guid":{"rendered":"https:\/\/iicbuenosaires.esteri.it\/news\/rassegna-stampa\/rassegna-stampa-2019-articulos-periodisticos-2019\/"},"modified":"2026-02-04T19:14:17","modified_gmt":"2026-02-04T18:14:17","slug":"rassegna-stampa-2019-articulos-periodisticos-2019","status":"publish","type":"page","link":"https:\/\/iicbuenosaires.esteri.it\/es\/news\/rassegna-stampa\/rassegna-stampa-2019-articulos-periodisticos-2019\/","title":{"rendered":"Rassegna stampa 2019\/ Art\u00edculos period\u00edsticos 2019"},"content":{"rendered":"<p><a href=\"https:\/\/iicbuenosaires.esteri.it\/wp-content\/uploads\/2023\/09\/con_lartista_natino_chirico_fellini__da_esportazione__mostra-performance_in_argentina_leggo_31_ott_19.pdf\">Con l&#8217;artista Natino Chirico, Fellini \u00e8 da esportazione<\/a>. Mostra-performance in Argentina. LEGGO 31\/10\/19<\/p>\n<p><a href=\"https:\/\/iicbuenosaires.esteri.it\/wp-content\/uploads\/2023\/09\/con_lartista_natino_chirico_fellini__da_esportazione__mostra-performance_in_argentina_leggo_31_ott_19-1.pdf\">Natino Chirico homenajear\u00e1 a la obra de Federico Fellini en tres etapas<\/a>. La vereda, 30\/10<\/p>\n<p><a href=\"https:\/\/iicbuenosaires.esteri.it\/wp-content\/uploads\/2023\/09\/comienza_la_17_bienal_de_arquitectura_en_la_usina_del_arte_-_tlam_-_agencia_nacional_de_noticias.pdf\">Comienza la 17\u00aa Bienal de Arquitectura en la Usina del Arte<\/a>\u00a0&#8211; T\u00e9lam &#8211; Agencia Nacional de Noticias, 15\/10<\/p>\n<p><a href=\"https:\/\/iicbuenosaires.esteri.it\/wp-content\/uploads\/2023\/09\/pirandello_llevado_a_los_extremos_revista__12_oct_color.pdf\">Pirandello llevado a los extremos<\/a>. Revista \u00d1, 12 oct<\/p>\n<p><a href=\"https:\/\/iicbuenosaires.esteri.it\/wp-content\/uploads\/2023\/09\/los_mejores_arquitectos_del_mundo_reunidos_en_buenos_aires__todo_lo_que_hay_que_saber_-_infobae_7_oct_219.pdf\">Los mejores arquitectos del mundo reunidos en Buenos Aires_ todo lo que hay que saber\u00a0<\/a>&#8211; Infobae 7 oct 2019<\/p>\n<p><a href=\"https:\/\/iicbuenosaires.esteri.it\/wp-content\/uploads\/2023\/09\/mario_cucinella_italia_-_la_bienal_arquitectura.pdf\">Mario Cucinella, La Bienal de Arquitectura<\/a><\/p>\n<p><a href=\"https:\/\/iicbuenosaires.esteri.it\/wp-content\/uploads\/2023\/09\/la_bienal_de_arquitectura_de_buenos_aires_se_realizar_del_15_al_26_de_octubre_en_la_usina_del_arte___diario_de_cultura_7_oct.pdf\">La Bienal de Arquitectura de Buenos Aires se realizar\u00e1 del 15 al 26 de octubre en la Usina del Arte<\/a>\u00a0_ Diario de Cultura 7 oct<\/p>\n<p><a href=\"https:\/\/iicbuenosaires.esteri.it\/wp-content\/uploads\/2023\/09\/llega_la_xvii_bienal_internacional_de_arquitectura___impulso_6_oct.pdf\">Llega la XVII Bienal Internacional de ArquitecturaLlega la XVII Bienal Internacional de Arquitectura<\/a>\u00a0_ IMPULSO 6 oct<\/p>\n<p><a href=\"https:\/\/iicbuenosaires.esteri.it\/wp-content\/uploads\/2023\/09\/ya_se_pueden_comprar_las_entradas_para_la_bienal_de_arquitectura_de_buenos_aires___noticias___cad2_6_oct.pdf\">Ya se pueden comprar las entradas para la Bienal de arquitectura<\/a>. Noticias, 6\/10<\/p>\n<p><a href=\"https:\/\/iicbuenosaires.esteri.it\/wp-content\/uploads\/2023\/09\/03102019_llega_kaos_pirandello-_teatro_san_martin._la_tacita.pdf\">Llega KAOS PIRANDELLO al Teatro San Mart\u00edn<\/a>. La tacita, 3\/10<\/p>\n<p><a href=\"https:\/\/iicbuenosaires.esteri.it\/wp-content\/uploads\/2023\/09\/mario_cucinella_2019_-_clarn.pdf\">Mario Cucinella en la Bienal Sur<\/a>. Clar\u00edn 2\/10<\/p>\n<p><a href=\"https:\/\/iicbuenosaires.esteri.it\/wp-content\/uploads\/2023\/09\/2019_octubre_-_clarn_a_quien_le_importa_la_arquitectura_mario_cucinella.pdf\">Bienal de Buenos Aires. \u00bfA qui\u00e9n le importa la arquitectura?<\/a>. Clar\u00edn 2\/10<\/p>\n<p><a href=\"https:\/\/iicbuenosaires.esteri.it\/wp-content\/uploads\/2023\/09\/helena_janeczek_y_la_chica_de_la_leica_ambito_1_oct.pdf\">Helena Janeczek y \u00abLa chica de la Leica\u00bb<\/a>. Ambito Financiero 1\/10\/19<\/p>\n<p><a href=\"https:\/\/www.lacapital.com.ar\/escenario\/un-homenaje-domenico-modugno-aire-poetico-n2531393.html\">Un homenaje a Dom\u00e9nico Modugno con aire po\u00e9tico. Gianfranco Berardi a Rosario<\/a>. La capital, Rosario 29\/9\/19<\/p>\n<p><a href=\"https:\/\/iicbuenosaires.esteri.it\/wp-content\/uploads\/2023\/09\/mirada_feminista_sobre_gerda_taro___entrevista_a_he_pagina12_26_sep.pdf\">Mirada feminista sobre Gerda Taro<\/a>. Pagina 12, 26\/9\/19<\/p>\n<p><a href=\"https:\/\/iicbuenosaires.esteri.it\/iic_buenosaires\/Compa%C3%B1%C3%ADa%20italiana%20trae%20%E2%80%9CYo%20trato%20de%20volar%E2%80%9D,%20una%20obra%20sobre%20el%20sue%C3%B1o%20de%20libertad%20%E2%80%93%20Diario%20El%20Ciudadano\">Compa\u00f1\u00eda italiana trae \u201cYo trato de volar\u201d, una obra sobre el sue\u00f1o de libertad<\/a>\u00a0\u2013 Diario El Ciudadano, Rosario 24\/09\/19<\/p>\n<p><a href=\"https:\/\/www.lanacion.com.ar\/espectaculos\/teatro\/le-sorelle-macaluso-conmovedora-propuesta-italiana-en-el-san-martin-nid2280140\">Le Sorelle Macaluso: conmovedora propuesta italiana en el San Mart\u00edn\u00a0<\/a>La Naci\u00f3n 23\/08\/19<\/p>\n<p><a href=\"https:\/\/www.clarin.com\/espectaculos\/teatro\/-sorelle-macaluso-obra-muestra-lado-monstruoso-familia_0_yAg1hdCXz.html\">\u201cLe sorelle Macaluso\u201d: la obra que muestra el lado m\u00e1s monstruoso de una familial<\/a>\u00a0Clarin, 22\/8\/2019<\/p>\n<p><a href=\"https:\/\/www.infobae.com\/cultura\/2019\/08\/22\/emma-dante-es-un-espectaculo-que-denuncia-la-condicion-de-la-mujer-sumisa-que-durante-siglos-ha-sido-segregada-en-roles-marginales\/\">Emma Dante y una obra que explora la familia y la exclusi\u00f3n a trav\u00e9s de la poes\u00eda, la tensi\u00f3n y la locura<\/a>, Infobae, 22\/08\/2019<\/p>\n<p><a href=\"https:\/\/mgradio.com.ar\/la-italiana-emma-dante-estrena-su-le-sorelle-macaluso-en-el-san-martin\/\">La italiana Emma Dante estrena su Le Sorelle Macaluso en el San Mart\u00edn<\/a>\u00a0Mg Radio, 22\/08\/2019<\/p>\n<p><a href=\"https:\/\/www.clarin.com\/teatro\/emma-dante-norma-aleandro-italiana-escarba-morboso-lazos-familiares_0_zSLoiOw5Q.html\">Emma Dante: \u00abLa Norma Aleandro italiana\u00bb que escarba en lo m\u00e1s morboso de los lazos familiares. 20\/08\/2019 Clarin.com<\/a><\/p>\n<p><a href=\"https:\/\/iicbuenosaires.esteri.it\/wp-content\/uploads\/2023\/09\/rassegna_stampa_image_2019-08-15_at_10.36.00.jpeg\">Emma Dante &#8211; Italia in scena DistrutemosBA, 15\/08\/2019<\/a><\/p>\n<p><a href=\"https:\/\/www.facebook.com\/UADEinternacional\/photos\/pcb.3067986276551143\/3067983023218135\/?type=3&amp;theater\">Racconti (IN)Visibili. Presentaci\u00f3n de muestra art\u00edsitca en el Espacio UADE<\/a><\/p>\n<p><a href=\"https:\/\/www.perfil.com\/noticias\/cultura\/una-mirada-del-arte-italiano-actual.phtml\">Una-mirada-del-arte-italiano-actual.phtml<\/a>\u00a0 Perfil, 10\/08\/2019<\/p>\n<p><a href=\"https:\/\/iicbuenosaires.esteri.it\/wp-content\/uploads\/2023\/09\/pianista_italiano_present_en_paran_un_homenaje_a_vctor_de_sabata_alessandro_marangoni___el_heraldo_-_3_agosto.pdf\">Alessandro Marangoni, pianista italiano present\u00f3 en Paran\u00e1 un homenaje a V\u00edctor de Sabata<\/a>.\u00a0\u00a0El Heraldo de Concordia, 3\/08\/2019<\/p>\n<p><a href=\"http:\/\/noticias.entrerios.gov.ar\/notas\/pianista-italiano-present-en-paran-un-homenaje-a-vctor-de-sabata.htm\">Alessandro Marangoni presente -en-paran-un-homenaje-a-vctor-de-sabata.htm\u00a0<\/a>\u00a0 2\/08\/2019<\/p>\n<p><a href=\"https:\/\/www.cultura.gob.ar\/al-cinema_7813\/?fbclid=IwAR03bt6WV5wp8PpzCWp4_6fHdTD8eT1KHrWN6Qmskd3_MLdXTLGreqb6pQI\">Una ventana sobre el nuevo cine italiano en el Museo Nacional de Bellas Artes\u00a0<\/a>Cultura.gob.ar<\/p>\n<p><a href=\"https:\/\/iicbuenosaires.esteri.it\/wp-content\/uploads\/2023\/09\/michelangelo_pistoletto___estamos_en_un_mundo_que_pide_a_gritos_ser_transformado__-_la_nacion.pdf\">Michelangelo Pistoletto regresa a Buenos Aires en el marco de la Bienal Sur.<\/a>\u00a0La Nacion, 21\/6<\/p>\n<p><a href=\"https:\/\/www.pagina12.com.ar\/198313-la-cinematografia-que-nunca-envejece\">La cinematografia que nunca envejece<\/a>\u00a0\u00a0 Pagina\/12, 05\/06\/2019<\/p>\n<p><a href=\"https:\/\/www.youtube.com\/watch?v=e5PIjzWcZz4\">https:\/\/www.youtube.com\/watch?v=e5PIjzWcZz4 \u00a0\u00a0<strong>\u00a06\u00aa Semana del Cine Italiano<\/strong><\/a><\/p>\n<p><a href=\"https:\/\/iicbuenosaires.esteri.it\/wp-content\/uploads\/2023\/09\/noticias___el_arte_de_italia_en_buenos_aires_29_mayo.pdf\">El arte de Italia en Buenos Aires.<\/a>\u00a0Revista Noticias, 29\/05\/19<\/p>\n<p><a href=\"https:\/\/iicbuenosaires.esteri.it\/wp-content\/uploads\/2023\/09\/buenos_aires_in_scena_lopera_dei_pupi_siciliani_farnesina_28.05.pdf\">Buenos Aires In scena l&#8217;opera dei Pupi siciliani.<\/a>\u00a0La Farnesina 28\/5<\/p>\n<p><a href=\"https:\/\/iicbuenosaires.esteri.it\/wp-content\/uploads\/2023\/09\/martinwullich.com-occident_express_lobo_del_hombre_18giugno19.pdf\">OCCIDENT EXPRESS lobo del hombre martinwullich.com-18maggio19<\/a><\/p>\n<p><a href=\"https:\/\/iicbuenosaires.esteri.it\/wp-content\/uploads\/2023\/09\/lazos_entre_dos_culturas___comienza_italia_in_scena_pagina_12_17_mayo.pdf\">Lazos entre dos culturas. Comienza Italia in scena en las salas del CTBA<\/a>\u00a0P\u00e1gina12, 17\/05\/19<\/p>\n<p><a href=\"https:\/\/iicbuenosaires.esteri.it\/wp-content\/uploads\/2023\/09\/ottavia_piccolo_una_estrella_de_los_70_en_el_sm_ambito_financiero_del_17_mayo.jpg\">Ottavia Piccolo: una estrella de los 70 en el San Mart\u00edn<\/a>. Ambito Financiero del 17 mayo<\/p>\n<p><a href=\"https:\/\/iicbuenosaires.esteri.it\/wp-content\/uploads\/2023\/09\/presentaron_la_temporada_internacional_italia_in_scena_en_el_teatro_san_martn___diario_de_cultura.pdf\">Presentaron la temporada internacional Italia in Scena en el Teatro San Mart\u00edn<\/a>. Diariodecultura, 17\/05\/19<\/p>\n<p><a href=\"https:\/\/iicbuenosaires.esteri.it\/wp-content\/uploads\/2023\/09\/occident_express_en_la_temporada_internacional_del_complejo_teatral.pdf\">Occident express, en la temporada internacional del Complejo Teatral del 17 al 19 de mayo<\/a>. buenosaires.gob.ar, 17\/05\/19<\/p>\n<p><a href=\"https:\/\/iicbuenosaires.esteri.it\/wp-content\/uploads\/2023\/09\/italia_in_scena_acerca_artes_italianas_al_complejo_teatral_de_buenos_aires___noticias_de.pdf\">Italia in scena acerca artes italianas al Complejo Teatral de Buenos Aires<\/a>, Agencia T\u00e9lam, 16\/05\/19<\/p>\n<p><a href=\"https:\/\/iicbuenosaires.esteri.it\/wp-content\/uploads\/2023\/09\/a_teln_abierto__temporada_internacional_en_el_teatro_san_martn_-_la_nacion.pdf\">A tel\u00f3n abierto: ITALIA IN SCENA temporada internacional en el Teatro San Mart\u00edn<\/a>\u00a0&#8211; LA NACION, 15\/5<\/p>\n<p><a href=\"https:\/\/iicbuenosaires.esteri.it\/wp-content\/uploads\/2023\/09\/el_ctba_presenta_italia_in_scena_comienzo_de_su_ciclo_internacional_lavereda_09.05.pdf\">El CTBA presenta \u201cItalia in scena\u201d, comienzo de su Temporada Internacional.<\/a>\u00a0LaVereda. 09\/05\/2019<\/p>\n<p><a href=\"https:\/\/iicbuenosaires.esteri.it\/wp-content\/uploads\/2023\/09\/temporada_internacional_ctba_presenta_italia_in_scena__notinac_9_mayo.pdf\">Temporada Internacional CTBA presenta Italia in scena<\/a>. NotiNac 09\/05\/19<\/p>\n<p><a href=\"https:\/\/iicbuenosaires.esteri.it\/wp-content\/uploads\/2023\/09\/argentina_il_paesaggio_di_porcellana_di_diego_cibelli_a_buenos_aires_-_ildenaro.pdf\">Argentina, il paesaggio di porcellana di Diego Cibelli a Buenos Aires<\/a>, 4 maggio,\u00a0<a href=\"https:\/\/www.ildenaro.it\/\">https:\/\/www.ildenaro.it<\/a><\/p>\n<p><a href=\"https:\/\/iicbuenosaires.esteri.it\/wp-content\/uploads\/2023\/09\/da_vinci-_clarn_2_mayo.pdf\">Da Vinci, el genio que tendi\u00f3 un puente desde el Renacimiento hacia el futuro<\/a>. Clar\u00edn 1\/5<\/p>\n<p><a href=\"https:\/\/iicbuenosaires.esteri.it\/iic_buenosaires\/resource\/doc\/2019\/04\/19-04-12_reporte_de_prensa_-_iic_-_sanremo_giovani.pdf\">Clipping prensa sobre el concierto del Sanremo Giovani World Tour en Buenos Aires (9\/04\/2019)<\/a><\/p>\n<p><a href=\"https:\/\/iicbuenosaires.esteri.it\/wp-content\/uploads\/2023\/09\/stampa_rosario_sellerio_.pdf\">Olivia Sellerio debuta en Rosario. La Capital, 01\/04\/19<\/a><\/p>\n<p><a href=\"https:\/\/iicbuenosaires.esteri.it\/iic_buenosaires\/resource\/doc\/2019\/04\/19-04-12_reporte_de_prensa_-_iic_-_olivia_sellerio.pdf\">Reporte de prensa sobre el concierto de Olivia Sellerio (apertura ciclo Vivacissimo 2019)<\/a><\/p>\n<p><a href=\"http:\/\/www.rai.it\/dl\/RaiTV\/programmi\/media\/ContentItem-57da0a4c-a549-4c23-98e5-ececc23ff56c.html#p=0\">Servicio de la RAI acerca de la muestra de la Afrodita de Capua en el Museo de Bellas Artes<\/a><\/p>\n<p><a href=\"https:\/\/iicbuenosaires.esteri.it\/wp-content\/uploads\/2023\/09\/despedida_de_la_afrodit._la_nacion_27_feb.pdf\">Despedida en Bellas Artes para la monumental Afrodita, que ma\u00f1ana vuelve a N\u00e1poles<\/a>. La Naci\u00f3n 27\/2<\/p>\n<p><a href=\"https:\/\/iicbuenosaires.esteri.it\/wp-content\/uploads\/2023\/09\/el_mensaje_de_afrodira_por_pablo_sirven_la_nacion_2_enero.pdf\">El mensaje de Afrodita &#8211; El mensaje de Afrodita &#8211;\u00a0<\/a>LA NACION, Pablo Sirv\u00e9n, 2\/1\/19<\/p>\n<p><a href=\"https:\/\/iicbuenosaires.esteri.it\/wp-content\/uploads\/2023\/09\/la_diosa_de_la_belleza_y_el_amor_regresa_a_su_olimpo_napolitano_-_la_nacion.pdf\">La diosa de la belleza y el amor regresa a su Olimpo napolitano<\/a>\u00a0&#8211; LA NACION, 28\/02<\/p>\n<p><a href=\"https:\/\/iicbuenosaires.esteri.it\/wp-content\/uploads\/2023\/09\/italian_productions_make_their_mark_at_fiba___buenos_aires_times.pdf\">Italian productions make their mark at FIBA\u00a0<\/a>| Buenos Aires Times, 5 febrero<\/p>\n<p><a href=\"https:\/\/iicbuenosaires.esteri.it\/iic_buenosaires\/resource\/doc\/2019\/03\/las_brujas_de_macbeth_las_estrellas_-_la_nacion.pdf\">Las maravillosas brujas de Macbettu<\/a>. La naci\u00f3n, 31\/01\/2019.<\/p>\n<p><a href=\"https:\/\/iicbuenosaires.esteri.it\/iic_buenosaires\/resource\/doc\/2019\/03\/gorlero.pdf\">Lleg\u00f3 el Macbeth de los italianos al FIBA<\/a>. La Naci\u00f3n, 31\/1\/19. Nota firmada por Pablo Gorlero.<\/p>\n<p><a href=\"https:\/\/iicbuenosaires.esteri.it\/wp-content\/uploads\/2023\/09\/30012019pagina12_shakspeare_en_sardo.pdf\">Shakespeare en sardo<\/a>. Pagina 12, 30\/01<\/p>\n<p><a href=\"https:\/\/iicbuenosaires.esteri.it\/wp-content\/uploads\/2023\/09\/29012019clarinmoverse_al_ritmo_de_pina.pdf\">Cristina Morganti en el FIBA. Moverse al ritmo de Pina Bausch.<\/a>\u00a0Clar\u00edn 29\/01\/19<\/p>\n<p><a href=\"https:\/\/iicbuenosaires.esteri.it\/wp-content\/uploads\/2023\/09\/27012019perfil_fiba_lo_mejor_de_un_festival_imperdible.pdf\">FIBA lo mejor de un festival imperdible<\/a>. Diario Perfil, 29\/01\/19<\/p>\n<p><a href=\"https:\/\/iicbuenosaires.esteri.it\/wp-content\/uploads\/2023\/09\/para_revisitar_el_legado_de_pina_bausch_-_la_nacion.pdf\"><em>Para revisitar el legado de Pina Bausch<\/em><\/a>\u00a0(FIBA: Festival Internacional de teatro y danza)- LA NACION Espect\u00e1culos, 29\/1\/19<\/p>\n<p><a href=\"https:\/\/iicbuenosaires.esteri.it\/wp-content\/uploads\/2023\/09\/20012019lanacionparadojas_y_rarezas_del_festival_internacional.pdf\">Paradojas y rarezas del Festival Internacional.<\/a>\u00a0La Naci\u00f3n, 20\/01\/19<\/p>\n","protected":false},"excerpt":{"rendered":"Con l&#8217;artista Natino Chirico, Fellini \u00e8 da esportazione. Mostra-performance in Argentina. LEGGO 31\/10\/19 Natino Chirico homenajear\u00e1 a la obra de Federico Fellini en tres etapas. La vereda, 30\/10 Comienza la 17\u00aa Bienal de Arquitectura en la Usina del Arte\u00a0&#8211; T\u00e9lam &#8211; Agencia Nacional de Noticias, 15\/10 Pirandello llevado a los extremos. Revista \u00d1, 12 oct [&hellip;]","protected":false},"author":1,"featured_media":0,"parent":12006,"menu_order":8,"comment_status":"closed","ping_status":"closed","template":"","meta":{"footnotes":""},"class_list":["post-13722","page","type-page","status-publish","hentry"],"_links":{"self":[{"href":"https:\/\/iicbuenosaires.esteri.it\/es\/wp-json\/wp\/v2\/pages\/13722","targetHints":{"allow":["GET"]}}],"collection":[{"href":"https:\/\/iicbuenosaires.esteri.it\/es\/wp-json\/wp\/v2\/pages"}],"about":[{"href":"https:\/\/iicbuenosaires.esteri.it\/es\/wp-json\/wp\/v2\/types\/page"}],"author":[{"embeddable":true,"href":"https:\/\/iicbuenosaires.esteri.it\/es\/wp-json\/wp\/v2\/users\/1"}],"replies":[{"embeddable":true,"href":"https:\/\/iicbuenosaires.esteri.it\/es\/wp-json\/wp\/v2\/comments?post=13722"}],"version-history":[{"count":1,"href":"https:\/\/iicbuenosaires.esteri.it\/es\/wp-json\/wp\/v2\/pages\/13722\/revisions"}],"predecessor-version":[{"id":13725,"href":"https:\/\/iicbuenosaires.esteri.it\/es\/wp-json\/wp\/v2\/pages\/13722\/revisions\/13725"}],"up":[{"embeddable":true,"href":"https:\/\/iicbuenosaires.esteri.it\/es\/wp-json\/wp\/v2\/pages\/12006"}],"wp:attachment":[{"href":"https:\/\/iicbuenosaires.esteri.it\/es\/wp-json\/wp\/v2\/media?parent=13722"}],"curies":[{"name":"wp","href":"https:\/\/api.w.org\/{rel}","templated":true}]}}