{"id":13728,"date":"2023-09-08T11:53:08","date_gmt":"2023-09-08T09:53:08","guid":{"rendered":"https:\/\/iicbuenosaires.esteri.it\/news\/rassegna-stampa\/rassegna-stampa-2021-articulos-periodisticos-2021\/"},"modified":"2025-01-08T17:36:24","modified_gmt":"2025-01-08T16:36:24","slug":"rassegna-stampa-2021-articulos-periodisticos-2021","status":"publish","type":"page","link":"https:\/\/iicbuenosaires.esteri.it\/es\/news\/rassegna-stampa\/rassegna-stampa-2021-articulos-periodisticos-2021\/","title":{"rendered":"Rassegna stampa 2021\/ Art\u00edculos period\u00edsticos 2021"},"content":{"rendered":"<p><a href=\"https:\/\/iicbuenosaires.esteri.it\/wp-content\/uploads\/2023\/09\/dante-x-alonso-una-exposicion-infernal-en-el-bellas-artes_-_itbuenosaires.pdf\">Dante x Alonso: una exposici\u00f3n infernal en el Bellas Artes<\/a>, itBuenosAires, 30\/12\/2021<\/p>\n<p><a href=\"https:\/\/www.youtube.com\/watch?v=pjx_6GfKc4E&amp;feature=youtu.be\">Pardini, E. (Productora). 2020-2021. Celebraci\u00f3n de las musas. METRO.<\/a>\u00a021\/12\/2021<\/p>\n<p><a href=\"https:\/\/iicbuenosaires.esteri.it\/wp-content\/uploads\/2023\/09\/interpretaciones_del_infierno_por_partida_doble_pgina12.pdf\">Interpretaciones del infierno por partida doble &#8211; Dante Alighieri por Carlos Alonso en el MNBA, P\u00e1gina 12<\/a>, 14\/12\/2021<\/p>\n<p><a href=\"https:\/\/iicbuenosaires.esteri.it\/wp-content\/uploads\/2023\/09\/farnesina_digital_art_experience_a_buenos_aires_-_italiana_-_lingua_cultura_creativit_nel_mondo.pdf\">Farnesina Digital Art Experience a Buenos Aires &#8211; Italiana &#8211; Lingua cultura creativit\u00e0 nel mondo<\/a>, 09\/12\/2021<\/p>\n<p><a href=\"https:\/\/iicbuenosaires.esteri.it\/wp-content\/uploads\/2023\/09\/dante__argentina_mostra_di_alonso_chiude_celebrazioni_2021_-_news_dalle_ambasciate_-_ansa.pdf\">Dante Argentina, mostra di Alonso chiude celebrazioni 2021 &#8211; News dalle Ambasciate &#8211; ANSA<\/a>, 04\/12\/2021<\/p>\n<p><a href=\"https:\/\/iicbuenosaires.esteri.it\/wp-content\/uploads\/2023\/09\/el_workcenter_de_jerzy_grotowski_y_thomas_richards_en_la_una_-_nodal.pdf\">El Workcenter de Jerry Grotowski y Thomas Richards en la UNA, Nodal,<\/a>\u00a003\/12\/2021<\/p>\n<p><a href=\"https:\/\/iicbuenosaires.esteri.it\/iic_buenosaires\/resource\/doc\/2021\/12\/dante_x_alonso_infobae._3_dic.pdf\">\u201cDante x Alonso\u201d. La mirada del gran pintor argentino sobre el genial autor italiano, en el Bellas Artes<\/a>\u00a0&#8211; Infobae. 3 dic<\/p>\n<p><a href=\"https:\/\/iicbuenosaires.esteri.it\/wp-content\/uploads\/2023\/09\/el_workcenter_de_jerzy_grotowski_y_thomas_richards_en_la_una_-_nodal.pdf\">L&#8217;Italia con Voi 2021-22 &#8211; Puntata del 01\/12\/2021 &#8211; Video &#8211; RaiPlay<\/a><\/p>\n<p><a href=\"https:\/\/documentcloud.adobe.com\/link\/review?uri=urn:aaid:scds:US:ff8df985-d3dd-439a-9815-7c5d832123d6\">A disfrutar! Comenz\u00f3 en Argentina\u00a0la semana de la cocina italianala semana de la cocina italiana<\/a>, El Agora, 25\/11\/21<\/p>\n<p><a href=\"https:\/\/documentcloud.adobe.com\/link\/review?uri=urn:aaid:scds:US:b966aaff-996e-4237-b728-092949f985d8\">A Buenos Aires la cucina stellata del friulano Andrea Berton<\/a>, ANSA, 25\/11\/21<\/p>\n<p><a href=\"https:\/\/documentcloud.adobe.com\/link\/review?uri=urn:aaid:scds:US:577f2213-d9ea-4867-930e-da2daa3249c2\">Andrea Berton, the Italian chef who reverts traditional dishes and bets on a more<\/a><br \/>\n<a href=\"https:\/\/documentcloud.adobe.com\/link\/review?uri=urn:aaid:scds:US:577f2213-d9ea-4867-930e-da2daa3249c2\">accessible cuisine<\/a>, Newswep, 24\/11\/21<\/p>\n<p><a href=\"https:\/\/iicbuenosaires.esteri.it\/wp-content\/uploads\/2023\/09\/la_sala_est_a_oscuras_y_los_cuadros_emiten_luz__las_vrgenes_renacentistas_de_rafael_se_exhiben_en_una_muestra_interactiva_y__high-tech_clarin23ott.pdf\">La sala est\u00e1 a oscuras y los cuadros emiten luz:\u00a0las V\u00edrgenes renacentistas de Rafael se exhiben\u00a0en una muestra interactiva y \u201chigh-tech\u201d<\/a>. Clar\u00edn 23\/10\/21<\/p>\n<p><a href=\"https:\/\/documentcloud.adobe.com\/link\/review?uri=urn:aaid:scds:US:96e555f5-b26b-439f-a563-1bf193972299\">Clases y recetas por la semana de la cocina italiana<\/a>, Clar\u00edn, 23\/11\/2021<\/p>\n<p><a href=\"https:\/\/iicbuenosaires.esteri.it\/wp-content\/uploads\/2023\/09\/presentada_semana_cocina_italiana_en_buenos_aires_-_italia_-_ansa_latina_19_nov.pdf\">Presentada Semana Cocina Italiana en Buenos Aires &#8211; Italia &#8211; ANSA Latina,<\/a>\u00a019\/11\/2021<\/p>\n<p><a href=\"https:\/\/iicbuenosaires.esteri.it\/wp-content\/uploads\/2023\/09\/leonardo_kreimer_y_un_recorrido_sensorial_por_la_obra_de_dante_alighieri___el_director_y_dramaturgo_estrena__dante_conjetural__en_el_teatro_coliseo___pgina12-22ott.pdf\">Leonardo Kreimer y un recorrido sensorial por la obra de Dante Alighieri _ El director y dramaturgo estrena _Dante conjetural_ en el Teatro Coliseo _ P\u00e1gina12,<\/a>\u00a022\/10\/21<\/p>\n<p><a href=\"https:\/\/iicbuenosaires.esteri.it\/wp-content\/uploads\/2023\/09\/tecnpolis_2021__nuevas_muestras_rinden_homenaje_a_quino_mara_elena_walsh_y_el_arte_renacentista_de_rafael_-_la_nacion.pdf\">Tecn\u00f3polis 2021_ nuevas muestras rinden homenaje a Quino, Mar\u00eda Elena Walsh y el arte renacentista de Rafael &#8211; LA NACION<\/a>, 12\/10\/21<\/p>\n<p><a href=\"https:\/\/iicbuenosaires.esteri.it\/wp-content\/uploads\/2023\/09\/rafael_en_tecnpolis__cmo_es_la_muestra_que_recupera_el_espritu_del_genio_del_renacimiento_-_infobae12_oct.pdf\">Rafael en Tecn\u00f3polis_ c\u00f3mo es la muestra que recupera el esp\u00edritu del genio del Renacimiento &#8211; Infobae,<\/a>\u00a012\/10\/21<\/p>\n<p><a href=\"https:\/\/iicbuenosaires.esteri.it\/wp-content\/uploads\/2023\/09\/raffaello_y_sus_vrgenes__en_tecnpolis___una_muestra_que_acerca_al_gran_pintor_italiano___pgina12.12_oct.pdf\">\u00abRaffaello y sus v\u00edrgenes\u00bb, en Tecn\u00f3polis. Una muestra que acerca al gran pintor italiano<\/a>. P\u00e1gina12, 10\/10\/21<\/p>\n<p><a href=\"https:\/\/iicbuenosaires.esteri.it\/wp-content\/uploads\/2023\/09\/las_vrgenes_de_rafael_en_una_muestra_de_arte_en_tecnpolis___noticiero_diario_7oct.pdf\">Las v\u00edrgenes de Rafael en una muestra de arte en Tecn\u00f3polis<\/a>. NoticieroDiario, 7\/10\/21<\/p>\n<p><a href=\"https:\/\/iicbuenosaires.esteri.it\/wp-content\/uploads\/2023\/09\/las_vrgenes_de_rafael_abre_el_8_de_octubre__tecnpolis.pdf\">Las v\u00edrgenes de Rafael (abre el 8 de octubre)\u00a0<\/a>\u2013 Tecn\u00f3polis, 7\/10<\/p>\n<p><a href=\"https:\/\/iicbuenosaires.esteri.it\/wp-content\/uploads\/2023\/09\/las_vrgenes_de_rafael_en_una_muestra_de_arte_en_tecnpolis_-_tlam_-_agencia_nacional_de_noticias.pdf\">Las V\u00edrgenes de Rafael en una muestra de arte en Tecn\u00f3polis<\/a>. T\u00e9lam, 7\/10<\/p>\n<p><a href=\"https:\/\/iicbuenosaires.esteri.it\/wp-content\/uploads\/2023\/09\/las_vrgenes_de_rafael_llegan_a_tecnpolis_-_infoban-6oct.pdf\">Las v\u00edrgenes de Rafael llegan a Tecn\u00f3polis<\/a>\u00a0&#8211; InfoBAN-6oct<\/p>\n<p><a href=\"https:\/\/iicbuenosaires.esteri.it\/wp-content\/uploads\/2023\/09\/qued_inaugurada_en_tecnpolis_la_muestra_mutimedial_las_vrgenes_de_rafael._reflejos_del_cielo_sobre_la_tierra___ministerio_de_cultura.pdf\">Qued\u00f3 inaugurada en Tecn\u00f3polis la muestra mutimedial \u201cLas v\u00edrgenes de Rafael. Reflejos del cielo sobre la tierra<\/a>. Ministerio de Cultura, 6\/10\/21<\/p>\n<p><a href=\"https:\/\/iicbuenosaires.esteri.it\/wp-content\/uploads\/2023\/09\/ganadores_mafici_2021___mafici_30_sept.pdf\">Conoc\u00e9 todos los premiados de MAFICI<\/a>. MAFICI, 30\/9\/21<\/p>\n<p><a href=\"https:\/\/iicbuenosaires.esteri.it\/wp-content\/uploads\/2023\/09\/toda_la_programacin_del_8_mafici___escribiendocine-14_sept.pdf\">Toda la programaci\u00f3n del 8\u00b0 Festival MAFICI del 18 al 29 de septiembre.<\/a>\u00a0Escribiendo cine, 14\/9<\/p>\n<p><a href=\"https:\/\/iicbuenosaires.esteri.it\/wp-content\/uploads\/2023\/09\/el_8_festival_de_cine_de_puerto_madryn_mafici_propone_doce_das_de_actividades_del_sptimo_arte-diario_jornada_sept.pdf\">El 8\u00ba Festival de Cine de Puerto Madryn,\u00a0MAFICI, propone doce d\u00edas de actividades\u00a0del s\u00e9ptimo arte.MAFICI, propone doce d\u00edas de actividades\u00a0del s\u00e9ptimo arte.<\/a>\u00a0Diario Jornada, 14\/9\/21<\/p>\n<p><a href=\"https:\/\/iicbuenosaires.esteri.it\/wp-content\/uploads\/2023\/09\/8_festival_internacional_de_cine_de_puerto_madryn_mafici___leedor___14sep_2021.pdf\">8\u00ba Festival Internacional de Cine de Puerto Madryn<\/a>, MAFICI, Leedor, 14\/9\/2021<\/p>\n<p><a href=\"https:\/\/iicbuenosaires.esteri.it\/wp-content\/uploads\/2023\/09\/8_mafici_anuncia_su_programacion_y_competencias___mirador_nacional14sept.pdf\">MAFICI ANUNCIA SU PROGRAMACIO9N Y COMPETENCIAS<\/a>, Mirador Nacional, 14\/9\/21<\/p>\n<p><a href=\"https:\/\/iicbuenosaires.esteri.it\/wp-content\/uploads\/2023\/09\/mafici__8va._edicion_-_cine_en_puerto_madryn___parte_del_show14sept.pdf\">MAFICI 8va. EDICION &#8211; CINE EN PUERTO MADRYN<\/a>. Parte del show, 14\/9\/21<\/p>\n<p><a href=\"https:\/\/iicbuenosaires.esteri.it\/wp-content\/uploads\/2023\/09\/llega_una_nueva_edicin_de_mafici_octavo_festival_internacional_de_cine_de_puerto_madryn___escribiendocine10sept.pdf\">Llega una nueva edici\u00f3n de MAFICI, octavo Festival\u00a0Internacional de Cine de Puerto MadrynInternacional de Cine de Puerto Madryn<\/a>. Escribiendo cibe 10\/9<\/p>\n<p><a href=\"https:\/\/iicbuenosaires.esteri.it\/wp-content\/uploads\/2023\/09\/riflettori_su_listituto_italiano_di_cultura_di_buenos_aires-_italiana.pdf\">Riflettori su: Istituto Italiano di Cultura di Buenos Aires, ITALIANA,\u00a0<\/a>07\/09\/2021<\/p>\n<p><a href=\"https:\/\/iicbuenosaires.esteri.it\/wp-content\/uploads\/2023\/09\/cablera_tlam_mafici.pdf\">Llega el Festival\u00a0Internacional de\u00a0Cine de Puerto\u00a0Madryn en\u00a0formato online y\u00a0presencialInternacional de\u00a0Cine de Puerto\u00a0Madryn en\u00a0formato online y\u00a0presencial<\/a>. Cablera T\u00e9lam 7\/9\/21<\/p>\n<p><a href=\"https:\/\/iicbuenosaires.esteri.it\/wp-content\/uploads\/2023\/09\/vivacissimo_pianoforte_italiano_-_italiana_-_lingua_cultura_creativit_nel_mondo_25agosto21.pdf\">#Vivacissimo Pianoforte Italiano &#8211; Italiana &#8211; Lingua, cultura, creativit\u00e0 nel mondo<\/a>, 25\/8\/2021<\/p>\n<p><a href=\"https:\/\/iicbuenosaires.esteri.it\/wp-content\/uploads\/2023\/09\/buenos_aires_prosegue_la_rassegna_sul_cinema_italiano_maeci._16.08.pdf\">Buenos Aires, prosegue la rassegna sul cinema italiano_WEB_MAECI<\/a>. 16\/08\/21<\/p>\n<p><a href=\"https:\/\/iicbuenosaires.esteri.it\/wp-content\/uploads\/2023\/09\/los_tenores_caruso_corelli_y_di_stefano_en_la_muestra_virtual_mitos_del_canto_italiano_-_diario_el_popular_4.8.21.pdf\">Los tenores Caruso, Corelli y Di Stefano en la muestra virtual. Mitos del canto italiano<\/a>\u00a0&#8211; Diario El Popular 4\/8\/21<\/p>\n<p><a href=\"https:\/\/iicbuenosaires.esteri.it\/wp-content\/uploads\/2023\/09\/caruso_corelli_y_distefano__tres_mitos_del_canto_italiano_en_una_muestra_virtual_desde_la_scala_de_milan._clarn_2.8.21.pdf\">Caruso, Corelli y DiStefano_ tres mitos del canto italiano en una muestra virtual desde La Scala de Milan<\/a>. Clar\u00edn_2\/8\/21<\/p>\n<p><a href=\"https:\/\/iicbuenosaires.esteri.it\/wp-content\/uploads\/2023\/09\/muestra_virtual_sobre_mitos_del_canto_italiano_rene_a_caruso_corelli_y_distefano._telam2agosto.pdf\">Muestra virtual sobre mitos del canto italiano re\u00fane a Caruso Corelli y Distefano<\/a>. Telam, 2\/8\/21<\/p>\n<p><a href=\"https:\/\/iicbuenosaires.esteri.it\/wp-content\/uploads\/2023\/09\/cien_aos_sin_enrique_caruso_el_tenor_ms_famoso_e_idolatrado_del_mundo_-_ltimas_noticias_de_zona_norte___noticianorte___2agosto.pdf\">Cien a\u00f1os sin Enrique Caruso, el tenor m\u00e1s famoso e idolatrado del mundo\u00a0<\/a>. NoticiaNorte, 2\/8\/21<\/p>\n<p><a href=\"https:\/\/iicbuenosaires.esteri.it\/wp-content\/uploads\/2023\/09\/la_msica_lrica_italiana__una_muestra_dedicada_a_caruso_corelli_y_di_stefano_-_marcelo_bonelli_radio_mitre31.07.pdf\">La m\u00fasica l\u00edrica italiana. Una muestra dedicada a Caruso, Corelli y Di Stefano<\/a>\u00a0&#8211; Marcelo Bonelli en Radio Mitre, 31\/7\/21<\/p>\n<p><a href=\"https:\/\/iicbuenosaires.esteri.it\/wp-content\/uploads\/2023\/09\/encuentro_con_el_nuevo_cine_italiano___gratis_en_la_sala_leopoldo_lugones_virtual___pgina12-17.7.21.pdf\">Encuentro con el nuevo cine italiano. Gratis. En la sala Leopoldo Lugones virtual<\/a>. Pagina 12, 12\/7\/2021<\/p>\n<p><a href=\"https:\/\/iicbuenosaires.esteri.it\/wp-content\/uploads\/2023\/09\/mario_cucinella_en_el_da_del_diseo_italiano._clarn.pdf\">Mario Cucinella en el D\u00eda del Dise\u00f1o Italiano<\/a>. Clar\u00edn\u00a0 8\/7\/21<\/p>\n<p><a href=\"https:\/\/www.arte-online.net\/Notas\/Matteis-Blasco-y-Dompe\">Ganadores del 15\u00b0 Concurso Nacional UADE de Artes Visuales<\/a>, Peri\u00f3dico Arteonline, 2\/6\/21. Jurado integrado por la Dra. Donatella Cannova<\/p>\n<p><a href=\"https:\/\/iicbuenosaires.esteri.it\/wp-content\/uploads\/2023\/09\/mapa_anmico_y_social_de_la_europa_de_hoy_en_pelculas._clarn_revista__10.05.21.pdf\">Mapa an\u00edmico y social de la Europa de\u00a0hoy en pel\u00edculashoy en pel\u00edculas<\/a>. Clar\u00edn, 10\/5\/21<\/p>\n<p><a href=\"https:\/\/iicbuenosaires.esteri.it\/wp-content\/uploads\/2023\/09\/de_francesca_a_beatrice_por_victoria_-_la_nacion_3.4.pdf\">De Francesca a Beatrice, por Victoria<\/a>. La Naci\u00f3n 3\/4<\/p>\n<p><a href=\"https:\/\/iicbuenosaires.esteri.it\/wp-content\/uploads\/2023\/09\/una_visita_a_la_intimidad_de_los_sueos_de_fellini._mbito31.03.pdf\">Una visita a la intimidad de los sue\u00f1os de Fellini.<\/a>\u00a0\u00c1mbito,31.03<\/p>\n<p><a href=\"https:\/\/iicbuenosaires.esteri.it\/wp-content\/uploads\/2023\/09\/el_mundo_celebra_hoy_a_dante_alighieri_y_habr_dos_nuevos_films_ambito_25.03.pdf\">El mundo celebra hoy a Dante Alighieri, y habr\u00e1 dos nuevos films\u00a0<\/a>&#8211; Ambito 25.03<\/p>\n<p><a href=\"https:\/\/iicbuenosaires.esteri.it\/wp-content\/uploads\/2023\/09\/nuova_traduzione_della_divina_commedia_per_il_danted_a_buenos_aires_-_italiana_-_lingua_cultura_creativit_nel_mondo-25.03.pdf\">Nuova traduzione della Divina Commedia per il Danted\u00ec a Buenos Aires<\/a>\u00a0&#8211; Italiana &#8211; Lingua, cultura, creativit\u00e0 nel mondo-25.03<\/p>\n<p><a href=\"https:\/\/iicbuenosaires.esteri.it\/wp-content\/uploads\/2023\/09\/el_da_de_dante_en_el_mundo_700_aniversario_clarin_25.03.pdf\">El d\u00eda de Dante en el mundo, 700 aniversario<\/a>_Clarin 25.03<\/p>\n<p><a href=\"https:\/\/iicbuenosaires.esteri.it\/wp-content\/uploads\/2023\/09\/ansa_cultura__el_da_de_dante_en_el_mundo_700_aniversario_25.03.pdf\">El d\u00eda de Dante en el Mundo. 700 aniversario<\/a>. ANSA, 25\/03\/21<\/p>\n<p><a href=\"https:\/\/iicbuenosaires.esteri.it\/wp-content\/uploads\/2023\/09\/eventos_culturales_por_los_700_aos_de_la_muerte_de_dante_alighieri_la_vereda24.03.pdf\">Eventos culturales por los 700 a\u00f1os de la muerte de Dante Alighieri<\/a>, La vereda,24.03<\/p>\n<p><a href=\"https:\/\/iicbuenosaires.esteri.it\/wp-content\/uploads\/2023\/09\/arte_cine_y_teatro__5_actividades_para_festejar_el_da_de_dante_alighieri_-_infobae23.3.pdf\">Arte, cine y teatro_ 5 actividades para festejar el d\u00eda de Dante Alighieri<\/a>\u00a0&#8211; Infobae,23.3<\/p>\n<p><a href=\"https:\/\/iicbuenosaires.esteri.it\/wp-content\/uploads\/2023\/09\/en_fotos__fellini_100_aos_en_el_museo_nacional_de_arte_decorativo_-_la_nacion._12.03.pdf\">En fotos: Fellini 100 a\u00f1os en el Museo Nacional de Arte\u00a0DecorativoDecorativo<\/a>. La Naci\u00f3n, 12\/3<\/p>\n<p><a href=\"https:\/\/iicbuenosaires.esteri.it\/wp-content\/uploads\/2023\/09\/mostra__il_centenario._fellini_nel_mondo__a_buenos_aires_-_italiana_-_lingua_cultura_creativit_nel_mondo05.03.pdf\">Mostra: Il Centenario. Fellini nel mondo a Buenos Aires<\/a>\u00a0&#8211; Italiana &#8211; Lingua, cultura, creativit\u00e0 nel mondo, 5\/3\/21<\/p>\n<p><a href=\"https:\/\/iicbuenosaires.esteri.it\/wp-content\/uploads\/2023\/09\/la_fantasa_y_la_desmesura_de_fellini_llegan_al_museo_decorativo_para_una_exposicin_-_tlam_-_agencia_nacional_de_noticias_05.03.pdf\">La fantas\u00eda y la desmesura de Fellini llegan al Museo Decorativo para una exposici\u00f3n<\/a>\u00a0&#8211; T\u00e9lam &#8211; Agencia Nacional de Noticias 05.03<\/p>\n<p>\u00ab<a href=\"https:\/\/iicbuenosaires.esteri.it\/wp-content\/uploads\/2023\/09\/a_buenos_aires_parte_dante__7_arti_per_700_anniaise_4.3.21.pdf\">A Buenos Aires parte \u201cDante, 7 arti per 700 ann<\/a>i\u201d &#8211; AISE 4\/3\/21<\/p>\n<p><a href=\"https:\/\/iicbuenosaires.esteri.it\/wp-content\/uploads\/2023\/09\/dante_alighieri_in_argentina_si_celebra_con__dante__7_arti_per_700_anni_gauchonews.pdf\">Dante Alighieri, in Argentina si celebra con Dante, 7 arti per 700 anni<\/a>. gauchonews<\/p>\n<p><a href=\"https:\/\/iicbuenosaires.esteri.it\/wp-content\/uploads\/2023\/09\/ambito_-_04-03-2021_-_renaci_el_cine_en_caba_y_con_l_federico_fellini.pdf\">Renaci\u00f3 el cine en CABA y con \u00e9l, Federico Fellini<\/a>, \u00c1mbito Financiero, 4\/3\/21<\/p>\n<p><a href=\"https:\/\/iicbuenosaires.esteri.it\/wp-content\/uploads\/2023\/09\/dante_y_sus_traductores__una_conjuncin_bien_argentina_-_la_nacion_3.3.pdf\">Dante y sus traductores: una conjunci\u00f3n bien argentina<\/a>\u00a0&#8211; LA NACION_3.3<\/p>\n<p><a href=\"https:\/\/iicbuenosaires.esteri.it\/wp-content\/uploads\/2023\/09\/una_muestra_original_de_sus_trabajos_y_la_reposicin_de_8_y_1_2_en_homenaje_a_federico_fellini___diario_de_cultura03.03.pdf\">Una muestra original de sus trabajos y la reposici\u00f3n de \u00ab8 y 1_2\u00bb en homenaje a Federico Fellini\u00a0<\/a>_ Diario de Cultura03.03<\/p>\n<p><a href=\"https:\/\/iicbuenosaires.esteri.it\/wp-content\/uploads\/2023\/09\/se_lanz_en_buenos_aires_el_programa_dante__7_artes_por_700_aos_-_centro_de_informes0303-1.pdf\">Se lanz\u00f3 en Buenos Aires el programa \u201cDante_ 7 artes por 700 a\u00f1os\u201d<\/a>\u00a0&#8211; Centro de Informes0303<\/p>\n<p><a href=\"https:\/\/iicbuenosaires.esteri.it\/wp-content\/uploads\/2023\/09\/el_regreso_de_fellini__de_la_muestra_que_recorre_su_legado_al_reestreno_de_8__en_los_cines_-_infobae3.3-1.pdf\">El regreso de Fellini: de la muestra que recorre su legado al reestreno de \u201c8 \u00bd\u201d en los cines<\/a>\u00a0&#8211; Infobae, 3\/3\/21<\/p>\n<p><a href=\"https:\/\/iicbuenosaires.esteri.it\/wp-content\/uploads\/2023\/09\/argentina_reverencia_a_fellini___arte_por_excelencia_3-3.21-1.pdf\">Argentina reverencia a Fellini<\/a>, Arte por Excelencia, 03 de marzo de 2021<\/p>\n<p><a href=\"https:\/\/iicbuenosaires.esteri.it\/wp-content\/uploads\/2023\/09\/se_lanz_en_buenos_aires_el_programa_dante__7_artes_por_700_aos_-_infobae_3.3-1.pdf\">Se lanz\u00f3 en Buenos Aires el programa \u201cDante, 7 artes por 700 a\u00f1os\u201d<\/a>\u00a0&#8211; Infobae 3.3<\/p>\n<p><a href=\"https:\/\/iicbuenosaires.esteri.it\/wp-content\/uploads\/2023\/09\/siete_formas_de_celebrar_los_700_aos_del_dante_en_la_argentina_-_la_nacion_3.3-1.pdf\">Siete formas de celebrar los 700 a\u00f1os del Dante en la Argentina\u00a0<\/a>&#8211; LA NACION_3.3<\/p>\n<p><a href=\"https:\/\/iicbuenosaires.esteri.it\/wp-content\/uploads\/2023\/09\/italia-argentina__amb._manzo_programma__dante_7_artes_por_700_aos_giornale_diplomatico03.03-1.pdf\">Italia-Argentina: El emb. Manzo,programma \u00abDante, 7 artes por 700\u00a0a\u00f1os. programma \u00abDante, 7 artes por 700\u00a0a\u00f1os.\u00a0<\/a>Giornale diplom\u00e1tico 3\/3<\/p>\n<p><a href=\"https:\/\/iicbuenosaires.esteri.it\/wp-content\/uploads\/2023\/09\/ambito_-_03-03-2021_-_celebran_a_fellini_con-1.pdf\">Celebran a Fellini con muestra y la reposici\u00f3n de 8y1\/2<\/a>, A\u00e1mbito financiero, 3\/3\/21<\/p>\n<p><a href=\"https:\/\/iicbuenosaires.esteri.it\/wp-content\/uploads\/2023\/09\/se_lanz_en_buenos_aires_el_programa_dante__7_artes_por_700_aos_-_centro_de_informes0303.pdf\">La muestra por el centenario de Federico Fellini llega al Museo Nacional de Arte Decorativo\u00a0<\/a>&#8211; CineramaPlus02.03<\/p>\n<p><a href=\"https:\/\/iicbuenosaires.esteri.it\/wp-content\/uploads\/2023\/09\/desembarco_porteo_de_federico_fellini_en_el_museo_nacional_de_arte_decorativo_-_la_nacion_4.03.pdf\">Desembarco porte\u00f1o de Federico Fellini en el Museo Nacional de Arte Decorativo<\/a>\u00a0&#8211; LA NACION, 4\/3<\/p>\n<p><a href=\"https:\/\/iicbuenosaires.esteri.it\/wp-content\/uploads\/2023\/09\/centenario-fellini_-_cineramaplus_03.01.pdf\">Centenario de Fellini<\/a>, CineramaPlus, 3 de marzo de 2021<\/p>\n<p><a href=\"https:\/\/iicbuenosaires.esteri.it\/wp-content\/uploads\/2023\/09\/i_700_anni_di_dante_a_buenos_aires_-_ial.02.03.pdf\">I 700 anni di Dante a Buenos Aires\u00a0<\/a>&#8211; I&amp;AL.02.03<\/p>\n<p><a href=\"https:\/\/iicbuenosaires.esteri.it\/wp-content\/uploads\/2023\/09\/muestra_sobre_federico_fellini_en_el_museo_nacional_de_arte_decorativo___escribiendocine01.03.pdf\">Muestra sobre Federico: Fellini en el Museo Nacional de Arte Decorativo\u00a0. EscribiendoCine<\/a>, 01\/03<\/p>\n<p><a href=\"https:\/\/iicbuenosaires.esteri.it\/wp-content\/uploads\/2023\/09\/tres_variadas_propuestas_europeas_en_el_inicio_del_festival_internacional_de_buenos_aires_-_la_nacion_28.02.pdf\">Tres variadas propuestas europeas en el inicio del Festival Internacional de Buenos Aires\u00a0<\/a>&#8211; LA NACION 28.02<\/p>\n<p><a href=\"https:\/\/iicbuenosaires.esteri.it\/wp-content\/uploads\/2023\/09\/fiba__la_apertura_del_festival_habl_de_amor_ante_burbujas_de_espectadores_en_25_autos_-_la_nacion_27.02.pdf\">FIBA. La apertura del festival habl\u00f3 de amor ante burbujas de espectadores en 25 autos<\/a>\u00a0&#8211; LA NACION, 27\/02<\/p>\n<p><a href=\"https:\/\/iicbuenosaires.esteri.it\/wp-content\/uploads\/2023\/09\/fiba_2021__bulevar___cultura_directa_27.02.pdf\">FIBA 2021<\/a>. BULEVAR. Cultura Directa, 27\/02\/21<\/p>\n<p><a href=\"https:\/\/iicbuenosaires.esteri.it\/wp-content\/uploads\/2023\/09\/comienza_el_fiba_un_muestrario_del_presente_de_las___pgina12.2602.pdf\">Comienza el FIBA, un muestrario del presente de las artes esc\u00e9nicas<\/a>, P\u00e1gina12, 26\/2<\/p>\n<p><a href=\"https:\/\/iicbuenosaires.esteri.it\/wp-content\/uploads\/2023\/09\/centenario-fellini_-_cineramaplus_03.01-1.pdf\">El centenario. Fellini en el mundo. Web del Museo Nacional de Arte Decorativ<\/a>o, 25\/02\/21<\/p>\n<p><a href=\"https:\/\/iicbuenosaires.esteri.it\/wp-content\/uploads\/2023\/09\/una_muestra_celebra_los_100_aos_de_federico_fellini_revista_noticia2502.pdf\">Una muestra celebra los 100 a\u00f1os de Federico Fellini<\/a>. Revista Noticia, 25\/02<\/p>\n<p><a href=\"https:\/\/iicbuenosaires.esteri.it\/wp-content\/uploads\/2023\/09\/teatro._italia_apre_festival_internazionale_di_buenos_aires._ansa_25_feb.docx\">Teatro: Italia apre Festival internazionale di Buenos Aires con &#8216;Comizi d&#8217;amore&#8217; del gruppo teatrale Kepleron &#8216;Comizi d&#8217;amore&#8217; del gruppo teatrale Kepler<\/a>. ANSA 25\/02\/21<\/p>\n<p><a href=\"https:\/\/iicbuenosaires.esteri.it\/wp-content\/uploads\/2023\/09\/elenco_italiano_inaugura_el_viernes_el_fiba_2021_ambito_financiero_24.02.pdf\">Elenco italiano inaugura el viernes el FIBA 2021<\/a>. Ambito financiero 24\/02<\/p>\n<p><a href=\"https:\/\/iicbuenosaires.esteri.it\/wp-content\/uploads\/2023\/09\/teatro__el_fiba_en_un_nuevo_primer_acto_clarn_24.02.pdf\">Teatro_ El FIBA, en un nuevo primer acto<\/a>_Clar\u00edn 24.02<\/p>\n<p><a href=\"https:\/\/iicbuenosaires.esteri.it\/wp-content\/uploads\/2023\/09\/con_una_programacin_hbrida_se_present_la_edicin_2021_del_fiba23_02_21_groupolaprovincia.pdf\">Con una programaci\u00f3n h\u00edbrida se present\u00f3 la edici\u00f3n 2021 del FIBA<\/a>. Goupolaprovincia, 23\/02\/21<\/p>\n<p><a href=\"https:\/\/iicbuenosaires.esteri.it\/wp-content\/uploads\/2023\/09\/fiba_2021__con_un_despliegue_indito_comizi_damore_buenosaires_inaugura_el_festival___noticias___buenos_aires_ciudad_-22.02.pdf\">FIBA 2021. Con un despliegue in\u00e9dito, Comizi d\u2019amore inaugura el Festival<\/a>\u00a0.Noticias, Buenos Aires Ciudad, 22\/02<\/p>\n<p>S\u00edntesis de la Apertura del FIBA con \u00abComizi d&#8217;amore\u00bb<\/p>\n<p><a href=\"https:\/\/iicbuenosaires.esteri.it\/wp-content\/uploads\/2023\/09\/federico_fellini__muestras_tributos_y_un_museo_en_su_nombre_-_la_nacion_12.01.pdf\">Federico Fellini. Muestras, tributos y un museo en su nombre<\/a>\u00a0&#8211; LA NACION,12.01.21<\/p>\n","protected":false},"excerpt":{"rendered":"Dante x Alonso: una exposici\u00f3n infernal en el Bellas Artes, itBuenosAires, 30\/12\/2021 Pardini, E. (Productora). 2020-2021. Celebraci\u00f3n de las musas. METRO.\u00a021\/12\/2021 Interpretaciones del infierno por partida doble &#8211; Dante Alighieri por Carlos Alonso en el MNBA, P\u00e1gina 12, 14\/12\/2021 Farnesina Digital Art Experience a Buenos Aires &#8211; Italiana &#8211; Lingua cultura creativit\u00e0 nel mondo, 09\/12\/2021 [&hellip;]","protected":false},"author":1,"featured_media":0,"parent":12006,"menu_order":6,"comment_status":"closed","ping_status":"closed","template":"","meta":{"footnotes":""},"class_list":["post-13728","page","type-page","status-publish","hentry"],"_links":{"self":[{"href":"https:\/\/iicbuenosaires.esteri.it\/es\/wp-json\/wp\/v2\/pages\/13728","targetHints":{"allow":["GET"]}}],"collection":[{"href":"https:\/\/iicbuenosaires.esteri.it\/es\/wp-json\/wp\/v2\/pages"}],"about":[{"href":"https:\/\/iicbuenosaires.esteri.it\/es\/wp-json\/wp\/v2\/types\/page"}],"author":[{"embeddable":true,"href":"https:\/\/iicbuenosaires.esteri.it\/es\/wp-json\/wp\/v2\/users\/1"}],"replies":[{"embeddable":true,"href":"https:\/\/iicbuenosaires.esteri.it\/es\/wp-json\/wp\/v2\/comments?post=13728"}],"version-history":[{"count":1,"href":"https:\/\/iicbuenosaires.esteri.it\/es\/wp-json\/wp\/v2\/pages\/13728\/revisions"}],"predecessor-version":[{"id":13731,"href":"https:\/\/iicbuenosaires.esteri.it\/es\/wp-json\/wp\/v2\/pages\/13728\/revisions\/13731"}],"up":[{"embeddable":true,"href":"https:\/\/iicbuenosaires.esteri.it\/es\/wp-json\/wp\/v2\/pages\/12006"}],"wp:attachment":[{"href":"https:\/\/iicbuenosaires.esteri.it\/es\/wp-json\/wp\/v2\/media?parent=13728"}],"curies":[{"name":"wp","href":"https:\/\/api.w.org\/{rel}","templated":true}]}}