{"id":4840,"date":"2024-01-25T20:33:03","date_gmt":"2024-01-25T19:33:03","guid":{"rendered":"https:\/\/iicbuenosaires.esteri.it\/?page_id=4840"},"modified":"2026-07-27T14:55:52","modified_gmt":"2026-07-27T12:55:52","slug":"cursos-de-cultura","status":"publish","type":"page","link":"https:\/\/iicbuenosaires.esteri.it\/es\/lingua-e-cultura\/i-corsi-di-lingua\/cursos-de-cultura\/","title":{"rendered":"Cursos tem\u00e1ticos y de conversaci\u00f3n"},"content":{"rendered":"<p style=\"text-align: center;\"><strong>INSCRIPCIONES ABIERTAS PARA LOS NUEVOS CURSOS TEM\u00c1TICOS Y DE CONVERSACI\u00d3N DEL SEGUNDO CUADRIMESTRE DE 2026<\/strong><\/p>\n<h5 style=\"text-align: center;\"><img loading=\"lazy\" decoding=\"async\" class=\"alignnone size-medium wp-image-20856 img-fluid\" src=\"https:\/\/iicbuenosaires.esteri.it\/wp-content\/uploads\/2026\/01\/2026.CORSI_.GRAFICA-GENERALE-TEMATICI-280x300.png\" alt=\"\" width=\"280\" height=\"300\" srcset=\"https:\/\/iicbuenosaires.esteri.it\/wp-content\/uploads\/2026\/01\/2026.CORSI_.GRAFICA-GENERALE-TEMATICI-280x300.png 280w, https:\/\/iicbuenosaires.esteri.it\/wp-content\/uploads\/2026\/01\/2026.CORSI_.GRAFICA-GENERALE-TEMATICI-956x1024.png 956w, https:\/\/iicbuenosaires.esteri.it\/wp-content\/uploads\/2026\/01\/2026.CORSI_.GRAFICA-GENERALE-TEMATICI-768x823.png 768w, https:\/\/iicbuenosaires.esteri.it\/wp-content\/uploads\/2026\/01\/2026.CORSI_.GRAFICA-GENERALE-TEMATICI.png 1654w\" sizes=\"auto, (max-width: 280px) 100vw, 280px\" \/><\/h5>\n<p><strong><u>Cursos tem\u00e1ticos<\/u><\/strong><\/p>\n<p><strong>A partir del 10 de agosto <\/strong>comenzar\u00e1 un nuevo ciclo de los cursos tem\u00e1ticos de 2026, dise\u00f1ados para ofrecer a los estudiantes un contacto m\u00e1s profundo y consciente de la lengua y la cultura italianas.<\/p>\n<p><strong><a href=\"https:\/\/iicbuenosaires.esteri.it\/wp-content\/uploads\/2026\/07\/COSTO-CORSI-TEMATICI-E-DI-CONVERSAZIONE-2-CUAT-26.doc\">Costos de estos cursos<\/a>\u00a0<\/strong><\/p>\n<p><a href=\"https:\/\/iicbuenosaires.esteri.it\/wp-content\/uploads\/2026\/07\/Scheda-discrizione-CORSI-TEMATICI-2-quadrimestre-2026.doc\"><strong>Descargue aqu\u00ed la ficha de inscripci\u00f3n a los cursos tem\u00e1ticos<\/strong><\/a><\/p>\n<p>&nbsp;<\/p>\n<p><strong>\u2297 <\/strong><strong>Laboratorio de Escritura Creativa<\/strong><\/p>\n<p>Un espacio para practicar el italiano a trav\u00e9s de la escritura, a partir de textos inspiradores y disparadores creativos.<\/p>\n<p>A lo largo de ocho encuentros alternaremos lecturas, ejercicios guiados y propuestas de escritura, con devoluci\u00f3n y correcci\u00f3n individual por parte de la docente.<\/p>\n<p>No es necesaria experiencia previa en escritura creativa; basta con tener ganas de ponerse en juego y dejarse sorprender por las historias que cada uno lleva consigo.<\/p>\n<p><strong>D\u00edas y horarios:\u00a0<\/strong> lunes de 18:00 a 20:00 del 10 de agosto al 14 de diciembre<strong><br \/>\nDuraci\u00f3n:\u00a0<\/strong>30 horas<strong><br \/>\nModalidad:\u00a0<\/strong>Online<strong><br \/>\nNivel sugerido: A partir del A2<\/strong> <strong><br \/>\nDocente:\u00a0<\/strong>Paula Santamaria<\/p>\n<p><strong>\u00a0<\/strong><\/p>\n<p><strong>\u2297 <\/strong><strong>Conversaci\u00f3n y lectura de guiones teatrales italianos<\/strong><\/p>\n<p>El curso tendr\u00e1 como objetivo principal la pr\u00e1ctica y el desarrollo de la lengua italiana a trav\u00e9s de la lectura y la conversaci\u00f3n, en la que se tendr\u00e1 en cuenta la mejora de la pronunciaci\u00f3n. Adem\u00e1s, se repasar\u00e1n los contenidos gramaticales de nivel A2 y se har\u00e1 introducci\u00f3n a los contenidos gramaticales B1. A trav\u00e9s de la lectura de los guiones teatrales se podr\u00e1 aprender la fon\u00e9tica, la entonaci\u00f3n, el modo expresivo de la recitaci\u00f3n y las diferentes expresiones idiom\u00e1ticas.<\/p>\n<p><strong>D\u00edas y horarios:\u00a0<\/strong> martes de 10:00 a 12:00 del 11 de agosto al 17 de noviembre<strong><br \/>\nDuraci\u00f3n:\u00a0<\/strong>30 horas<strong><br \/>\nModalidad:\u00a0<\/strong>Presencial<strong><br \/>\nNivel sugerido:\u00a0<\/strong>A partir del A2 &#8211; B1<strong><br \/>\nDocente: <\/strong>Gabriela Gioffr\u00e9<\/p>\n<p><strong>\u00a0<\/strong><\/p>\n<p><strong>\u2297<\/strong><strong>\u00a0<\/strong><strong>La Letteratura Italiana del XXI secolo<\/strong><\/p>\n<p>Los prestigiosos premios \u201cStrega\u201d y \u201cCampiello\u201d, no obstante excepciones a veces importantes, todav\u00eda constituyen una interesante gu\u00eda para descubrir las obras y los autores m\u00e1s valiosos e innovadores de este siglo.<br \/>\nPor lo tanto, se trazar\u00e1 una breve historia de estos galardones, mencionando el funcionamiento de la selecci\u00f3n de obras y como la misma ha ido evolucionando en el transcurso de los a\u00f1os a lo largo de la historia, no solo literaria, italiana.<br \/>\nEl Objetivo de los encuentros ser\u00e1 actualizar el conocimiento de la literatura italiana, concentr\u00e1ndose sobre la producci\u00f3n de este siglo y especialmente de la \u00faltima d\u00e9cada.<\/p>\n<p>Ser\u00e1 utilizada, como \u201cpista\u201d, las listas de las obras ganadoras de \u201cStrega\u201d y \u201cCampiello\u201d.\u00a0 Tambi\u00e9n merecer\u00e1 atenci\u00f3n el premio \u201cBancarella\u201d, por ser un reflejo directo de las elecciones del p\u00fablico de lectores.<\/p>\n<p><strong>D\u00edas y horarios:\u00a0<\/strong> martes de 18:00 a 20:00 del 11 de agosto al 17 de noviembre<strong><br \/>\nDuraci\u00f3n:\u00a0<\/strong>30 horas<strong><br \/>\nModalidad:\u00a0<\/strong>Presencial<strong><br \/>\nNivel sugerido:\u00a0<\/strong>A partir del B1<strong><br \/>\nDocente: <\/strong>Paola Ferranti<\/p>\n<p><strong>\u00a0<\/strong><\/p>\n<p><strong>\u2297<\/strong> <strong>Conversaciones sobre el arte y la cultura italiana<\/strong><\/p>\n<p>Italia constituye el coraz\u00f3n de una historia art\u00edstica y cultural que ha irradiado su influencia a todo el mundo. La literatura, la escultura, la m\u00fasica, el teatro, el c\u00f3mic y el cine forman parte de ese legado que convierte a Italia en un n\u00facleo esencial de la tradici\u00f3n occidental.<\/p>\n<p>Este car\u00e1cter nos brinda la oportunidad de abrir un espacio de encuentro en el que los estudiantes avanzados de lengua italiana puedan dialogar y compartir sus perspectivas. As\u00ed, los tesoros del arte y la cultura servir\u00e1n como base para una actividad destinada a perfeccionar las competencias ling\u00fc\u00edsticas en sus cuatro dimensiones: expresi\u00f3n oral, comprensi\u00f3n auditiva, expresi\u00f3n escrita y comprensi\u00f3n lectora.<\/p>\n<p>La propuesta <strong>\u201cConversaciones sobre el arte y la cultura italiana\u201d<\/strong> se desarrollar\u00e1 a lo largo de dos cuatrimestres. Cada mes se abordar\u00e1 un tema espec\u00edfico en clases semanales de dos horas.<\/p>\n<p>La intenci\u00f3n no es trabajar con un corpus r\u00edgido, sino ofrecer un marco flexible que permita a los estudiantes incorporar autores, obras o temas relacionados con los contenidos tratados, enriqueciendo as\u00ed el intercambio y la experiencia de aprendizaje.<\/p>\n<p><strong>D\u00edas y horarios:\u00a0<\/strong> mi\u00e9rcoles de 15:30 a 17:30 del 11 de agosto al 17 de noviembre<strong><br \/>\nDuraci\u00f3n:\u00a0<\/strong>30 horas<strong><br \/>\nModalidad:\u00a0<\/strong>Presencial<strong><br \/>\nNivel sugerido:\u00a0<\/strong>A partir del B1<strong><br \/>\nDocente: <\/strong>Elvio Fraioli<\/p>\n<p>&nbsp;<\/p>\n<p><strong>\u2297<\/strong> <strong>\u00bfNos Encontramos Para Leer?<\/strong><\/p>\n<p>El curso propone un encuentro mensual dedicado a la lectura de autores italianos a trav\u00e9s de un recorrido tem\u00e1tico. Los encuentros se realizar\u00e1n un mi\u00e9rcoles al mes.<\/p>\n<p>Cada encuentro ser\u00e1 una oportunidad para compartir el placer de la lectura, descubrir nuevas voces de la literatura italiana y crear un espacio de di\u00e1logo e intercambio, en el que cada texto se convierta en una invitaci\u00f3n a leer, reflexionar y dejarse sorprender por nuevas miradas.<\/p>\n<p>Porque leer juntos tambi\u00e9n es una forma de crear una comunidad de lectores.<\/p>\n<p><strong>D\u00edas y horarios:\u00a0<\/strong>mi\u00e9rcoles 10 de agosto, 2 de septiembre. 7 de octubre, 4 de noviembre 2 de diciembre de 18:00 a 20:00. <strong><em><u>1 encuentro mensual<\/u><\/em><\/strong><br \/>\n<strong>Duraci\u00f3n:\u00a0<\/strong>20 horas.<strong><br \/>\nModalidad:\u00a0<\/strong>Presencial<strong><br \/>\nNivel sugerido: <\/strong>A partir del A2 <strong><br \/>\nDocente:\u00a0<\/strong>Paula Santamaria<\/p>\n<p>&nbsp;<\/p>\n<p><strong>\u2297<\/strong> <strong><u>Taller de gram\u00e1tica, literatura y conversaci\u00f3n<\/u><\/strong><\/p>\n<p>Gram\u00e1tica: Ejercicios combinados a temas de conversaci\u00f3n<\/p>\n<p>Literatura: Lectura, an\u00e1lisis y comentario de textos<\/p>\n<p>Salvatore Quasimodo, la a\u00f1oranza de la Sicilia y el dolor de la guerra<\/p>\n<p>Cesare Pavese (La casa en la colina), Beppe Fenoglio (Una cuesti\u00f3n privada) y la literatura de la Resistencia en Tur\u00edn y en las colinas piamontesas.<\/p>\n<p><strong>D\u00edas y horarios:\u00a0<\/strong> mi\u00e9rcoles de 19:00 a 21:00 del 12 de agosto al 18 de noviembre<strong><br \/>\nDuraci\u00f3n:\u00a0<\/strong>30 horas<strong><br \/>\nModalidad:\u00a0<\/strong>Online<strong><br \/>\nNivel sugerido:\u00a0<\/strong>A partir de B1<strong><br \/>\nDocente: <\/strong>Marina Giacometti<\/p>\n<p>&nbsp;<\/p>\n<p><strong>\u2297<\/strong><strong>\u00a0Attualit\u00e1 italiana<\/strong><\/p>\n<p>El curso propone explorar diversos aspectos de la Italia actual a trav\u00e9s de la lectura de varios peri\u00f3dicos, como La Repubblica, La Stampa, Il Corriere della Sera, y semanarios como L&#8217;Espresso, L&#8217;Internazionale, as\u00ed como el visionado de documentales o extractos de programas de televisi\u00f3n.<\/p>\n<p>El objetivo es crear un debate, en forma de mesa redonda, en torno a un tema de actualidad pol\u00edtica, cultural, social o econ\u00f3mica de la Italia actual.<\/p>\n<p>Cada semana, el profesor proporcionar\u00e1 art\u00edculos sobre un tema determinado relacionado con la actualidad italiana que se analizar\u00e1, debatir\u00e1 y comentar\u00e1 en la siguiente sesi\u00f3n.<\/p>\n<p>El profesor guiar\u00e1 a los alumnos en la comprensi\u00f3n escrita (u oral, si se trata de material de audio) y velar\u00e1 por la correcci\u00f3n gramatical y l\u00e9xica en su expresi\u00f3n oral.<\/p>\n<p><strong>D\u00edas y horarios: <\/strong>jueves de 15:30 a 17:30 del13 de agosto al 19 de noviembre <strong><br \/>\nDuraci\u00f3n:\u00a0<\/strong>30 horas<strong><br \/>\nModalidad:\u00a0<\/strong>Presencial<strong><br \/>\nNivel requerido:\u00a0<\/strong>A partir de A2<strong><br \/>\nDocente: <\/strong>Fraioli Elvio<\/p>\n<p>&nbsp;<\/p>\n<p><strong>\u2297<\/strong> <strong>Roma y la Edad del Barocco<\/strong><\/p>\n<p>Contexto hist\u00f3rico de momento<\/p>\n<p>Caravaggio y su posici\u00f3n en el universo barocco<\/p>\n<p>La teatralidad, instrumento de la Contrarreforma<\/p>\n<p>El \u201cSeiscientos\u201d Romano: Bernini, Borromini y otros<\/p>\n<p>El \u201cSeiscientos\u201d en Italia: Torino, Venezia, Napoli, Lecce y Sicilia<\/p>\n<p>El \u201cSeiscientos\u201d fuera de Italia: Espa\u00f1a (Zurbar\u00e1n, Vel\u00e1zquez y Murillo) y los Pa\u00edses Bajos (Rubens y Van Dyck; Rembrandt y Vermeer)<\/p>\n<p><b><span lang=\"es-419\">D\u00edas y horarios:\u00a0<\/span><\/b><span lang=\"es-419\">\u00a0viernes de 17:00 a 19:00 del 14 de agosto al 20 de noviembre<b><br \/>\nDuraci\u00f3n:\u00a0<\/b>30 horas<b><br \/>\nModalidad:\u00a0<\/b>Online<b><br \/>\nNivel sugerido:\u00a0<\/b>A partir de A2<b><br \/>\nDocente:\u00a0<\/b>Marina Giacometti<\/span><\/p>\n<p>&nbsp;<\/p>\n<p style=\"text-align: left;\">Para la <strong>inscripci\u00f3n<\/strong> contactarse con la <strong>Secretar\u00eda de cursos.<\/strong><\/p>\n<p style=\"text-align: left;\"><strong>ATENCI\u00d3N SECRETAR\u00cdA DE CURSOS:<\/strong><\/p>\n<p style=\"text-align: left;\">Marcelo T. de Alvear 1149 5to piso<\/p>\n<p style=\"text-align: left;\">De lunes a jueves: de 9:00 a 13:30 y de 14:00 a 20:00.<br \/>\nViernes: de 9:00 a 13:30.<\/p>\n<p style=\"text-align: left;\"><a href=\"mailto:Corsilingua.iicbuenosaires@esteri.it\">corsilingua.iicbuenosaires@esteri.it <\/a><\/p>\n","protected":false},"excerpt":{"rendered":"INSCRIPCIONES ABIERTAS PARA LOS NUEVOS CURSOS TEM\u00c1TICOS Y DE CONVERSACI\u00d3N DEL SEGUNDO CUADRIMESTRE DE 2026 Cursos tem\u00e1ticos A partir del 10 de agosto comenzar\u00e1 un nuevo ciclo de los cursos tem\u00e1ticos de 2026, dise\u00f1ados para ofrecer a los estudiantes un contacto m\u00e1s profundo y consciente de la lengua y la cultura italianas. Costos de estos [&hellip;]","protected":false},"author":3,"featured_media":0,"parent":81,"menu_order":2,"comment_status":"closed","ping_status":"closed","template":"","meta":{"footnotes":""},"class_list":["post-4840","page","type-page","status-publish","hentry"],"_links":{"self":[{"href":"https:\/\/iicbuenosaires.esteri.it\/es\/wp-json\/wp\/v2\/pages\/4840","targetHints":{"allow":["GET"]}}],"collection":[{"href":"https:\/\/iicbuenosaires.esteri.it\/es\/wp-json\/wp\/v2\/pages"}],"about":[{"href":"https:\/\/iicbuenosaires.esteri.it\/es\/wp-json\/wp\/v2\/types\/page"}],"author":[{"embeddable":true,"href":"https:\/\/iicbuenosaires.esteri.it\/es\/wp-json\/wp\/v2\/users\/3"}],"replies":[{"embeddable":true,"href":"https:\/\/iicbuenosaires.esteri.it\/es\/wp-json\/wp\/v2\/comments?post=4840"}],"version-history":[{"count":10,"href":"https:\/\/iicbuenosaires.esteri.it\/es\/wp-json\/wp\/v2\/pages\/4840\/revisions"}],"predecessor-version":[{"id":24316,"href":"https:\/\/iicbuenosaires.esteri.it\/es\/wp-json\/wp\/v2\/pages\/4840\/revisions\/24316"}],"up":[{"embeddable":true,"href":"https:\/\/iicbuenosaires.esteri.it\/es\/wp-json\/wp\/v2\/pages\/81"}],"wp:attachment":[{"href":"https:\/\/iicbuenosaires.esteri.it\/es\/wp-json\/wp\/v2\/media?parent=4840"}],"curies":[{"name":"wp","href":"https:\/\/api.w.org\/{rel}","templated":true}]}}