{"id":75,"date":"2023-04-03T20:33:35","date_gmt":"2023-04-03T18:33:35","guid":{"rendered":"https:\/\/iicbuenosaires.esteri.it\/dall_istituto\/"},"modified":"2023-08-24T12:33:06","modified_gmt":"2023-08-24T10:33:06","slug":"dall_istituto","status":"publish","type":"page","link":"https:\/\/iicbuenosaires.esteri.it\/es\/news\/dall_istituto\/","title":{"rendered":"Del Instituto"},"content":{"rendered":"        <div class=\"row\">\n\t\t\t<!-- Ricerca sedi post -->\n\t\t\t<div class=\"col-12 mt-4\">\n\t\t\t  <div class=\"callout callout-highlight note ricerca-esteri p-4\">\n                    <div class=\"callout-title\">\n                        <svg class=\"icon\">\n                            <use xlink:href=\"https:\/\/iicbuenosaires.esteri.it\/wp-content\/themes\/sedi-tema\/assets\/svg\/sprites.svg#it-search\"><\/use>\n                        <\/svg>Introduzca sus par\u00e1metros de b\u00fasqueda                    <\/div>\n                    <form id=\"searchFormPost\" name=\"form-search-post\" class=\"form-row align-items-center\" action=\"https:\/\/iicbuenosaires.esteri.it\/es\/wp-json\/wp\/v2\/pages\/75\/\" method=\"GET\"> \n                        <!-- <div class=\"form-group pt-5\"> -->\n                            <!-- <input type=\"hidden\" id=\"lang\" name=\"lang\" value=\"\"> --> <!-- <\/div> -->\n\n                        <div class=\"it-datepicker-wrapper\">\n                            <div class=\"row\">\n                                <div class=\"form-group col-md-6\">\n                                    <label class=\"active\" for=\"date-init\">Desde el<\/label>\n                                    <input class=\"form-control\" name=\"date-init\" id=\"date-init\" type=\"date\" placeholder=\"gg\/mm\/aaaa\" value=\"\"lang=\"en-EN\">  \n                                <\/div>\n                                <div class=\"form-group col-md-6\">\n                                    <label class=\"active\" for=\"date-end\">Hasta el<\/label>\n                                    <input class=\"form-control\" name=\"date-end\" id=\"date-end\" type=\"date\" placeholder=\"gg\/mm\/aaaa\" value=\"\">\n                                <\/div>\n                            <\/div>\n                        <\/div>\n                        <div class=\"form-group col-md-12 mt-3\">\n                            <label for=\"searchText\">Campo de b\u00fasqueda libre<\/label>\n                            <input type=\"text\" name=\"searchText\" class=\"form-control\" id=\"searchText\" value=\"\">\n                        <\/div>\n                        <div class=\"form-group col-md-4 offset-md-8 text-end\">\n                            <a href=\"https:\/\/iicbuenosaires.esteri.it\/es\/news\/dall_istituto\/\" title=\"Form reset\" id=\"resetImput\" class=\"btn btn-outline-primary btn-xs\">Reset<\/a>\n                            <button type=\"submit\" class=\"btn btn-primary btn-xs\">Mostrar resultados<\/button>\n                        <\/div>\n                    <\/form>\n\t\t\t\t<\/div>\n\t\t\t<\/div>\n\t\t<\/div>\n                    \n            <div class=\"row\">\n                            <div class=\"col-12 mt-3\">\n                <!--start card-->\n                <div class=\"card-wrapper card-space\">\n                    <div class=\"card card-bg card-big border-bottom-card\">\n                        <div class=\"card-body \">\n                                                        <div class=\"category-top\">\n                                                                                                            <span class=\"\">\n                                        <svg class=\"icon icon-secondary\">\n                                            <use xlink:href=\"https:\/\/iicbuenosaires.esteri.it\/wp-content\/themes\/sedi-tema\/assets\/svg\/sprites.svg#it-calendar\"><\/use>\n                                        <\/svg> 22 abril 2026                                    <\/span>\n                                                                    <\/div>\n                            <h5 class=\"card-title big-heading text-uppercase\"><a class=\"text-body text-decoration-none\" href=\"https:\/\/iicbuenosaires.esteri.it\/es\/news\/dall_istituto\/2026\/04\/el-instituto-italiano-de-cultura-de-buenos-aires-en-la-50-a-feria-internacional-del-libro\/\" title=\"El Instituto Italiano de Cultura de Buenos Aires en la 50.\u00aa Feria Internacional del Libro\">El Instituto Italiano de Cultura de Buenos Aires en la 50.\u00aa Feria Internacional del Libro<\/a><\/h5>\n                            <p class=\"card-text\">El Istituto Italiano di Cultura de Buenos Aires participa en la 50.\u00aa edici\u00f3n de la Feria Internacional del Libro de Buenos Aires con un stand concebido como un espacio din\u00e1mico de encuentro, descubrimiento y di\u00e1logo entre Italia y Argentina. El tema visual del stand ser\u00e1 Las aventuras de Pinocho, la c\u00e9lebre novela de Carlo Collodi, [&hellip;]<\/p>\n                                <a title=\"El Instituto Italiano de Cultura de Buenos Aires en la 50.\u00aa Feria Internacional del Libro\" class=\"read-more\" href=\"https:\/\/iicbuenosaires.esteri.it\/es\/news\/dall_istituto\/2026\/04\/el-instituto-italiano-de-cultura-de-buenos-aires-en-la-50-a-feria-internacional-del-libro\/\">\n                                    <span class=\"text\">Lee mas<\/span>\n                                    <svg class=\"icon\">\n                                    <use xlink:href=\"https:\/\/iicbuenosaires.esteri.it\/wp-content\/themes\/sedi-tema\/assets\/svg\/sprites.svg#it-arrow-right\"><\/use>\n                                    <\/svg>\n                                <\/a>\n                                                    <\/div>\n                    <\/div>\n                <\/div>\n                <!--end card-->\n                <\/div><!-- col-12 .mt-3-->\n                            <div class=\"col-12 mt-3\">\n                <!--start card-->\n                <div class=\"card-wrapper card-space\">\n                    <div class=\"card card-bg card-big border-bottom-card\">\n                        <div class=\"card-body \">\n                                                        <div class=\"category-top\">\n                                                                                                            <span class=\"\">\n                                        <svg class=\"icon icon-secondary\">\n                                            <use xlink:href=\"https:\/\/iicbuenosaires.esteri.it\/wp-content\/themes\/sedi-tema\/assets\/svg\/sprites.svg#it-calendar\"><\/use>\n                                        <\/svg> 17 abril 2026                                    <\/span>\n                                                                    <\/div>\n                            <h5 class=\"card-title big-heading text-uppercase\"><a class=\"text-body text-decoration-none\" href=\"https:\/\/iicbuenosaires.esteri.it\/es\/news\/dall_istituto\/2026\/04\/el-instituto-italiano-de-cultura-celebro-la-jornada-del-made-in-italy\/\" title=\"El Instituto Italiano de Cultura celebr\u00f3 la Jornada del Made in Italy\">El Instituto Italiano de Cultura celebr\u00f3 la Jornada del Made in Italy<\/a><\/h5>\n                            <p class=\"card-text\">El Instituto Italiano de Cultura de Buenos Aires celebr\u00f3 el pasado 15 de abril la Jornada del Made in Italy, dedicada a explorar la articulaci\u00f3n entre creatividad, desarrollo empresarial e innovaci\u00f3n en el contexto internacional. La fecha, que coincide con el aniversario del nacimiento de Leonardo da Vinci, invita cada a\u00f1o a poner en relieve [&hellip;]<\/p>\n                                <a title=\"El Instituto Italiano de Cultura celebr\u00f3 la Jornada del Made in Italy\" class=\"read-more\" href=\"https:\/\/iicbuenosaires.esteri.it\/es\/news\/dall_istituto\/2026\/04\/el-instituto-italiano-de-cultura-celebro-la-jornada-del-made-in-italy\/\">\n                                    <span class=\"text\">Lee mas<\/span>\n                                    <svg class=\"icon\">\n                                    <use xlink:href=\"https:\/\/iicbuenosaires.esteri.it\/wp-content\/themes\/sedi-tema\/assets\/svg\/sprites.svg#it-arrow-right\"><\/use>\n                                    <\/svg>\n                                <\/a>\n                                                    <\/div>\n                    <\/div>\n                <\/div>\n                <!--end card-->\n                <\/div><!-- col-12 .mt-3-->\n                            <div class=\"col-12 mt-3\">\n                <!--start card-->\n                <div class=\"card-wrapper card-space\">\n                    <div class=\"card card-bg card-big border-bottom-card\">\n                        <div class=\"card-body \">\n                                                        <div class=\"category-top\">\n                                                                                                            <span class=\"\">\n                                        <svg class=\"icon icon-secondary\">\n                                            <use xlink:href=\"https:\/\/iicbuenosaires.esteri.it\/wp-content\/themes\/sedi-tema\/assets\/svg\/sprites.svg#it-calendar\"><\/use>\n                                        <\/svg> 2 abril 2026                                    <\/span>\n                                                                    <\/div>\n                            <h5 class=\"card-title big-heading text-uppercase\"><a class=\"text-body text-decoration-none\" href=\"https:\/\/iicbuenosaires.esteri.it\/es\/news\/dall_istituto\/2026\/04\/el-instituto-italiano-de-cultura-presenta-su-nuevo-club-de-lectura\/\" title=\"El Instituto Italiano de Cultura presenta su nuevo Club de Lectura\">El Instituto Italiano de Cultura presenta su nuevo Club de Lectura<\/a><\/h5>\n                            <p class=\"card-text\">A partir del 12 de mayo, dos recorridos literarios trimestrales que invitan a explorar distintos momentos, voces y problem\u00e1ticas de la tradici\u00f3n literaria italiana. 1.Percorsi di lettura tra due rive \u2013 Modalidad presencial Un recorrido que pone en di\u00e1logo autores y miradas entre Italia y Argentina, con textos de Donatella Di Pietrantonio y Adri\u00e1n Bravi, [&hellip;]<\/p>\n                                <a title=\"El Instituto Italiano de Cultura presenta su nuevo Club de Lectura\" class=\"read-more\" href=\"https:\/\/iicbuenosaires.esteri.it\/es\/news\/dall_istituto\/2026\/04\/el-instituto-italiano-de-cultura-presenta-su-nuevo-club-de-lectura\/\">\n                                    <span class=\"text\">Lee mas<\/span>\n                                    <svg class=\"icon\">\n                                    <use xlink:href=\"https:\/\/iicbuenosaires.esteri.it\/wp-content\/themes\/sedi-tema\/assets\/svg\/sprites.svg#it-arrow-right\"><\/use>\n                                    <\/svg>\n                                <\/a>\n                                                    <\/div>\n                    <\/div>\n                <\/div>\n                <!--end card-->\n                <\/div><!-- col-12 .mt-3-->\n                            <div class=\"col-12 mt-3\">\n                <!--start card-->\n                <div class=\"card-wrapper card-space\">\n                    <div class=\"card card-bg card-big border-bottom-card\">\n                        <div class=\"card-body \">\n                                                        <div class=\"category-top\">\n                                                                                                            <span class=\"\">\n                                        <svg class=\"icon icon-secondary\">\n                                            <use xlink:href=\"https:\/\/iicbuenosaires.esteri.it\/wp-content\/themes\/sedi-tema\/assets\/svg\/sprites.svg#it-calendar\"><\/use>\n                                        <\/svg> 1 abril 2026                                    <\/span>\n                                                                    <\/div>\n                            <h5 class=\"card-title big-heading text-uppercase\"><a class=\"text-body text-decoration-none\" href=\"https:\/\/iicbuenosaires.esteri.it\/es\/news\/dall_istituto\/2026\/04\/los-doce-candidatos-al-premio-strega\/\" title=\"Los doce candidatos al Premio Strega\">Los doce candidatos al Premio Strega<\/a><\/h5>\n                            <p class=\"card-text\">Han sido anunciados los doce candidatos que competir\u00e1n en la LXXX edici\u00f3n del Premio Strega. Fue Melania G. Mazzucco la encargada de anunciar las obras seleccionadas entre las 79 propuestas para el premio. Maria Attanasio, La Rosa Inversa (Sellerio). Ermanno Cavazzoni, Storia di un\u2019amicizia (Quodlibet). Teresa Ciabatti, Donnaregina (Mondadori). Mauro Covacich, Lina e il sasso [&hellip;]<\/p>\n                                <a title=\"Los doce candidatos al Premio Strega\" class=\"read-more\" href=\"https:\/\/iicbuenosaires.esteri.it\/es\/news\/dall_istituto\/2026\/04\/los-doce-candidatos-al-premio-strega\/\">\n                                    <span class=\"text\">Lee mas<\/span>\n                                    <svg class=\"icon\">\n                                    <use xlink:href=\"https:\/\/iicbuenosaires.esteri.it\/wp-content\/themes\/sedi-tema\/assets\/svg\/sprites.svg#it-arrow-right\"><\/use>\n                                    <\/svg>\n                                <\/a>\n                                                    <\/div>\n                    <\/div>\n                <\/div>\n                <!--end card-->\n                <\/div><!-- col-12 .mt-3-->\n                            <div class=\"col-12 mt-3\">\n                <!--start card-->\n                <div class=\"card-wrapper card-space\">\n                    <div class=\"card card-bg card-big border-bottom-card\">\n                        <div class=\"card-body \">\n                                                        <div class=\"category-top\">\n                                                                                                            <span class=\"\">\n                                        <svg class=\"icon icon-secondary\">\n                                            <use xlink:href=\"https:\/\/iicbuenosaires.esteri.it\/wp-content\/themes\/sedi-tema\/assets\/svg\/sprites.svg#it-calendar\"><\/use>\n                                        <\/svg> 17 marzo 2026                                    <\/span>\n                                                                    <\/div>\n                            <h5 class=\"card-title big-heading text-uppercase\"><a class=\"text-body text-decoration-none\" href=\"https:\/\/iicbuenosaires.esteri.it\/es\/news\/dall_istituto\/2026\/03\/foro-internacional-sobre-avances-en-fisica-de-la-radiacion\/\" title=\"Foro Internacional sobre Avances en F\u00edsica de la Radiaci\u00f3n\">Foro Internacional sobre Avances en F\u00edsica de la Radiaci\u00f3n<\/a><\/h5>\n                            <p class=\"card-text\">El 12 de marzo, el Instituto Italiano de Cultura acogi\u00f3 el s\u00e9ptimo Foro Internacional sobre Avances en F\u00edsica de la Radiaci\u00f3n. El encuentro fue organizado bajo el patrocinio de la Embajada de Italia en Argentina, la Sociedad Internacional de F\u00edsica de la Radiaci\u00f3n (IRPS) y la RCAI, en colaboraci\u00f3n con el Centro de Estudios Superiores [&hellip;]<\/p>\n                                <a title=\"Foro Internacional sobre Avances en F\u00edsica de la Radiaci\u00f3n\" class=\"read-more\" href=\"https:\/\/iicbuenosaires.esteri.it\/es\/news\/dall_istituto\/2026\/03\/foro-internacional-sobre-avances-en-fisica-de-la-radiacion\/\">\n                                    <span class=\"text\">Lee mas<\/span>\n                                    <svg class=\"icon\">\n                                    <use xlink:href=\"https:\/\/iicbuenosaires.esteri.it\/wp-content\/themes\/sedi-tema\/assets\/svg\/sprites.svg#it-arrow-right\"><\/use>\n                                    <\/svg>\n                                <\/a>\n                                                    <\/div>\n                    <\/div>\n                <\/div>\n                <!--end card-->\n                <\/div><!-- col-12 .mt-3-->\n                            <div class=\"col-12 mt-3\">\n                <!--start card-->\n                <div class=\"card-wrapper card-space\">\n                    <div class=\"card card-bg card-big border-bottom-card\">\n                        <div class=\"card-body \">\n                                                        <div class=\"category-top\">\n                                                                                                            <span class=\"\">\n                                        <svg class=\"icon icon-secondary\">\n                                            <use xlink:href=\"https:\/\/iicbuenosaires.esteri.it\/wp-content\/themes\/sedi-tema\/assets\/svg\/sprites.svg#it-calendar\"><\/use>\n                                        <\/svg> 18 febrero 2026                                    <\/span>\n                                                                    <\/div>\n                            <h5 class=\"card-title big-heading text-uppercase\"><a class=\"text-body text-decoration-none\" href=\"https:\/\/iicbuenosaires.esteri.it\/es\/news\/dall_istituto\/2026\/02\/gana-un-curso-de-italiano-jugando-al-fantasanremo\/\" title=\"\u00a1Gan\u00e1 un curso de italiano jugando al Fantasanremo!\">\u00a1Gan\u00e1 un curso de italiano jugando al Fantasanremo!<\/a><\/h5>\n                            <p class=\"card-text\">El Instituto Italiano de Cultura de Buenos Aires te invita a sumarte a una propuesta especial para vivir el Festival de Sanremo de manera l\u00fadica y participativa: participar en nuestra League Tana del Fantasanremo y competir por un curso de italiano gratuito. \u00bfQu\u00e9 es el Fantasanremo? El Fantasanremo es un juego online accesible desde una [&hellip;]<\/p>\n                                <a title=\"\u00a1Gan\u00e1 un curso de italiano jugando al Fantasanremo!\" class=\"read-more\" href=\"https:\/\/iicbuenosaires.esteri.it\/es\/news\/dall_istituto\/2026\/02\/gana-un-curso-de-italiano-jugando-al-fantasanremo\/\">\n                                    <span class=\"text\">Lee mas<\/span>\n                                    <svg class=\"icon\">\n                                    <use xlink:href=\"https:\/\/iicbuenosaires.esteri.it\/wp-content\/themes\/sedi-tema\/assets\/svg\/sprites.svg#it-arrow-right\"><\/use>\n                                    <\/svg>\n                                <\/a>\n                                                    <\/div>\n                    <\/div>\n                <\/div>\n                <!--end card-->\n                <\/div><!-- col-12 .mt-3-->\n                            <div class=\"col-12 mt-3\">\n                <!--start card-->\n                <div class=\"card-wrapper card-space\">\n                    <div class=\"card card-bg card-big border-bottom-card\">\n                        <div class=\"card-body \">\n                                                        <div class=\"category-top\">\n                                                                                                            <span class=\"\">\n                                        <svg class=\"icon icon-secondary\">\n                                            <use xlink:href=\"https:\/\/iicbuenosaires.esteri.it\/wp-content\/themes\/sedi-tema\/assets\/svg\/sprites.svg#it-calendar\"><\/use>\n                                        <\/svg> 16 febrero 2026                                    <\/span>\n                                                                    <\/div>\n                            <h5 class=\"card-title big-heading text-uppercase\"><a class=\"text-body text-decoration-none\" href=\"https:\/\/iicbuenosaires.esteri.it\/es\/news\/dall_istituto\/2026\/02\/umberto-eco-homenaje\/\" title=\"Umberto Eco \u2013 Homenaje\">Umberto Eco \u2013 Homenaje<\/a><\/h5>\n                            <p class=\"card-text\">Eco Eco Eco \u2013 A World-Wide Talk for Umberto Marat\u00f3n web internacional a 10 a\u00f1os de su fallecimiento A diez a\u00f1os de la muerte de Umberto Eco, el gran semi\u00f3logo, ensayista y novelista italiano, el mundo acad\u00e9mico y cultural se re\u00fane para rendirle homenaje a trav\u00e9s de \u201cEco Eco Eco \u2013 A World-Wide Talk for [&hellip;]<\/p>\n                                <a title=\"Umberto Eco \u2013 Homenaje\" class=\"read-more\" href=\"https:\/\/iicbuenosaires.esteri.it\/es\/news\/dall_istituto\/2026\/02\/umberto-eco-homenaje\/\">\n                                    <span class=\"text\">Lee mas<\/span>\n                                    <svg class=\"icon\">\n                                    <use xlink:href=\"https:\/\/iicbuenosaires.esteri.it\/wp-content\/themes\/sedi-tema\/assets\/svg\/sprites.svg#it-arrow-right\"><\/use>\n                                    <\/svg>\n                                <\/a>\n                                                    <\/div>\n                    <\/div>\n                <\/div>\n                <!--end card-->\n                <\/div><!-- col-12 .mt-3-->\n                            <div class=\"col-12 mt-3\">\n                <!--start card-->\n                <div class=\"card-wrapper card-space\">\n                    <div class=\"card card-bg card-big border-bottom-card\">\n                        <div class=\"card-body \">\n                                                        <div class=\"category-top\">\n                                                                                                            <span class=\"\">\n                                        <svg class=\"icon icon-secondary\">\n                                            <use xlink:href=\"https:\/\/iicbuenosaires.esteri.it\/wp-content\/themes\/sedi-tema\/assets\/svg\/sprites.svg#it-calendar\"><\/use>\n                                        <\/svg> 30 enero 2026                                    <\/span>\n                                                                    <\/div>\n                            <h5 class=\"card-title big-heading text-uppercase\"><a class=\"text-body text-decoration-none\" href=\"https:\/\/iicbuenosaires.esteri.it\/es\/news\/dall_istituto\/2026\/01\/dialogos-italo-argentinos-un-nuevo-ciclo-de-charlas-del-istituto-italiano-di-cultura\/\" title=\"Di\u00e1logos \u00edtalo-argentinos: un nuevo ciclo de charlas del Istituto Italiano di Cultura\">Di\u00e1logos \u00edtalo-argentinos: un nuevo ciclo de charlas del Istituto Italiano di Cultura<\/a><\/h5>\n                            <p class=\"card-text\">El Istituto Italiano di Cultura de Buenos Aires presenta Di\u00e1logos \u00edtalo-argentinos, un nuevo ciclo de charlas que propone un espacio de encuentro y reflexi\u00f3n a partir del di\u00e1logo entre los contextos argentino e italiano, tanto en clave hist\u00f3rica como contempor\u00e1nea. En este marco, cada encuentro buscar\u00e1 propiciar un intercambio activo entre intelectuales y especialistas italianos [&hellip;]<\/p>\n                                <a title=\"Di\u00e1logos \u00edtalo-argentinos: un nuevo ciclo de charlas del Istituto Italiano di Cultura\" class=\"read-more\" href=\"https:\/\/iicbuenosaires.esteri.it\/es\/news\/dall_istituto\/2026\/01\/dialogos-italo-argentinos-un-nuevo-ciclo-de-charlas-del-istituto-italiano-di-cultura\/\">\n                                    <span class=\"text\">Lee mas<\/span>\n                                    <svg class=\"icon\">\n                                    <use xlink:href=\"https:\/\/iicbuenosaires.esteri.it\/wp-content\/themes\/sedi-tema\/assets\/svg\/sprites.svg#it-arrow-right\"><\/use>\n                                    <\/svg>\n                                <\/a>\n                                                    <\/div>\n                    <\/div>\n                <\/div>\n                <!--end card-->\n                <\/div><!-- col-12 .mt-3-->\n                            <div class=\"col-12 mt-3\">\n                <!--start card-->\n                <div class=\"card-wrapper card-space\">\n                    <div class=\"card card-bg card-big border-bottom-card\">\n                        <div class=\"card-body \">\n                                                        <div class=\"category-top\">\n                                                                                                            <span class=\"\">\n                                        <svg class=\"icon icon-secondary\">\n                                            <use xlink:href=\"https:\/\/iicbuenosaires.esteri.it\/wp-content\/themes\/sedi-tema\/assets\/svg\/sprites.svg#it-calendar\"><\/use>\n                                        <\/svg> 30 enero 2026                                    <\/span>\n                                                                    <\/div>\n                            <h5 class=\"card-title big-heading text-uppercase\"><a class=\"text-body text-decoration-none\" href=\"https:\/\/iicbuenosaires.esteri.it\/es\/news\/dall_istituto\/2026\/01\/inicio-del-ciclo-de-lectura-de-la-divina-comedia-en-italiano\/\" title=\"Inicio del ciclo de lectura de la Divina Comedia en italiano\">Inicio del ciclo de lectura de la Divina Comedia en italiano<\/a><\/h5>\n                            <p class=\"card-text\">\u00a1Vuelve el ciclo de lectura de la Divina Comedia en italiano a cargo de la profesora Claudia Fern\u00e1ndez! La lectura en italiano comentada por la profesora Fern\u00e1ndez, este a\u00f1o, tratar\u00e1 el Infierno. La Lectura Dantis inicia el jueves 5 de marzo a las 14:00 horas y finaliza en diciembre, los encuentros son todos los jueves [&hellip;]<\/p>\n                                <a title=\"Inicio del ciclo de lectura de la Divina Comedia en italiano\" class=\"read-more\" href=\"https:\/\/iicbuenosaires.esteri.it\/es\/news\/dall_istituto\/2026\/01\/inicio-del-ciclo-de-lectura-de-la-divina-comedia-en-italiano\/\">\n                                    <span class=\"text\">Lee mas<\/span>\n                                    <svg class=\"icon\">\n                                    <use xlink:href=\"https:\/\/iicbuenosaires.esteri.it\/wp-content\/themes\/sedi-tema\/assets\/svg\/sprites.svg#it-arrow-right\"><\/use>\n                                    <\/svg>\n                                <\/a>\n                                                    <\/div>\n                    <\/div>\n                <\/div>\n                <!--end card-->\n                <\/div><!-- col-12 .mt-3-->\n                            <div class=\"col-12 mt-3\">\n                <!--start card-->\n                <div class=\"card-wrapper card-space\">\n                    <div class=\"card card-bg card-big border-bottom-card\">\n                        <div class=\"card-body \">\n                                                        <div class=\"category-top\">\n                                                                                                            <span class=\"\">\n                                        <svg class=\"icon icon-secondary\">\n                                            <use xlink:href=\"https:\/\/iicbuenosaires.esteri.it\/wp-content\/themes\/sedi-tema\/assets\/svg\/sprites.svg#it-calendar\"><\/use>\n                                        <\/svg> 22 enero 2026                                    <\/span>\n                                                                    <\/div>\n                            <h5 class=\"card-title big-heading text-uppercase\"><a class=\"text-body text-decoration-none\" href=\"https:\/\/iicbuenosaires.esteri.it\/es\/news\/dall_istituto\/2026\/01\/nuovi-arrivi-nella-nostra-biblioteca\/\" title=\"Novedades del\u00a0 Alma Mater\u00a0Studiorum\u00a0\u2013 Universit\u00e0 di Bologna (Universidad de Bolonia)\">Novedades del\u00a0 Alma Mater\u00a0Studiorum\u00a0\u2013 Universit\u00e0 di Bologna (Universidad de Bolonia)<\/a><\/h5>\n                            <p class=\"card-text\">Desde el IIC nos gustar\u00eda presentarles algunas de las iniciativas de orientaci\u00f3n que la Universidad de Bolonia est\u00e1 organizando online, dirigidas a futuros estudiantes internacionales. La primera iniciativa es la Virtual Fair \u2013\u00a0Bachelor\u2019s\u00a0Programmes, que se celebrar\u00e1 el 24 de febrero de 2026, de 9:30 a 17:00 (CET). El evento est\u00e1 dirigido a quienes deseen matricularse [&hellip;]<\/p>\n                                <a title=\"Novedades del\u00a0 Alma Mater\u00a0Studiorum\u00a0\u2013 Universit\u00e0 di Bologna (Universidad de Bolonia)\" class=\"read-more\" href=\"https:\/\/iicbuenosaires.esteri.it\/es\/news\/dall_istituto\/2026\/01\/nuovi-arrivi-nella-nostra-biblioteca\/\">\n                                    <span class=\"text\">Lee mas<\/span>\n                                    <svg class=\"icon\">\n                                    <use xlink:href=\"https:\/\/iicbuenosaires.esteri.it\/wp-content\/themes\/sedi-tema\/assets\/svg\/sprites.svg#it-arrow-right\"><\/use>\n                                    <\/svg>\n                                <\/a>\n                                                    <\/div>\n                    <\/div>\n                <\/div>\n                <!--end card-->\n                <\/div><!-- col-12 .mt-3-->\n            \n            <div class=\"col-md-12 mt-4 pb-4\">\n                <nav class=\"navigation col-md-12\" aria-label=\"Navigation\">\n                    <h2 class=\"screen-reader-text visually-hidden\">Paginaci\u00f3n<\/h2>\n                    <div class=\"nav-links\">\n                    <span aria-current=\"page\" class=\"page-numbers current\">1<\/span>\n<a class=\"page-numbers\" href=\"https:\/\/iicbuenosaires.esteri.it\/es\/wp-json\/wp\/v2\/pages\/75\/?pag=2\">2<\/a>\n<a class=\"page-numbers\" href=\"https:\/\/iicbuenosaires.esteri.it\/es\/wp-json\/wp\/v2\/pages\/75\/?pag=3\">3<\/a>\n<span class=\"page-numbers dots\">&hellip;<\/span>\n<a class=\"page-numbers\" href=\"https:\/\/iicbuenosaires.esteri.it\/es\/wp-json\/wp\/v2\/pages\/75\/?pag=5\">5<\/a>\n<a class=\"next page-numbers\" href=\"https:\/\/iicbuenosaires.esteri.it\/es\/wp-json\/wp\/v2\/pages\/75\/?pag=2\"><svg class=\"icon icon-primary\"><use xlink:href=\"https:\/\/iicbuenosaires.esteri.it\/wp-content\/themes\/sedi-tema\/assets\/svg\/sprites.svg#it-chevron-right\"><\/use><\/svg>\n                                    <span class=\"visually-hidden\">Siguiente p\u00e1gina<\/span><\/a>                    <\/div>\n                <\/nav>\n            <\/div>   <!--.col-md-12 -->\n              <\/div><!--.row -->\n              \n","protected":false},"excerpt":{"rendered":"","protected":false},"author":1,"featured_media":0,"parent":82,"menu_order":0,"comment_status":"closed","ping_status":"closed","template":"","meta":{"footnotes":""},"class_list":["post-75","page","type-page","status-publish","hentry"],"_links":{"self":[{"href":"https:\/\/iicbuenosaires.esteri.it\/es\/wp-json\/wp\/v2\/pages\/75","targetHints":{"allow":["GET"]}}],"collection":[{"href":"https:\/\/iicbuenosaires.esteri.it\/es\/wp-json\/wp\/v2\/pages"}],"about":[{"href":"https:\/\/iicbuenosaires.esteri.it\/es\/wp-json\/wp\/v2\/types\/page"}],"author":[{"embeddable":true,"href":"https:\/\/iicbuenosaires.esteri.it\/es\/wp-json\/wp\/v2\/users\/1"}],"replies":[{"embeddable":true,"href":"https:\/\/iicbuenosaires.esteri.it\/es\/wp-json\/wp\/v2\/comments?post=75"}],"version-history":[{"count":1,"href":"https:\/\/iicbuenosaires.esteri.it\/es\/wp-json\/wp\/v2\/pages\/75\/revisions"}],"predecessor-version":[{"id":118,"href":"https:\/\/iicbuenosaires.esteri.it\/es\/wp-json\/wp\/v2\/pages\/75\/revisions\/118"}],"up":[{"embeddable":true,"href":"https:\/\/iicbuenosaires.esteri.it\/es\/wp-json\/wp\/v2\/pages\/82"}],"wp:attachment":[{"href":"https:\/\/iicbuenosaires.esteri.it\/es\/wp-json\/wp\/v2\/media?parent=75"}],"curies":[{"name":"wp","href":"https:\/\/api.w.org\/{rel}","templated":true}]}}