{"id":8893,"date":"2024-07-16T12:43:14","date_gmt":"2024-07-16T10:43:14","guid":{"rendered":"https:\/\/iicbuenosaires.esteri.it\/gli_eventi\/archivio-eventi\/"},"modified":"2024-10-25T16:37:33","modified_gmt":"2024-10-25T14:37:33","slug":"archivio-eventi","status":"publish","type":"page","link":"https:\/\/iicbuenosaires.esteri.it\/es\/gli_eventi\/archivio-eventi\/","title":{"rendered":"Archivo de eventos"},"content":{"rendered":"        <div class=\"row\">\n\t\t\t<!-- Ricerca sedi post -->\n\t\t\t<div class=\"col-12 mt-4\">\n\t\t\t  <div class=\"callout callout-highlight note ricerca-esteri p-4\">\n                    <div class=\"callout-title\">\n                        <svg class=\"icon\">\n                            <use xlink:href=\"https:\/\/iicbuenosaires.esteri.it\/wp-content\/themes\/sedi-tema\/assets\/svg\/sprites.svg#it-search\"><\/use>\n                        <\/svg>Introduzca sus par\u00e1metros de b\u00fasqueda                    <\/div>\n                    <form id=\"searchFormPost\" name=\"form-search-post\" class=\"form-row align-items-center\" action=\"https:\/\/iicbuenosaires.esteri.it\/es\/wp-json\/wp\/v2\/pages\/8893\/\" method=\"GET\"> \n                        <!-- <div class=\"form-group pt-5\"> -->\n                            <!-- <input type=\"hidden\" id=\"lang\" name=\"lang\" value=\"\"> --> <!-- <\/div> -->\n\n                        <div class=\"it-datepicker-wrapper\">\n                            <div class=\"row\">\n                                <div class=\"form-group col-md-6\">\n                                    <label class=\"active\" for=\"date-init\">Desde el<\/label>\n                                    <input class=\"form-control\" name=\"date-init\" id=\"date-init\" type=\"date\" placeholder=\"gg\/mm\/aaaa\" value=\"\"lang=\"en-EN\">  \n                                <\/div>\n                                <div class=\"form-group col-md-6\">\n                                    <label class=\"active\" for=\"date-end\">Hasta el<\/label>\n                                    <input class=\"form-control\" name=\"date-end\" id=\"date-end\" type=\"date\" placeholder=\"gg\/mm\/aaaa\" value=\"\">\n                                <\/div>\n                            <\/div>\n                        <\/div>\n                        <div class=\"form-group col-md-12 mt-3\">\n                            <label for=\"searchText\">Campo de b\u00fasqueda libre<\/label>\n                            <input type=\"text\" name=\"searchText\" class=\"form-control\" id=\"searchText\" value=\"\">\n                        <\/div>\n                        <div class=\"form-group col-md-4 offset-md-8 text-end\">\n                            <a href=\"https:\/\/iicbuenosaires.esteri.it\/es\/gli_eventi\/archivio-eventi\/\" title=\"Form reset\" id=\"resetImput\" class=\"btn btn-outline-primary btn-xs\">Reset<\/a>\n                            <button type=\"submit\" class=\"btn btn-primary btn-xs\">Mostrar resultados<\/button>\n                        <\/div>\n                    <\/form>\n\t\t\t\t<\/div>\n\t\t\t<\/div>\n\t\t<\/div>\n                    \n            <div class=\"row\">\n                            <div class=\"col-12 mt-3\">\n                <!--start card-->\n                <div class=\"card-wrapper card-space\">\n                    <div class=\"card card-bg card-big border-bottom-card\">\n                        <div class=\"card-body row\">\n                                                    <div class=\"col-sm-3\">\n                                <div class=\"img-responsive\">\n                                    <figure class=\"img-wrapper\">\n                                        <a href=\"https:\/\/iicbuenosaires.esteri.it\/es\/gli_eventi\/calendario\/lectura-dantis-infierno-17\/\" title=\"Leer el art\u00edculo: LECTURA DANTIS: Infierno\">\n                                                                                            <img loading=\"lazy\" decoding=\"async\" width=\"240\" height=\"300\" src=\"https:\/\/iicbuenosaires.esteri.it\/wp-content\/uploads\/2026\/08\/27.08_LD_Inferno-XIX-grafica-240x300.jpg\" srcset=\"https:\/\/iicbuenosaires.esteri.it\/wp-content\/uploads\/2026\/08\/27.08_LD_Inferno-XIX-grafica.jpg 1080w, https:\/\/iicbuenosaires.esteri.it\/wp-content\/uploads\/2026\/08\/27.08_LD_Inferno-XIX-grafica-240x300.jpg 240w, https:\/\/iicbuenosaires.esteri.it\/wp-content\/uploads\/2026\/08\/27.08_LD_Inferno-XIX-grafica-819x1024.jpg 819w, https:\/\/iicbuenosaires.esteri.it\/wp-content\/uploads\/2026\/08\/27.08_LD_Inferno-XIX-grafica-768x960.jpg 768w\" sizes=\"auto, (max-width: 1080px) 100vw, 1080px\"  title=\"27.08_LD_Inferno XIX grafica\" alt=\"\" class=\"img-fluid\">\n                                                                                    <\/a>\n                                    <\/figure>\n                                <\/div>\n                            <\/div>\n                            <div class=\"col-sm-9\">\n                                                            <div class=\"category-top\">\n                                    <span class=\"fw-bold text-danger\">Terminado<\/span>                                                                        <span class=\"data\">\n                                        <svg class=\"icon icon-secondary\">\n                                            <use xlink:href=\"https:\/\/iicbuenosaires.esteri.it\/wp-content\/themes\/sedi-tema\/assets\/svg\/sprites.svg#it-calendar\"><\/use>\n                                        <\/svg> Jue Ago 27 2026                                    <\/span>\n                                                                    <\/div>\n                            <h5 class=\"card-title big-heading text-uppercase\"><a class=\"text-body text-decoration-none\" href=\"https:\/\/iicbuenosaires.esteri.it\/es\/gli_eventi\/calendario\/lectura-dantis-infierno-17\/\" title=\"LECTURA DANTIS: Infierno\">LECTURA DANTIS: Infierno<\/a><\/h5>\n                            <p class=\"card-text\">LECTURA DANTIS en italiano a cargo de la Prof. Claudia Fern\u00e1ndez, quien este a\u00f1o ilustrar\u00e1 y comentar\u00e1 el Infierno, la primera c\u00e1ntiga de la Divina Commedia. D\u00eda: Jueves 27 de agosto 14 hs Lugar: Sala Benedetto Croce IIC &#8211; Marcelo T. de Alvear 3er piso Infierno XIX Tercer foso: los simon\u00edacos. Papa Niccol\u00f2 III. Invectiva [&hellip;]<\/p>\n                                <a title=\"LECTURA DANTIS: Infierno\" class=\"read-more\" href=\"https:\/\/iicbuenosaires.esteri.it\/es\/gli_eventi\/calendario\/lectura-dantis-infierno-17\/\">\n                                    <span class=\"text\">Lee mas<\/span>\n                                    <svg class=\"icon\">\n                                    <use xlink:href=\"https:\/\/iicbuenosaires.esteri.it\/wp-content\/themes\/sedi-tema\/assets\/svg\/sprites.svg#it-arrow-right\"><\/use>\n                                    <\/svg>\n                                <\/a>\n                                                        <\/div>\n                                                    <\/div>\n                    <\/div>\n                <\/div>\n                <!--end card-->\n                <\/div><!-- col-12 .mt-3-->\n                            <div class=\"col-12 mt-3\">\n                <!--start card-->\n                <div class=\"card-wrapper card-space\">\n                    <div class=\"card card-bg card-big border-bottom-card\">\n                        <div class=\"card-body row\">\n                                                    <div class=\"col-sm-3\">\n                                <div class=\"img-responsive\">\n                                    <figure class=\"img-wrapper\">\n                                        <a href=\"https:\/\/iicbuenosaires.esteri.it\/es\/gli_eventi\/calendario\/fabrizio-mocata-en-tango-ba-festival-y-mundial-2026\/\" title=\"Leer el art\u00edculo: Fabrizio Mocata en Tango BA Festival y Mundial 2026\">\n                                                                                            <img loading=\"lazy\" decoding=\"async\" width=\"240\" height=\"300\" src=\"https:\/\/iicbuenosaires.esteri.it\/wp-content\/uploads\/2026\/08\/Flyer-Tango-240x300.jpg\" srcset=\"https:\/\/iicbuenosaires.esteri.it\/wp-content\/uploads\/2026\/08\/Flyer-Tango.jpg 1023w, https:\/\/iicbuenosaires.esteri.it\/wp-content\/uploads\/2026\/08\/Flyer-Tango-240x300.jpg 240w, https:\/\/iicbuenosaires.esteri.it\/wp-content\/uploads\/2026\/08\/Flyer-Tango-818x1024.jpg 818w, https:\/\/iicbuenosaires.esteri.it\/wp-content\/uploads\/2026\/08\/Flyer-Tango-768x961.jpg 768w\" sizes=\"auto, (max-width: 1023px) 100vw, 1023px\"  title=\"Flyer Tango\" alt=\"\" class=\"img-fluid\">\n                                                                                    <\/a>\n                                    <\/figure>\n                                <\/div>\n                            <\/div>\n                            <div class=\"col-sm-9\">\n                                                            <div class=\"category-top\">\n                                    <span class=\"fw-bold text-danger\">Terminado<\/span>                                                                        <span class=\"data\">\n                                        <svg class=\"icon icon-secondary\">\n                                            <use xlink:href=\"https:\/\/iicbuenosaires.esteri.it\/wp-content\/themes\/sedi-tema\/assets\/svg\/sprites.svg#it-calendar\"><\/use>\n                                        <\/svg> Mi\u00e9 Ago 26 2026                                    <\/span>\n                                                                    <\/div>\n                            <h5 class=\"card-title big-heading text-uppercase\"><a class=\"text-body text-decoration-none\" href=\"https:\/\/iicbuenosaires.esteri.it\/es\/gli_eventi\/calendario\/fabrizio-mocata-en-tango-ba-festival-y-mundial-2026\/\" title=\"Fabrizio Mocata en Tango BA Festival y Mundial 2026\">Fabrizio Mocata en Tango BA Festival y Mundial 2026<\/a><\/h5>\n                            <p class=\"card-text\">El pianista siciliano Fabrizio Mocata participa en una nueva edici\u00f3n de Tango BA Festival y Mundial junto al reconocido armonicista y cantante argentino Franco Luciani. Con el apoyo del Istituto Italiano di Cultura di Buenos Aires, presentar\u00e1n Tangos cruzados el mi\u00e9rcoles 26 de agosto, a las 17.30 h, en el Sal\u00f3n Dorado del Teatro Col\u00f3n. [&hellip;]<\/p>\n                                <a title=\"Fabrizio Mocata en Tango BA Festival y Mundial 2026\" class=\"read-more\" href=\"https:\/\/iicbuenosaires.esteri.it\/es\/gli_eventi\/calendario\/fabrizio-mocata-en-tango-ba-festival-y-mundial-2026\/\">\n                                    <span class=\"text\">Lee mas<\/span>\n                                    <svg class=\"icon\">\n                                    <use xlink:href=\"https:\/\/iicbuenosaires.esteri.it\/wp-content\/themes\/sedi-tema\/assets\/svg\/sprites.svg#it-arrow-right\"><\/use>\n                                    <\/svg>\n                                <\/a>\n                                                        <\/div>\n                                                    <\/div>\n                    <\/div>\n                <\/div>\n                <!--end card-->\n                <\/div><!-- col-12 .mt-3-->\n                            <div class=\"col-12 mt-3\">\n                <!--start card-->\n                <div class=\"card-wrapper card-space\">\n                    <div class=\"card card-bg card-big border-bottom-card\">\n                        <div class=\"card-body row\">\n                                                    <div class=\"col-sm-3\">\n                                <div class=\"img-responsive\">\n                                    <figure class=\"img-wrapper\">\n                                        <a href=\"https:\/\/iicbuenosaires.esteri.it\/es\/gli_eventi\/calendario\/lectura-dantis-infierno-16\/\" title=\"Leer el art\u00edculo: LECTURA DANTIS: Infierno\">\n                                                                                            <img loading=\"lazy\" decoding=\"async\" width=\"240\" height=\"300\" src=\"https:\/\/iicbuenosaires.esteri.it\/wp-content\/uploads\/2026\/08\/20.08_LD_Inferno-grafica-240x300.jpg\" srcset=\"https:\/\/iicbuenosaires.esteri.it\/wp-content\/uploads\/2026\/08\/20.08_LD_Inferno-grafica.jpg 1080w, https:\/\/iicbuenosaires.esteri.it\/wp-content\/uploads\/2026\/08\/20.08_LD_Inferno-grafica-240x300.jpg 240w, https:\/\/iicbuenosaires.esteri.it\/wp-content\/uploads\/2026\/08\/20.08_LD_Inferno-grafica-819x1024.jpg 819w, https:\/\/iicbuenosaires.esteri.it\/wp-content\/uploads\/2026\/08\/20.08_LD_Inferno-grafica-768x960.jpg 768w\" sizes=\"auto, (max-width: 1080px) 100vw, 1080px\"  title=\"20.08_LD_Inferno grafica\" alt=\"\" class=\"img-fluid\">\n                                                                                    <\/a>\n                                    <\/figure>\n                                <\/div>\n                            <\/div>\n                            <div class=\"col-sm-9\">\n                                                            <div class=\"category-top\">\n                                    <span class=\"fw-bold text-danger\">Terminado<\/span>                                                                        <span class=\"data\">\n                                        <svg class=\"icon icon-secondary\">\n                                            <use xlink:href=\"https:\/\/iicbuenosaires.esteri.it\/wp-content\/themes\/sedi-tema\/assets\/svg\/sprites.svg#it-calendar\"><\/use>\n                                        <\/svg> Jue Ago 20 2026                                    <\/span>\n                                                                    <\/div>\n                            <h5 class=\"card-title big-heading text-uppercase\"><a class=\"text-body text-decoration-none\" href=\"https:\/\/iicbuenosaires.esteri.it\/es\/gli_eventi\/calendario\/lectura-dantis-infierno-16\/\" title=\"LECTURA DANTIS: Infierno\">LECTURA DANTIS: Infierno<\/a><\/h5>\n                            <p class=\"card-text\">LECTURA DANTIS en italiano a cargo de la Prof. Claudia Fern\u00e1ndez, quien este a\u00f1o ilustrar\u00e1 y comentar\u00e1 el Infierno, la primera c\u00e1ntiga de la Divina Commedia. D\u00eda: Jueves 20 de agosto 14 hs Lugar: Sala Benedetto Croce IIC &#8211; Marcelo T. de Alvear 3er piso Infierno XVIII Malebolge. Primer foso: rufianes y seductores. Segundo foso: [&hellip;]<\/p>\n                                <a title=\"LECTURA DANTIS: Infierno\" class=\"read-more\" href=\"https:\/\/iicbuenosaires.esteri.it\/es\/gli_eventi\/calendario\/lectura-dantis-infierno-16\/\">\n                                    <span class=\"text\">Lee mas<\/span>\n                                    <svg class=\"icon\">\n                                    <use xlink:href=\"https:\/\/iicbuenosaires.esteri.it\/wp-content\/themes\/sedi-tema\/assets\/svg\/sprites.svg#it-arrow-right\"><\/use>\n                                    <\/svg>\n                                <\/a>\n                                                        <\/div>\n                                                    <\/div>\n                    <\/div>\n                <\/div>\n                <!--end card-->\n                <\/div><!-- col-12 .mt-3-->\n                            <div class=\"col-12 mt-3\">\n                <!--start card-->\n                <div class=\"card-wrapper card-space\">\n                    <div class=\"card card-bg card-big border-bottom-card\">\n                        <div class=\"card-body row\">\n                                                    <div class=\"col-sm-3\">\n                                <div class=\"img-responsive\">\n                                    <figure class=\"img-wrapper\">\n                                        <a href=\"https:\/\/iicbuenosaires.esteri.it\/es\/gli_eventi\/calendario\/lectura-dantis-infierno-15\/\" title=\"Leer el art\u00edculo: LECTURA DANTIS: Infierno\">\n                                                                                            <img loading=\"lazy\" decoding=\"async\" width=\"240\" height=\"300\" src=\"https:\/\/iicbuenosaires.esteri.it\/wp-content\/uploads\/2026\/08\/13.08_LD_Inferno-XVII-grafica-240x300.jpg\" srcset=\"https:\/\/iicbuenosaires.esteri.it\/wp-content\/uploads\/2026\/08\/13.08_LD_Inferno-XVII-grafica.jpg 1080w, https:\/\/iicbuenosaires.esteri.it\/wp-content\/uploads\/2026\/08\/13.08_LD_Inferno-XVII-grafica-240x300.jpg 240w, https:\/\/iicbuenosaires.esteri.it\/wp-content\/uploads\/2026\/08\/13.08_LD_Inferno-XVII-grafica-819x1024.jpg 819w, https:\/\/iicbuenosaires.esteri.it\/wp-content\/uploads\/2026\/08\/13.08_LD_Inferno-XVII-grafica-768x960.jpg 768w\" sizes=\"auto, (max-width: 1080px) 100vw, 1080px\"  title=\"13.08_LD_Inferno XVII grafica\" alt=\"\" class=\"img-fluid\">\n                                                                                    <\/a>\n                                    <\/figure>\n                                <\/div>\n                            <\/div>\n                            <div class=\"col-sm-9\">\n                                                            <div class=\"category-top\">\n                                    <span class=\"fw-bold text-danger\">Terminado<\/span>                                                                        <span class=\"data\">\n                                        <svg class=\"icon icon-secondary\">\n                                            <use xlink:href=\"https:\/\/iicbuenosaires.esteri.it\/wp-content\/themes\/sedi-tema\/assets\/svg\/sprites.svg#it-calendar\"><\/use>\n                                        <\/svg> Jue Ago 13 2026                                    <\/span>\n                                                                    <\/div>\n                            <h5 class=\"card-title big-heading text-uppercase\"><a class=\"text-body text-decoration-none\" href=\"https:\/\/iicbuenosaires.esteri.it\/es\/gli_eventi\/calendario\/lectura-dantis-infierno-15\/\" title=\"LECTURA DANTIS: Infierno\">LECTURA DANTIS: Infierno<\/a><\/h5>\n                            <p class=\"card-text\">LECTURA DANTIS en italiano a cargo de la Prof. Claudia Fern\u00e1ndez, quien este a\u00f1o ilustrar\u00e1 y comentar\u00e1 el Infierno, la primera c\u00e1ntiga de la Divina Commedia. D\u00eda: Jueves 13 de agosto 14 hs Lugar: Sala Benedetto Croce IIC &#8211; Marcelo T. de Alvear 3er piso Infierno XVII Los usureros. El viaje sobre Gerione. Vuelo hasta [&hellip;]<\/p>\n                                <a title=\"LECTURA DANTIS: Infierno\" class=\"read-more\" href=\"https:\/\/iicbuenosaires.esteri.it\/es\/gli_eventi\/calendario\/lectura-dantis-infierno-15\/\">\n                                    <span class=\"text\">Lee mas<\/span>\n                                    <svg class=\"icon\">\n                                    <use xlink:href=\"https:\/\/iicbuenosaires.esteri.it\/wp-content\/themes\/sedi-tema\/assets\/svg\/sprites.svg#it-arrow-right\"><\/use>\n                                    <\/svg>\n                                <\/a>\n                                                        <\/div>\n                                                    <\/div>\n                    <\/div>\n                <\/div>\n                <!--end card-->\n                <\/div><!-- col-12 .mt-3-->\n                            <div class=\"col-12 mt-3\">\n                <!--start card-->\n                <div class=\"card-wrapper card-space\">\n                    <div class=\"card card-bg card-big border-bottom-card\">\n                        <div class=\"card-body row\">\n                                                    <div class=\"col-sm-3\">\n                                <div class=\"img-responsive\">\n                                    <figure class=\"img-wrapper\">\n                                        <a href=\"https:\/\/iicbuenosaires.esteri.it\/es\/gli_eventi\/calendario\/las-oberturas-de-rossini-a-cuatro-manos\/\" title=\"Leer el art\u00edculo: Las oberturas de Rossini a cuatro manos\">\n                                                                                            <img loading=\"lazy\" decoding=\"async\" width=\"300\" height=\"169\" src=\"https:\/\/iicbuenosaires.esteri.it\/wp-content\/uploads\/2026\/07\/FLYER-Sitio-web-1-300x169.png\" srcset=\"https:\/\/iicbuenosaires.esteri.it\/wp-content\/uploads\/2026\/07\/FLYER-Sitio-web-1.png 1366w, https:\/\/iicbuenosaires.esteri.it\/wp-content\/uploads\/2026\/07\/FLYER-Sitio-web-1-300x169.png 300w, https:\/\/iicbuenosaires.esteri.it\/wp-content\/uploads\/2026\/07\/FLYER-Sitio-web-1-1024x576.png 1024w, https:\/\/iicbuenosaires.esteri.it\/wp-content\/uploads\/2026\/07\/FLYER-Sitio-web-1-768x432.png 768w\" sizes=\"auto, (max-width: 1366px) 100vw, 1366px\"  title=\"FLYER Sitio web\" alt=\"\" class=\"img-fluid\">\n                                                                                    <\/a>\n                                    <\/figure>\n                                <\/div>\n                            <\/div>\n                            <div class=\"col-sm-9\">\n                                                            <div class=\"category-top\">\n                                    <span class=\"fw-bold text-danger\">Terminado<\/span>                                                                        <span class=\"data\">\n                                        <svg class=\"icon icon-secondary\">\n                                            <use xlink:href=\"https:\/\/iicbuenosaires.esteri.it\/wp-content\/themes\/sedi-tema\/assets\/svg\/sprites.svg#it-calendar\"><\/use>\n                                        <\/svg> Mar Ago 11 2026                                    <\/span>\n                                                                    <\/div>\n                            <h5 class=\"card-title big-heading text-uppercase\"><a class=\"text-body text-decoration-none\" href=\"https:\/\/iicbuenosaires.esteri.it\/es\/gli_eventi\/calendario\/las-oberturas-de-rossini-a-cuatro-manos\/\" title=\"Las oberturas de Rossini a cuatro manos\">Las oberturas de Rossini a cuatro manos<\/a><\/h5>\n                            <p class=\"card-text\">El D\u00fao Ferrandino \u2013 De Antoni en concierto El martes 11 de agosto a las 18.30 hs el Sal\u00f3n Benedetto Croce del Instituto Italiano de Cultura de Buenos Aires ser\u00e1 sede del concierto Las oberturas de Rossini a cuatro manos, interpretado por el D\u00fao Ferrandino \u2013 De Antoni, integrado por los pianistas italianos Sara Ferrandino [&hellip;]<\/p>\n                                <a title=\"Las oberturas de Rossini a cuatro manos\" class=\"read-more\" href=\"https:\/\/iicbuenosaires.esteri.it\/es\/gli_eventi\/calendario\/las-oberturas-de-rossini-a-cuatro-manos\/\">\n                                    <span class=\"text\">Lee mas<\/span>\n                                    <svg class=\"icon\">\n                                    <use xlink:href=\"https:\/\/iicbuenosaires.esteri.it\/wp-content\/themes\/sedi-tema\/assets\/svg\/sprites.svg#it-arrow-right\"><\/use>\n                                    <\/svg>\n                                <\/a>\n                                                        <\/div>\n                                                    <\/div>\n                    <\/div>\n                <\/div>\n                <!--end card-->\n                <\/div><!-- col-12 .mt-3-->\n                            <div class=\"col-12 mt-3\">\n                <!--start card-->\n                <div class=\"card-wrapper card-space\">\n                    <div class=\"card card-bg card-big border-bottom-card\">\n                        <div class=\"card-body row\">\n                                                    <div class=\"col-sm-3\">\n                                <div class=\"img-responsive\">\n                                    <figure class=\"img-wrapper\">\n                                        <a href=\"https:\/\/iicbuenosaires.esteri.it\/es\/gli_eventi\/calendario\/marco-misciagna-la-viola-virtuosa-in-concerto-a-buenos-aires\/\" title=\"Leer el art\u00edculo: Marco Misciagna, la viola virtuosa in concerto a Buenos Aires\">\n                                                                                            <img loading=\"lazy\" decoding=\"async\" width=\"300\" height=\"200\" src=\"https:\/\/iicbuenosaires.esteri.it\/wp-content\/uploads\/2026\/07\/2E9A0229-300x200.jpeg\" srcset=\"https:\/\/iicbuenosaires.esteri.it\/wp-content\/uploads\/2026\/07\/2E9A0229.jpeg 1920w, https:\/\/iicbuenosaires.esteri.it\/wp-content\/uploads\/2026\/07\/2E9A0229-300x200.jpeg 300w, https:\/\/iicbuenosaires.esteri.it\/wp-content\/uploads\/2026\/07\/2E9A0229-1024x682.jpeg 1024w, https:\/\/iicbuenosaires.esteri.it\/wp-content\/uploads\/2026\/07\/2E9A0229-768x512.jpeg 768w\" sizes=\"auto, (max-width: 1920px) 100vw, 1920px\"  title=\"2E9A0229\" alt=\"\" class=\"img-fluid\">\n                                                                                    <\/a>\n                                    <\/figure>\n                                <\/div>\n                            <\/div>\n                            <div class=\"col-sm-9\">\n                                                            <div class=\"category-top\">\n                                    <span class=\"fw-bold text-danger\">Terminado<\/span>                                                                        <span class=\"data\">\n                                        <svg class=\"icon icon-secondary\">\n                                            <use xlink:href=\"https:\/\/iicbuenosaires.esteri.it\/wp-content\/themes\/sedi-tema\/assets\/svg\/sprites.svg#it-calendar\"><\/use>\n                                        <\/svg> Vie Ago 07 2026<svg class=\"icon icon-xs icon-secondary me-1 ms-1\"><use href=\"https:\/\/iicbuenosaires.esteri.it\/wp-content\/themes\/sedi-tema\/assets\/svg\/sprites.svg#it-arrow-right\"><\/use><\/svg>Lun Ago 10 2026                                    <\/span>\n                                                                    <\/div>\n                            <h5 class=\"card-title big-heading text-uppercase\"><a class=\"text-body text-decoration-none\" href=\"https:\/\/iicbuenosaires.esteri.it\/es\/gli_eventi\/calendario\/marco-misciagna-la-viola-virtuosa-in-concerto-a-buenos-aires\/\" title=\"Marco Misciagna, la viola virtuosa in concerto a Buenos Aires\">Marco Misciagna, la viola virtuosa in concerto a Buenos Aires<\/a><\/h5>\n                            <p class=\"card-text\">Tras su participaci\u00f3n en el VI Festival Filarm\u00f3nico de la Bienal del Chaco, donde ofreci\u00f3 clases magistrales y conciertos, Marco Misciagna, aclamado internacionalmente y reconocido como \u00abArtista de Excelencia\u00bb por el Gobierno de B\u00e9lgica, se presentar\u00e1 en Buenos Aires. El proyecto es una iniciativa de la Fundaci\u00f3n Pradier Redes Culturales, y cuenta con el apoyo [&hellip;]<\/p>\n                                <a title=\"Marco Misciagna, la viola virtuosa in concerto a Buenos Aires\" class=\"read-more\" href=\"https:\/\/iicbuenosaires.esteri.it\/es\/gli_eventi\/calendario\/marco-misciagna-la-viola-virtuosa-in-concerto-a-buenos-aires\/\">\n                                    <span class=\"text\">Lee mas<\/span>\n                                    <svg class=\"icon\">\n                                    <use xlink:href=\"https:\/\/iicbuenosaires.esteri.it\/wp-content\/themes\/sedi-tema\/assets\/svg\/sprites.svg#it-arrow-right\"><\/use>\n                                    <\/svg>\n                                <\/a>\n                                                        <\/div>\n                                                    <\/div>\n                    <\/div>\n                <\/div>\n                <!--end card-->\n                <\/div><!-- col-12 .mt-3-->\n                            <div class=\"col-12 mt-3\">\n                <!--start card-->\n                <div class=\"card-wrapper card-space\">\n                    <div class=\"card card-bg card-big border-bottom-card\">\n                        <div class=\"card-body row\">\n                                                    <div class=\"col-sm-3\">\n                                <div class=\"img-responsive\">\n                                    <figure class=\"img-wrapper\">\n                                        <a href=\"https:\/\/iicbuenosaires.esteri.it\/es\/gli_eventi\/calendario\/luchino-visconti-viajes-en-italia\/\" title=\"Leer el art\u00edculo: Luchino Visconti: viajes en Italia\">\n                                                                                            <img loading=\"lazy\" decoding=\"async\" width=\"240\" height=\"300\" src=\"https:\/\/iicbuenosaires.esteri.it\/wp-content\/uploads\/2026\/07\/Visconti_flyer-fijo-240x300.jpg\" srcset=\"https:\/\/iicbuenosaires.esteri.it\/wp-content\/uploads\/2026\/07\/Visconti_flyer-fijo.jpg 1920w, https:\/\/iicbuenosaires.esteri.it\/wp-content\/uploads\/2026\/07\/Visconti_flyer-fijo-240x300.jpg 240w, https:\/\/iicbuenosaires.esteri.it\/wp-content\/uploads\/2026\/07\/Visconti_flyer-fijo-819x1024.jpg 819w, https:\/\/iicbuenosaires.esteri.it\/wp-content\/uploads\/2026\/07\/Visconti_flyer-fijo-768x960.jpg 768w\" sizes=\"auto, (max-width: 1920px) 100vw, 1920px\"  title=\"Visconti_flyer fijo\" alt=\"\" class=\"img-fluid\">\n                                                                                    <\/a>\n                                    <\/figure>\n                                <\/div>\n                            <\/div>\n                            <div class=\"col-sm-9\">\n                                                            <div class=\"category-top\">\n                                    <span class=\"fw-bold text-danger\">Terminado<\/span>                                                                        <span class=\"data\">\n                                        <svg class=\"icon icon-secondary\">\n                                            <use xlink:href=\"https:\/\/iicbuenosaires.esteri.it\/wp-content\/themes\/sedi-tema\/assets\/svg\/sprites.svg#it-calendar\"><\/use>\n                                        <\/svg> Jue Ago 06 2026<svg class=\"icon icon-xs icon-secondary me-1 ms-1\"><use href=\"https:\/\/iicbuenosaires.esteri.it\/wp-content\/themes\/sedi-tema\/assets\/svg\/sprites.svg#it-arrow-right\"><\/use><\/svg>S\u00e1b Ago 29 2026                                    <\/span>\n                                                                    <\/div>\n                            <h5 class=\"card-title big-heading text-uppercase\"><a class=\"text-body text-decoration-none\" href=\"https:\/\/iicbuenosaires.esteri.it\/es\/gli_eventi\/calendario\/luchino-visconti-viajes-en-italia\/\" title=\"Luchino Visconti: viajes en Italia\">Luchino Visconti: viajes en Italia<\/a><\/h5>\n                            <p class=\"card-text\">Del 6 al 29 de agosto, el Istituto Italiano di Cultura de Buenos Aires, junto con la Sala Leopoldo Lugones del Teatro San Mart\u00edn y la Fundaci\u00f3n Cinemateca Argentina, presenta el ciclo Luchino Visconti: viajes en Italia, una retrospectiva dedicada al gran realizador italiano en el 50.\u00ba aniversario de su fallecimiento. La iniciativa se inscribe [&hellip;]<\/p>\n                                <a title=\"Luchino Visconti: viajes en Italia\" class=\"read-more\" href=\"https:\/\/iicbuenosaires.esteri.it\/es\/gli_eventi\/calendario\/luchino-visconti-viajes-en-italia\/\">\n                                    <span class=\"text\">Lee mas<\/span>\n                                    <svg class=\"icon\">\n                                    <use xlink:href=\"https:\/\/iicbuenosaires.esteri.it\/wp-content\/themes\/sedi-tema\/assets\/svg\/sprites.svg#it-arrow-right\"><\/use>\n                                    <\/svg>\n                                <\/a>\n                                                        <\/div>\n                                                    <\/div>\n                    <\/div>\n                <\/div>\n                <!--end card-->\n                <\/div><!-- col-12 .mt-3-->\n                            <div class=\"col-12 mt-3\">\n                <!--start card-->\n                <div class=\"card-wrapper card-space\">\n                    <div class=\"card card-bg card-big border-bottom-card\">\n                        <div class=\"card-body row\">\n                                                    <div class=\"col-sm-3\">\n                                <div class=\"img-responsive\">\n                                    <figure class=\"img-wrapper\">\n                                        <a href=\"https:\/\/iicbuenosaires.esteri.it\/es\/gli_eventi\/calendario\/lectura-dantis-infierno-14\/\" title=\"Leer el art\u00edculo: LECTURA DANTIS: Infierno\">\n                                                                                            <img loading=\"lazy\" decoding=\"async\" width=\"300\" height=\"231\" src=\"https:\/\/iicbuenosaires.esteri.it\/wp-content\/uploads\/2026\/07\/ld-300x231.png\" srcset=\"https:\/\/iicbuenosaires.esteri.it\/wp-content\/uploads\/2026\/07\/ld.png 1080w, https:\/\/iicbuenosaires.esteri.it\/wp-content\/uploads\/2026\/07\/ld-300x231.png 300w, https:\/\/iicbuenosaires.esteri.it\/wp-content\/uploads\/2026\/07\/ld-1024x789.png 1024w, https:\/\/iicbuenosaires.esteri.it\/wp-content\/uploads\/2026\/07\/ld-768x592.png 768w\" sizes=\"auto, (max-width: 1080px) 100vw, 1080px\"  title=\"ld\" alt=\"\" class=\"img-fluid\">\n                                                                                    <\/a>\n                                    <\/figure>\n                                <\/div>\n                            <\/div>\n                            <div class=\"col-sm-9\">\n                                                            <div class=\"category-top\">\n                                    <span class=\"fw-bold text-danger\">Terminado<\/span>                                                                        <span class=\"data\">\n                                        <svg class=\"icon icon-secondary\">\n                                            <use xlink:href=\"https:\/\/iicbuenosaires.esteri.it\/wp-content\/themes\/sedi-tema\/assets\/svg\/sprites.svg#it-calendar\"><\/use>\n                                        <\/svg> Jue Ago 06 2026                                    <\/span>\n                                                                    <\/div>\n                            <h5 class=\"card-title big-heading text-uppercase\"><a class=\"text-body text-decoration-none\" href=\"https:\/\/iicbuenosaires.esteri.it\/es\/gli_eventi\/calendario\/lectura-dantis-infierno-14\/\" title=\"LECTURA DANTIS: Infierno\">LECTURA DANTIS: Infierno<\/a><\/h5>\n                            <p class=\"card-text\">LECTURA DANTIS en italiano a cargo de la Prof. Claudia Fern\u00e1ndez, quien este a\u00f1o ilustrar\u00e1 y comentar\u00e1 el Infierno, la primera c\u00e1ntiga de la Divina Commedia. D\u00eda: Jueves 6 de agosto 14 hs Lugar: Sala Benedetto Croce IIC &#8211; Marcelo T. de Alvear 3er piso Infierno XVI La corrupci\u00f3n de Florencia. Espera y llegada de [&hellip;]<\/p>\n                                <a title=\"LECTURA DANTIS: Infierno\" class=\"read-more\" href=\"https:\/\/iicbuenosaires.esteri.it\/es\/gli_eventi\/calendario\/lectura-dantis-infierno-14\/\">\n                                    <span class=\"text\">Lee mas<\/span>\n                                    <svg class=\"icon\">\n                                    <use xlink:href=\"https:\/\/iicbuenosaires.esteri.it\/wp-content\/themes\/sedi-tema\/assets\/svg\/sprites.svg#it-arrow-right\"><\/use>\n                                    <\/svg>\n                                <\/a>\n                                                        <\/div>\n                                                    <\/div>\n                    <\/div>\n                <\/div>\n                <!--end card-->\n                <\/div><!-- col-12 .mt-3-->\n                            <div class=\"col-12 mt-3\">\n                <!--start card-->\n                <div class=\"card-wrapper card-space\">\n                    <div class=\"card card-bg card-big border-bottom-card\">\n                        <div class=\"card-body row\">\n                                                    <div class=\"col-sm-3\">\n                                <div class=\"img-responsive\">\n                                    <figure class=\"img-wrapper\">\n                                        <a href=\"https:\/\/iicbuenosaires.esteri.it\/es\/gli_eventi\/calendario\/la-editorial-fandango-libri-invitada-especial-de-la-feria-de-editores\/\" title=\"Leer el art\u00edculo: Tiziana Triana de editorial Fandango libri invitada especial de la Feria de Editores\">\n                                                                                            <img loading=\"lazy\" decoding=\"async\" width=\"240\" height=\"300\" src=\"https:\/\/iicbuenosaires.esteri.it\/wp-content\/uploads\/2026\/07\/Flyer-Fellow-en-Puan-240x300.png\" srcset=\"https:\/\/iicbuenosaires.esteri.it\/wp-content\/uploads\/2026\/07\/Flyer-Fellow-en-Puan.png 562w, https:\/\/iicbuenosaires.esteri.it\/wp-content\/uploads\/2026\/07\/Flyer-Fellow-en-Puan-240x300.png 240w\" sizes=\"auto, (max-width: 562px) 100vw, 562px\"  title=\"Flyer Fellow en Pu\u00e1n\" alt=\"\" class=\"img-fluid\">\n                                                                                    <\/a>\n                                    <\/figure>\n                                <\/div>\n                            <\/div>\n                            <div class=\"col-sm-9\">\n                                                            <div class=\"category-top\">\n                                    <span class=\"fw-bold text-danger\">Terminado<\/span>                                                                        <span class=\"data\">\n                                        <svg class=\"icon icon-secondary\">\n                                            <use xlink:href=\"https:\/\/iicbuenosaires.esteri.it\/wp-content\/themes\/sedi-tema\/assets\/svg\/sprites.svg#it-calendar\"><\/use>\n                                        <\/svg> Mi\u00e9 Ago 05 2026<svg class=\"icon icon-xs icon-secondary me-1 ms-1\"><use href=\"https:\/\/iicbuenosaires.esteri.it\/wp-content\/themes\/sedi-tema\/assets\/svg\/sprites.svg#it-arrow-right\"><\/use><\/svg>Dom Ago 09 2026                                    <\/span>\n                                                                    <\/div>\n                            <h5 class=\"card-title big-heading text-uppercase\"><a class=\"text-body text-decoration-none\" href=\"https:\/\/iicbuenosaires.esteri.it\/es\/gli_eventi\/calendario\/la-editorial-fandango-libri-invitada-especial-de-la-feria-de-editores\/\" title=\"Tiziana Triana de editorial Fandango libri invitada especial de la Feria de Editores\">Tiziana Triana de editorial Fandango libri invitada especial de la Feria de Editores<\/a><\/h5>\n                            <p class=\"card-text\">Del 5 al 9 de agosto | Complejo Art Media \u2013 Av. Corrientes 6271 Entrada libre y gratuita El Istituto Italiano di Cultura de Buenos Aires acompa\u00f1a una nueva edici\u00f3n de la Feria de Editores (FED), que se realizar\u00e1 del 5 al 9 de agosto, con la participaci\u00f3n especial de Tiziana Triana, directora editorial de [&hellip;]<\/p>\n                                <a title=\"Tiziana Triana de editorial Fandango libri invitada especial de la Feria de Editores\" class=\"read-more\" href=\"https:\/\/iicbuenosaires.esteri.it\/es\/gli_eventi\/calendario\/la-editorial-fandango-libri-invitada-especial-de-la-feria-de-editores\/\">\n                                    <span class=\"text\">Lee mas<\/span>\n                                    <svg class=\"icon\">\n                                    <use xlink:href=\"https:\/\/iicbuenosaires.esteri.it\/wp-content\/themes\/sedi-tema\/assets\/svg\/sprites.svg#it-arrow-right\"><\/use>\n                                    <\/svg>\n                                <\/a>\n                                                        <\/div>\n                                                    <\/div>\n                    <\/div>\n                <\/div>\n                <!--end card-->\n                <\/div><!-- col-12 .mt-3-->\n                            <div class=\"col-12 mt-3\">\n                <!--start card-->\n                <div class=\"card-wrapper card-space\">\n                    <div class=\"card card-bg card-big border-bottom-card\">\n                        <div class=\"card-body row\">\n                                                    <div class=\"col-sm-3\">\n                                <div class=\"img-responsive\">\n                                    <figure class=\"img-wrapper\">\n                                        <a href=\"https:\/\/iicbuenosaires.esteri.it\/es\/gli_eventi\/calendario\/encuentro-de-formacion-para-docentes-apprendere-insieme-e-con-piacere-la-didattica-ludico-cooperativa-con-el-prof-fabio-caon\/\" title=\"Leer el art\u00edculo: Encuentro de formaci\u00f3n para docentes: \u00abApprendere insieme e con piacere: La didattica ludico-cooperativa\u00bb con el Prof. Fabio Caon\">\n                                                                                            <img loading=\"lazy\" decoding=\"async\" width=\"300\" height=\"169\" src=\"https:\/\/iicbuenosaires.esteri.it\/wp-content\/uploads\/2026\/07\/Diseno-sin-titulo-300x169.png\" srcset=\"https:\/\/iicbuenosaires.esteri.it\/wp-content\/uploads\/2026\/07\/Diseno-sin-titulo.png 1366w, https:\/\/iicbuenosaires.esteri.it\/wp-content\/uploads\/2026\/07\/Diseno-sin-titulo-300x169.png 300w, https:\/\/iicbuenosaires.esteri.it\/wp-content\/uploads\/2026\/07\/Diseno-sin-titulo-1024x576.png 1024w, https:\/\/iicbuenosaires.esteri.it\/wp-content\/uploads\/2026\/07\/Diseno-sin-titulo-768x432.png 768w\" sizes=\"auto, (max-width: 1366px) 100vw, 1366px\"  title=\"Dise\u00f1o sin t\u00edtulo\" alt=\"\" class=\"img-fluid\">\n                                                                                    <\/a>\n                                    <\/figure>\n                                <\/div>\n                            <\/div>\n                            <div class=\"col-sm-9\">\n                                                            <div class=\"category-top\">\n                                    <span class=\"fw-bold text-danger\">Terminado<\/span>                                                                        <span class=\"data\">\n                                        <svg class=\"icon icon-secondary\">\n                                            <use xlink:href=\"https:\/\/iicbuenosaires.esteri.it\/wp-content\/themes\/sedi-tema\/assets\/svg\/sprites.svg#it-calendar\"><\/use>\n                                        <\/svg> Mar Ago 04 2026<svg class=\"icon icon-xs icon-secondary me-1 ms-1\"><use href=\"https:\/\/iicbuenosaires.esteri.it\/wp-content\/themes\/sedi-tema\/assets\/svg\/sprites.svg#it-arrow-right\"><\/use><\/svg>Mar Ago 04 2026                                    <\/span>\n                                                                    <\/div>\n                            <h5 class=\"card-title big-heading text-uppercase\"><a class=\"text-body text-decoration-none\" href=\"https:\/\/iicbuenosaires.esteri.it\/es\/gli_eventi\/calendario\/encuentro-de-formacion-para-docentes-apprendere-insieme-e-con-piacere-la-didattica-ludico-cooperativa-con-el-prof-fabio-caon\/\" title=\"Encuentro de formaci\u00f3n para docentes: \u00abApprendere insieme e con piacere: La didattica ludico-cooperativa\u00bb con el Prof. Fabio Caon\">Encuentro de formaci\u00f3n para docentes: \u00abApprendere insieme e con piacere: La didattica ludico-cooperativa\u00bb con el Prof. Fabio Caon<\/a><\/h5>\n                            <p class=\"card-text\">El Istituto Italiano di Cultura de Buenos Aires, en colaboraci\u00f3n con la Dante Alighieri de Ramos Mej\u00eda, tiene el agrado de presentar el encuentro de formaci\u00f3n dirigido a docentes y aspirantes a docentes de lengua italiana titulado: \u201cApprendere insieme e con piacere: La didattica ludico-cooperativa\u201d. El evento contar\u00e1 con la presencia del Prof. Fabio Caon, [&hellip;]<\/p>\n                                <a title=\"Encuentro de formaci\u00f3n para docentes: \u00abApprendere insieme e con piacere: La didattica ludico-cooperativa\u00bb con el Prof. Fabio Caon\" class=\"read-more\" href=\"https:\/\/iicbuenosaires.esteri.it\/es\/gli_eventi\/calendario\/encuentro-de-formacion-para-docentes-apprendere-insieme-e-con-piacere-la-didattica-ludico-cooperativa-con-el-prof-fabio-caon\/\">\n                                    <span class=\"text\">Lee mas<\/span>\n                                    <svg class=\"icon\">\n                                    <use xlink:href=\"https:\/\/iicbuenosaires.esteri.it\/wp-content\/themes\/sedi-tema\/assets\/svg\/sprites.svg#it-arrow-right\"><\/use>\n                                    <\/svg>\n                                <\/a>\n                                                        <\/div>\n                                                    <\/div>\n                    <\/div>\n                <\/div>\n                <!--end card-->\n                <\/div><!-- col-12 .mt-3-->\n            \n            <div class=\"col-md-12 mt-4 pb-4\">\n                <nav class=\"navigation col-md-12\" aria-label=\"Navigation\">\n                    <h2 class=\"screen-reader-text visually-hidden\">Paginaci\u00f3n<\/h2>\n                    <div class=\"nav-links\">\n                    <span aria-current=\"page\" class=\"page-numbers current\">1<\/span>\n<a class=\"page-numbers\" href=\"https:\/\/iicbuenosaires.esteri.it\/es\/wp-json\/wp\/v2\/pages\/8893\/?pag=2\">2<\/a>\n<a class=\"page-numbers\" href=\"https:\/\/iicbuenosaires.esteri.it\/es\/wp-json\/wp\/v2\/pages\/8893\/?pag=3\">3<\/a>\n<span class=\"page-numbers dots\">&hellip;<\/span>\n<a class=\"page-numbers\" href=\"https:\/\/iicbuenosaires.esteri.it\/es\/wp-json\/wp\/v2\/pages\/8893\/?pag=151\">151<\/a>\n<a class=\"next page-numbers\" href=\"https:\/\/iicbuenosaires.esteri.it\/es\/wp-json\/wp\/v2\/pages\/8893\/?pag=2\"><svg class=\"icon icon-primary\"><use xlink:href=\"https:\/\/iicbuenosaires.esteri.it\/wp-content\/themes\/sedi-tema\/assets\/svg\/sprites.svg#it-chevron-right\"><\/use><\/svg>\n                                    <span class=\"visually-hidden\">Siguiente p\u00e1gina<\/span><\/a>                    <\/div>\n                <\/nav>\n            <\/div>   <!--.col-md-12 -->\n              <\/div><!--.row -->\n              \n<p>&nbsp;<\/p>\n","protected":false},"excerpt":{"rendered":"&nbsp;","protected":false},"author":1,"featured_media":0,"parent":73,"menu_order":0,"comment_status":"closed","ping_status":"closed","template":"","meta":{"footnotes":""},"class_list":["post-8893","page","type-page","status-publish","hentry"],"_links":{"self":[{"href":"https:\/\/iicbuenosaires.esteri.it\/es\/wp-json\/wp\/v2\/pages\/8893","targetHints":{"allow":["GET"]}}],"collection":[{"href":"https:\/\/iicbuenosaires.esteri.it\/es\/wp-json\/wp\/v2\/pages"}],"about":[{"href":"https:\/\/iicbuenosaires.esteri.it\/es\/wp-json\/wp\/v2\/types\/page"}],"author":[{"embeddable":true,"href":"https:\/\/iicbuenosaires.esteri.it\/es\/wp-json\/wp\/v2\/users\/1"}],"replies":[{"embeddable":true,"href":"https:\/\/iicbuenosaires.esteri.it\/es\/wp-json\/wp\/v2\/comments?post=8893"}],"version-history":[{"count":1,"href":"https:\/\/iicbuenosaires.esteri.it\/es\/wp-json\/wp\/v2\/pages\/8893\/revisions"}],"predecessor-version":[{"id":11890,"href":"https:\/\/iicbuenosaires.esteri.it\/es\/wp-json\/wp\/v2\/pages\/8893\/revisions\/11890"}],"up":[{"embeddable":true,"href":"https:\/\/iicbuenosaires.esteri.it\/es\/wp-json\/wp\/v2\/pages\/73"}],"wp:attachment":[{"href":"https:\/\/iicbuenosaires.esteri.it\/es\/wp-json\/wp\/v2\/media?parent=8893"}],"curies":[{"name":"wp","href":"https:\/\/api.w.org\/{rel}","templated":true}]}}