{"id":17,"date":"2023-04-03T20:31:30","date_gmt":"2023-04-03T18:31:30","guid":{"rendered":"https:\/\/iicbuenosaires.esteri.it\/?page_id=17"},"modified":"2023-08-24T11:43:58","modified_gmt":"2023-08-24T09:43:58","slug":"gli_eventi","status":"publish","type":"page","link":"https:\/\/iicbuenosaires.esteri.it\/it\/gli_eventi\/","title":{"rendered":"Eventi"},"content":{"rendered":"        <div class=\"row\">\n\t\t\t<!-- Ricerca sedi post -->\n\t\t\t<div class=\"col-12 mt-4\">\n\t\t\t  <div class=\"callout callout-highlight note ricerca-esteri p-4\">\n                    <div class=\"callout-title\">\n                        <svg class=\"icon\">\n                            <use xlink:href=\"https:\/\/iicbuenosaires.esteri.it\/wp-content\/themes\/sedi-tema\/assets\/svg\/sprites.svg#it-search\"><\/use>\n                        <\/svg>Inserisci i parametri di ricerca                    <\/div>\n                    <form id=\"searchFormPost\" name=\"form-search-post\" class=\"form-row align-items-center\" action=\"https:\/\/iicbuenosaires.esteri.it\/it\/wp-json\/wp\/v2\/pages\/17\/\" method=\"GET\"> \n                        <!-- <div class=\"form-group pt-5\"> -->\n                            <!-- <input type=\"hidden\" id=\"lang\" name=\"lang\" value=\"\"> --> <!-- <\/div> -->\n\n                        <div class=\"it-datepicker-wrapper\">\n                            <div class=\"row\">\n                                <div class=\"form-group col-md-6\">\n                                    <label class=\"active\" for=\"date-init\">Dal<\/label>\n                                    <input class=\"form-control\" name=\"date-init\" id=\"date-init\" type=\"date\" placeholder=\"gg\/mm\/aaaa\" value=\"\"lang=\"en-EN\">  \n                                <\/div>\n                                <div class=\"form-group col-md-6\">\n                                    <label class=\"active\" for=\"date-end\">Al<\/label>\n                                    <input class=\"form-control\" name=\"date-end\" id=\"date-end\" type=\"date\" placeholder=\"gg\/mm\/aaaa\" value=\"\">\n                                <\/div>\n                            <\/div>\n                        <\/div>\n                        <div class=\"form-group col-md-12 mt-3\">\n                            <label for=\"searchText\">Campo ricerca libera<\/label>\n                            <input type=\"text\" name=\"searchText\" class=\"form-control\" id=\"searchText\" value=\"\">\n                        <\/div>\n                        <div class=\"form-group col-md-4 offset-md-8 text-end\">\n                            <a href=\"https:\/\/iicbuenosaires.esteri.it\/it\/gli_eventi\/\" title=\"Form reset\" id=\"resetImput\" class=\"btn btn-outline-primary btn-xs\">Reset<\/a>\n                            <button type=\"submit\" class=\"btn btn-primary btn-xs\">Mostra risultati<\/button>\n                        <\/div>\n                    <\/form>\n\t\t\t\t<\/div>\n\t\t\t<\/div>\n\t\t<\/div>\n                    \n            <div class=\"row\">\n                            <div class=\"col-12 mt-3\">\n                <!--start card-->\n                <div class=\"card-wrapper card-space\">\n                    <div class=\"card card-bg card-big border-bottom-card\">\n                        <div class=\"card-body row\">\n                                                    <div class=\"col-sm-3\">\n                                <div class=\"img-responsive\">\n                                    <figure class=\"img-wrapper\">\n                                        <a href=\"https:\/\/iicbuenosaires.esteri.it\/it\/gli_eventi\/calendario\/lectura-dantis-inferno-vi\/\" title=\"Leggi l'articolo: LECTURA DANTIS: Inferno VI\">\n                                                                                            <img loading=\"lazy\" decoding=\"async\" width=\"300\" height=\"254\" src=\"https:\/\/iicbuenosaires.esteri.it\/wp-content\/uploads\/2026\/04\/LD-6.1-300x254.png\" srcset=\"https:\/\/iicbuenosaires.esteri.it\/wp-content\/uploads\/2026\/04\/LD-6.1.png 1080w, https:\/\/iicbuenosaires.esteri.it\/wp-content\/uploads\/2026\/04\/LD-6.1-300x254.png 300w, https:\/\/iicbuenosaires.esteri.it\/wp-content\/uploads\/2026\/04\/LD-6.1-1024x868.png 1024w, https:\/\/iicbuenosaires.esteri.it\/wp-content\/uploads\/2026\/04\/LD-6.1-768x651.png 768w\" sizes=\"auto, (max-width: 1080px) 100vw, 1080px\"  title=\"LD 6.1\" alt=\"\" class=\"img-fluid\">\n                                                                                    <\/a>\n                                    <\/figure>\n                                <\/div>\n                            <\/div>\n                            <div class=\"col-sm-9\">\n                                                            <div class=\"category-top\">\n                                    <span class=\"fw-bold \"><\/span>                                                                        <span class=\"\">\n                                        <svg class=\"icon icon-secondary\">\n                                            <use xlink:href=\"https:\/\/iicbuenosaires.esteri.it\/wp-content\/themes\/sedi-tema\/assets\/svg\/sprites.svg#it-calendar\"><\/use>\n                                        <\/svg> Gio 07 Mag 2026                                    <\/span>\n                                                                    <\/div>\n                            <h5 class=\"card-title big-heading text-uppercase\"><a class=\"text-body text-decoration-none\" href=\"https:\/\/iicbuenosaires.esteri.it\/it\/gli_eventi\/calendario\/lectura-dantis-inferno-vi\/\" title=\"LECTURA DANTIS: Inferno VI\">LECTURA DANTIS: Inferno VI<\/a><\/h5>\n                            <p class=\"card-text\">LECTURA DANTIS in italiano a cura della Prof.ssa Claudia Fern\u00e1ndez, che quest&#8217;anno illustrer\u00e0 e commenter\u00e0 l\u2019Inferno, la prima cantica della Divina Commedia. Data: Gioved\u00ec 7 maggio, ore 14.00 Sede: Sala Benedetto Croce IIC &#8211; Marcelo T. de Alvear 3\u00b0piano Inferno VI Terzo cerchio, dei golosi. Prima profezia sul futuro politico di Firenze. Attivit\u00e0 esclusiva per [&hellip;]<\/p>\n                                <a title=\"LECTURA DANTIS: Inferno VI\" class=\"read-more\" href=\"https:\/\/iicbuenosaires.esteri.it\/it\/gli_eventi\/calendario\/lectura-dantis-inferno-vi\/\">\n                                    <span class=\"text\">Leggi di pi\u00f9<\/span>\n                                    <svg class=\"icon\">\n                                    <use xlink:href=\"https:\/\/iicbuenosaires.esteri.it\/wp-content\/themes\/sedi-tema\/assets\/svg\/sprites.svg#it-arrow-right\"><\/use>\n                                    <\/svg>\n                                <\/a>\n                                                        <\/div>\n                                                    <\/div>\n                    <\/div>\n                <\/div>\n                <!--end card-->\n                <\/div><!-- col-12 .mt-3-->\n                            <div class=\"col-12 mt-3\">\n                <!--start card-->\n                <div class=\"card-wrapper card-space\">\n                    <div class=\"card card-bg card-big border-bottom-card\">\n                        <div class=\"card-body row\">\n                                                    <div class=\"col-sm-3\">\n                                <div class=\"img-responsive\">\n                                    <figure class=\"img-wrapper\">\n                                        <a href=\"https:\/\/iicbuenosaires.esteri.it\/it\/gli_eventi\/calendario\/laboratorio-di-intelligenza-artificiale-per-litaliano-ls-pratiche-strumenti-e-scenari-didattici\/\" title=\"Leggi l'articolo: Laboratorio di Intelligenza Artificiale per l\u2019italiano LS: pratiche, strumenti e scenari didattici\">\n                                                                                            <img loading=\"lazy\" decoding=\"async\" width=\"300\" height=\"169\" src=\"https:\/\/iicbuenosaires.esteri.it\/wp-content\/uploads\/2026\/04\/LAB-IA-PER-SITO-1080-x-1350-px-Sitio-web-300x169.jpg\" srcset=\"https:\/\/iicbuenosaires.esteri.it\/wp-content\/uploads\/2026\/04\/LAB-IA-PER-SITO-1080-x-1350-px-Sitio-web.jpg 1366w, https:\/\/iicbuenosaires.esteri.it\/wp-content\/uploads\/2026\/04\/LAB-IA-PER-SITO-1080-x-1350-px-Sitio-web-300x169.jpg 300w, https:\/\/iicbuenosaires.esteri.it\/wp-content\/uploads\/2026\/04\/LAB-IA-PER-SITO-1080-x-1350-px-Sitio-web-1024x576.jpg 1024w, https:\/\/iicbuenosaires.esteri.it\/wp-content\/uploads\/2026\/04\/LAB-IA-PER-SITO-1080-x-1350-px-Sitio-web-768x432.jpg 768w\" sizes=\"auto, (max-width: 1366px) 100vw, 1366px\"  title=\"LAB IA PER SITO (1080 x 1350 px) (Sitio web)\" alt=\"\" class=\"img-fluid\">\n                                                                                    <\/a>\n                                    <\/figure>\n                                <\/div>\n                            <\/div>\n                            <div class=\"col-sm-9\">\n                                                            <div class=\"category-top\">\n                                    <span class=\"fw-bold \"><\/span>                                                                        <span class=\"\">\n                                        <svg class=\"icon icon-secondary\">\n                                            <use xlink:href=\"https:\/\/iicbuenosaires.esteri.it\/wp-content\/themes\/sedi-tema\/assets\/svg\/sprites.svg#it-calendar\"><\/use>\n                                        <\/svg> Gio 07 Mag 2026                                    <\/span>\n                                                                    <\/div>\n                            <h5 class=\"card-title big-heading text-uppercase\"><a class=\"text-body text-decoration-none\" href=\"https:\/\/iicbuenosaires.esteri.it\/it\/gli_eventi\/calendario\/laboratorio-di-intelligenza-artificiale-per-litaliano-ls-pratiche-strumenti-e-scenari-didattici\/\" title=\"Laboratorio di Intelligenza Artificiale per l\u2019italiano LS: pratiche, strumenti e scenari didattici\">Laboratorio di Intelligenza Artificiale per l\u2019italiano LS: pratiche, strumenti e scenari didattici<\/a><\/h5>\n                            <p class=\"card-text\">L\u2019Istituto Italiano di Cultura di Buenos Aires, in collaborazione con l\u2019Universit\u00e0 per Stranieri di Perugia, promuove un laboratorio dedicato ai docenti di italiano come seconda lingua e lingua straniera, con l\u2019obiettivo di esplorare le potenzialit\u00e0 dell\u2019Intelligenza Artificiale applicata all\u2019educazione linguistica. L\u2019incontro si terr\u00e0 gioved\u00ec 7 maggio alle ore 18.00 presso la sede dell\u2019Istituto (Marcelo T. [&hellip;]<\/p>\n                                <a title=\"Laboratorio di Intelligenza Artificiale per l\u2019italiano LS: pratiche, strumenti e scenari didattici\" class=\"read-more\" href=\"https:\/\/iicbuenosaires.esteri.it\/it\/gli_eventi\/calendario\/laboratorio-di-intelligenza-artificiale-per-litaliano-ls-pratiche-strumenti-e-scenari-didattici\/\">\n                                    <span class=\"text\">Leggi di pi\u00f9<\/span>\n                                    <svg class=\"icon\">\n                                    <use xlink:href=\"https:\/\/iicbuenosaires.esteri.it\/wp-content\/themes\/sedi-tema\/assets\/svg\/sprites.svg#it-arrow-right\"><\/use>\n                                    <\/svg>\n                                <\/a>\n                                                        <\/div>\n                                                    <\/div>\n                    <\/div>\n                <\/div>\n                <!--end card-->\n                <\/div><!-- col-12 .mt-3-->\n            \n            <div class=\"col-md-12 mt-4 pb-4\">\n                <nav class=\"navigation col-md-12\" aria-label=\"Navigation\">\n                    <h2 class=\"screen-reader-text visually-hidden\">Paginazione<\/h2>\n                    <div class=\"nav-links\">\n                                        <\/div>\n                <\/nav>\n            <\/div>   <!--.col-md-12 -->\n              <\/div><!--.row -->\n              \n","protected":false},"excerpt":{"rendered":"","protected":false},"author":1,"featured_media":0,"parent":0,"menu_order":6,"comment_status":"closed","ping_status":"closed","template":"","meta":{"footnotes":""},"class_list":["post-17","page","type-page","status-publish","hentry"],"_links":{"self":[{"href":"https:\/\/iicbuenosaires.esteri.it\/it\/wp-json\/wp\/v2\/pages\/17","targetHints":{"allow":["GET"]}}],"collection":[{"href":"https:\/\/iicbuenosaires.esteri.it\/it\/wp-json\/wp\/v2\/pages"}],"about":[{"href":"https:\/\/iicbuenosaires.esteri.it\/it\/wp-json\/wp\/v2\/types\/page"}],"author":[{"embeddable":true,"href":"https:\/\/iicbuenosaires.esteri.it\/it\/wp-json\/wp\/v2\/users\/1"}],"replies":[{"embeddable":true,"href":"https:\/\/iicbuenosaires.esteri.it\/it\/wp-json\/wp\/v2\/comments?post=17"}],"version-history":[{"count":2,"href":"https:\/\/iicbuenosaires.esteri.it\/it\/wp-json\/wp\/v2\/pages\/17\/revisions"}],"predecessor-version":[{"id":63,"href":"https:\/\/iicbuenosaires.esteri.it\/it\/wp-json\/wp\/v2\/pages\/17\/revisions\/63"}],"wp:attachment":[{"href":"https:\/\/iicbuenosaires.esteri.it\/it\/wp-json\/wp\/v2\/media?parent=17"}],"curies":[{"name":"wp","href":"https:\/\/api.w.org\/{rel}","templated":true}]}}