{"id":420,"date":"2023-09-11T12:40:41","date_gmt":"2023-09-11T10:40:41","guid":{"rendered":"https:\/\/iicbuenosaires.esteri.it\/?page_id=420"},"modified":"2025-01-08T17:44:43","modified_gmt":"2025-01-08T16:44:43","slug":"rassegna-stampa-2022-articulos-periodisticos-2022","status":"publish","type":"page","link":"https:\/\/iicbuenosaires.esteri.it\/it\/news\/rassegna-stampa\/rassegna-stampa-2022-articulos-periodisticos-2022\/","title":{"rendered":"Rassegna stampa 2022\/ Art\u00edculos period\u00edsticos 2022"},"content":{"rendered":"<p><a href=\"https:\/\/iicbuenosaires.esteri.it\/wp-content\/uploads\/2023\/09\/gua_de_arte_y_cultura__semana_del_13_al_20_de_enero_-_infobae_13.01.22.pdf\">Gu\u00eda de Arte y Cultura semana del 13 al 20 de enero<\/a>, Infobae, 13\/01\/23<\/p>\n<p><a href=\"https:\/\/iicbuenosaires.esteri.it\/wp-content\/uploads\/2023\/09\/el_teatro_coln_present_una_ambiciosa_programacin_para_2023_-_noticias_-_cadena_3_argentina_05.01.22.pdf\">El Teatro Col\u00f3n present\u00f3 una ambiciosa programaci\u00f3n para 2023<\/a>, Cadena 3 Argentina, 05\/01\/23<\/p>\n<p><a href=\"https:\/\/iicbuenosaires.esteri.it\/wp-content\/uploads\/2023\/09\/gua_de_arte_y_cultura__semana_del_30_de_diciembre_al_6_de_enero_-_infobae_30.12.22.pdf\">Gu\u00eda de Arte y Cultura semana del 30 de diciembre al 6 de enero<\/a>\u00a0&#8211; Infobae, 30\/12\/22<\/p>\n<p><a href=\"https:\/\/iicbuenosaires.esteri.it\/wp-content\/uploads\/2023\/09\/signos_de_lo_visual_el_ballet_el_jazz_-_diario_alfil_20.12.2022.pdf\">Signos de lo visual, el ballet, el jazz<\/a>, Diario Alfil, 20\/12\/2022<\/p>\n<p><a href=\"https:\/\/iicbuenosaires.esteri.it\/wp-content\/uploads\/2023\/09\/gua_de_arte_y_cultura__semana_del_23_al_30_de_diciembre_-_infobae_23.12.2022.pdf\">Gu\u00eda de Arte y Cultura semana del 23 al 30 de diciembre<\/a>, Infobae, 23\/12\/2022<\/p>\n<p><a href=\"https:\/\/iicbuenosaires.esteri.it\/wp-content\/uploads\/2023\/09\/agenda_epu__arte_msica_y_teatro_en_buenos_aires___epu_17.12.2022.pdf\">Agenda EPU Arte, m\u00fasica y teatro en Buenos Aires<\/a>, EPU, 17\/12\/2022<\/p>\n<p><a href=\"https:\/\/iicbuenosaires.esteri.it\/wp-content\/uploads\/2023\/09\/teatro_coln_dedicar_dos_temporadas_a_italia_-_espectculos_-_ansa_latina_17.12.2022.pdf\">Teatro Col\u00f3n dedicar\u00e1 dos temporadas a Italia<\/a>, ANSA Latina, 17\/12\/2022<\/p>\n<p><a href=\"https:\/\/iicbuenosaires.esteri.it\/wp-content\/uploads\/2023\/09\/tesoros_arqueolgicos_de_grecia_y_del_sur_de_italia_se_exhiben_en_el_bellas_artes_-_palermo_mio_16.12.2022.pdf\">Tesoros arqueol\u00f3gicos de Grecia y del sur de Italia se exhiben en el Bellas Artes<\/a>, Palermo Mio, 16\/12\/2022<\/p>\n<p><a href=\"https:\/\/iicbuenosaires.esteri.it\/wp-content\/uploads\/2023\/09\/dante_x_alonso_llega_en_diciembre_a_crdoba___ministerio_de_cultura_12.12.2022.pdf\">\u201cDante x Alonso\u201d llega en diciembre a C\u00f3rdoba<\/a>\u00a0&#8211; Ministerio de Cultura, 12\/12\/2022<\/p>\n<p><a href=\"https:\/\/iicbuenosaires.esteri.it\/wp-content\/uploads\/2023\/09\/recuerdos_de_la_antigedad_en_el_bellas_artes_-_tiempo_argentino__11.12.2022.pdf\">Recuerdos de la antig\u00fcedad en el Bellas Artes<\/a>\u00a0&#8211; Tiempo Argentino, 11\/12\/2022<\/p>\n<p><a href=\"https:\/\/iicbuenosaires.esteri.it\/wp-content\/uploads\/2023\/09\/la_comedia_infernal_de_carlos_alonso_en_el_museo_macu_de_unquillo___nmero_cero___la_voz_del_interior_11.12.2022.pdf\">La comedia infernal de Carlos Alonso, en el museo Macu de Unquillo<\/a>\u00a0&#8211; La Voz del Interior, 11\/12\/2022<\/p>\n<p><a href=\"https:\/\/iicbuenosaires.esteri.it\/wp-content\/uploads\/2023\/09\/gua_de_arte_y_cultura__semana_del_9_al_16_de_diciembre_-_infobae_09.12.2022.pdf\">Gu\u00eda de Arte y Cultura semana del 9 al 16 de diciembre<\/a>\u00a0&#8211; Infobae, 09\/12\/2022<\/p>\n<p><a href=\"https:\/\/iicbuenosaires.esteri.it\/wp-content\/uploads\/2023\/09\/los_tesoros_de_taranto_la_pars_del_mundo_antiguo_se_presentan_en_el_bellas_artes_-_infobae_08.12.2022.pdf\">Los tesoros de Taranto, la \u201cPar\u00eds del mundo antiguo\u201d, se presentan en el Bellas Artes<\/a>\u00a0&#8211; Infobae, 08\/12\/2022<\/p>\n<p><a href=\"https:\/\/iicbuenosaires.esteri.it\/wp-content\/uploads\/2023\/09\/el_teatro_coln_present_su_programacin_para_2023___palabras_08.11.2022.pdf\">El Teatro Col\u00f3n present\u00f3 su programaci\u00f3n para 2023<\/a>\u00a0&#8211; Palabras, 08\/11\/2022<\/p>\n<p><a href=\"https:\/\/iicbuenosaires.esteri.it\/wp-content\/uploads\/2023\/09\/temporada_2023_del_teatro_coln_-_mundoclasico.com_08.12.2022.pdf\">Temporada 2023 del Teatro Col\u00f3n<\/a>\u00a0&#8211; Mundoclasico.com, 08\/12\/2022<\/p>\n<p><a href=\"https:\/\/iicbuenosaires.esteri.it\/wp-content\/uploads\/2023\/09\/el_teatro_coln_present_su_programacin_para_la_temporada_2023_-_las_24_horas_de_jujuy__07.12.2022.pdf\">El Teatro Col\u00f3n present\u00f3 su programaci\u00f3n para la temporada 2023<\/a>\u00a0&#8211; Las 24 Horas de Jujuy, 07\/12\/2022<\/p>\n<p><a href=\"https:\/\/iicbuenosaires.esteri.it\/wp-content\/uploads\/2023\/09\/una_ventana_a_la_cuna_de_la_civilizacin__-_ansa_latina_08.12.2022.pdf\">Una ventana a la cuna de la civilizaci\u00f3n<\/a>\u00a0&#8211; ANSA Latina, 08\/12\/2022<\/p>\n<p><a href=\"https:\/\/iicbuenosaires.esteri.it\/wp-content\/uploads\/2023\/09\/un_anuncio_que_alimenta_expectativas_-_espectculos___diario_la_prensa_07.12.2022.pdf\">Un anuncio que alimenta expectativas<\/a>\u00a0&#8211; Diario La Prensa, 07\/12\/2022<\/p>\n<p><a href=\"https:\/\/iicbuenosaires.esteri.it\/wp-content\/uploads\/2023\/09\/tesori_del_museo_archeologico_di_taranto_a_buenos_aires_-_aise.it_-_06.12.2022.pdf\">Tesori del Museo Archeologico di Taranto a Buenos Aires<\/a>\u00a0&#8211; Aise.it, 06\/12\/2022<\/p>\n<p><a href=\"https:\/\/iicbuenosaires.esteri.it\/wp-content\/uploads\/2023\/09\/con_la_resurreccin_de_mahler_escenificada_el_coln_abrir_su_2023_06.12.2022.pdf\">Con la \u201cResurrecci\u00f3n\u201d de Mahlerescenifi cada, el Col\u00f3n abrir\u00e1 su 2023Con la \u201cResurrecci\u00f3n\u201d de Mahlerescenifi cada, el Col\u00f3n abrir\u00e1 su 2023<\/a>,\u00a0\u00c1mbito, 06\/12\/2022<\/p>\n<p><a href=\"https:\/\/iicbuenosaires.esteri.it\/wp-content\/uploads\/2023\/09\/el_teatro_coln_present_su_programacin_para_2023___palabras_08.11.2022.pdf\">El Teatro Col\u00f3n present\u00f3 su programaci\u00f3n para la temporada 2023<\/a>, Gobierno de la Ciudad Aut\u00f3noma de Buenos Aires, 06\/12\/2022<\/p>\n<p><a href=\"https:\/\/iicbuenosaires.esteri.it\/wp-content\/uploads\/2023\/09\/se_present_la_temporada_2023_del_teatro_coln_06.12.2022.pdf\">Se present\u00f3 la temporada 2023 del Teatro Col\u00f3n<\/a>, Mdzol, 06\/12\/2022<\/p>\n<p><a href=\"https:\/\/iicbuenosaires.esteri.it\/wp-content\/uploads\/resource\/doc\/2022\/12\/con_estrellas_homenajes_e_italia_como_pas_invitado_la_temporada_2023_tiene_brillo_y_equilibrio_-_la_nacion_06.12.2022.pdf\">Con estrellas, homenajes e Italia como pa\u00eds invitado, la temporada 2023 tiene brillo y equilibrio<\/a>, LA NACION, 06\/12\/2022<\/p>\n<p><a href=\"https:\/\/iicbuenosaires.esteri.it\/wp-content\/uploads\/resource\/doc\/2022\/12\/el_teatro_coln_ofrecer_una_variada_y_nutrida_programacin_en_el_2023_06.12.2022.pdf\">El Teatro Col\u00f3n ofrecer\u00e1 una variada y nutrida programaci\u00f3n en el 2023<\/a>, 06\/12\/2022<\/p>\n<p><a href=\"https:\/\/iicbuenosaires.esteri.it\/wp-content\/uploads\/resource\/doc\/2022\/12\/tesoros_del_museo_arqueolgico_nacional_de_taranto___ministerio_de_cultura_06.12.2022.pdf\">Tesoros del Museo Arqueol\u00f3gico Nacional de Taranto, Ministerio de Cultura<\/a>, 06\/12\/2022<\/p>\n<p><a href=\"https:\/\/iicbuenosaires.esteri.it\/wp-content\/uploads\/resource\/doc\/2022\/12\/temporada_2023__conoc_la_programacin_completa_del_teatro_coln___perfil_06.12.2022.pdf\">Temporada 2023 conoc\u00e9 la programaci\u00f3n completa del Teatro Col\u00f3n<\/a>, Perfil, 06\/12\/2022<\/p>\n<p><a href=\"https:\/\/iicbuenosaires.esteri.it\/wp-content\/uploads\/resource\/doc\/2022\/12\/llegaron_al_pas_sesenta_tesoros_de_ms_de_2500_aos_pertenecientes_a__la_pars_del_mundo_antiguo_-_la_nacion_06.11.2022.pdf\">Llegaron al pa\u00eds sesenta tesoros de m\u00e1s de 2500 a\u00f1os pertenecientes a &#8220;la Par\u00eds del mundo antiguo\u201d<\/a>, LA NACION, 06\/11\/2022<\/p>\n<p><a href=\"https:\/\/iicbuenosaires.esteri.it\/wp-content\/uploads\/resource\/doc\/2022\/12\/llegan_al_bellas_artes_tesoros_del_museo_arqueolgico_nacional_de_taranto___argentina.gob.ar_05.12.2022.pdf\">Llegan al Bellas Artes tesoros del Museo Arqueol\u00f3gico Nacional de Taranto<\/a>, Argentina.gob.ar, 05\/12\/2022<\/p>\n<p><a href=\"https:\/\/iicbuenosaires.esteri.it\/wp-content\/uploads\/resource\/doc\/2022\/12\/el_bellas_artes_rene_tesoros_arqueolgicos_en_su_nueva_muestra_04.12.2022.pdf\">El Bellas Artes re\u00fane tesoros arqueol\u00f3gicos en su nueva muestra<\/a>, La Vereda, 04\/12\/2022<\/p>\n<p><a href=\"https:\/\/iicbuenosaires.esteri.it\/wp-content\/uploads\/2023\/09\/gua_de_arte_y_cultura__semana_del_9_al_16_de_diciembre_-_infobae_09.12.2022.pdf\">Gu\u00eda de Arte y Cultura, semana del 2 al 9 de diciembre<\/a>, Infobae, 02\/12\/2022<\/p>\n<p><a href=\"https:\/\/iicbuenosaires.esteri.it\/wp-content\/uploads\/2023\/09\/una_muestra_relata_la_historia_de_una_colonia_griega_de_la_regin_italiana_de_apulia___el_destape_01.12.2022.pdf\">Una muestra relata la historia de una colonia griega, de la regi\u00f3n italiana de Apulia<\/a>, El Destape, 01\/12\/2022<\/p>\n<p><a href=\"https:\/\/iicbuenosaires.esteri.it\/wp-content\/uploads\/2023\/09\/la_pianista_italiana_simona_premazzi_cerrar_el_festival_de_jazz_de_buenos_aires___el_domingo_a_las_20_en_la_usina___pgina12_30.11.2022.pdf\">La pianista italiana Simona Premazzi cerrar\u00e1 el Festival de Jazz de Buenos Aires<\/a>, P\u00e1gina12, 30\/11\/2022<\/p>\n<p><a href=\"https:\/\/iicbuenosaires.esteri.it\/wp-content\/uploads\/2023\/09\/aprender_italiano_los_6_mejores_institutos_de_buenos_aires_-_clarin_-_29.11.2022.pdf\">Aprender Italiano los 6 mejores Institutos de Buenos Aires<\/a>, Clar\u00edn, 29\/11\/2022<\/p>\n<p><a href=\"https:\/\/iicbuenosaires.esteri.it\/wp-content\/uploads\/2023\/09\/aprender_italiano_los_6_mejores_institutos_de_buenos_aires_-_clarin_-_29.11.2022.pdf\">Gu\u00eda de Arte y Cultura semana del 25 de noviembre al 2 de diciembre<\/a>, Infobae, 25\/11\/2022<\/p>\n<p><a href=\"https:\/\/iicbuenosaires.esteri.it\/wp-content\/uploads\/resource\/doc\/2022\/11\/cuarto_simposio_internacional-disporas_italianas_-_argentina_-_ansa_latina_24.11.2022.pdf\">Cuarto Simposio Internacional-Di\u00e1sporas Italianas,<\/a>\u00a0ANSA Latina 24\/11\/2022<\/p>\n<p><a href=\"https:\/\/iicbuenosaires.esteri.it\/wp-content\/uploads\/resource\/doc\/2022\/11\/due_artisti_italiani_partecipano_alla_biennale_dellimmagine_in_movimento_di_buenos_aires_-_italiana_-_lingua_cultura_creativit_nel_mondo_22.11.2022.pdf\">Due artisti italiani partecipano alla Biennale dell&#8217;Immagine in Movimento di Buenos Aires<\/a>\u00a0&#8211; Italiana &#8211; Lingua, cultura, creativit\u00e0 nel mondo, 22\/11\/2022<\/p>\n<p><a href=\"https:\/\/iicbuenosaires.esteri.it\/wp-content\/uploads\/resource\/doc\/2022\/11\/de_gran_impacto__tesoros_arqueolgicos_de_italia_podrn_verse_en_el_bellas_artes_21.11.22.pdf\">De gran impacto tesoros arqueol\u00f3gicos de Italia podr\u00e1n verse en el Bellas Artes<\/a>, 21\/11\/22<\/p>\n<p><a href=\"https:\/\/iicbuenosaires.esteri.it\/wp-content\/uploads\/resource\/doc\/2022\/11\/gua_de_arte_y_cultura__semana_del_18_al_25_de_noviembre_-_infobae_18.11.2022_compressed.pdf\">Gu\u00eda de Arte y Cultura_ semana del 18 al 25 de noviembre<\/a>, Infobae, 18\/11\/2022<\/p>\n<p><a href=\"https:\/\/iicbuenosaires.esteri.it\/wp-content\/uploads\/resource\/doc\/2022\/11\/settimana_cucina_italiana__chef_stellato_ghezzi_in_argentina_-_news_dagli_istituti_di_cultura_-_ansa_16.11.2022.pdf\">Settimana cucina italiana- chef stellato Ghezzi in Argentina<\/a>, ANSA, 16\/11\/2022<\/p>\n<p><a href=\"https:\/\/iicbuenosaires.esteri.it\/wp-content\/uploads\/resource\/doc\/2022\/11\/noticias__adelanto_2023__jean-luc_godard_dario_argento_wong_kar-wai_y_pedro_costa_entre_los_principales_ciclos_de_la_sala_lugones_-_otros_cines_16.11.2022.pdf\">Noticias &#8211; Adelanto 2023 &#8211; Jean-Luc Godard, Dario Argento, Wong Kar-wai y Pedro Costa, entre los principales ciclos de la Sala Lugones<\/a>, Otros Cines, 16\/11\/2022<\/p>\n<p><a href=\"https:\/\/iicbuenosaires.esteri.it\/wp-content\/uploads\/resource\/doc\/2022\/11\/buenos_aires_jazz_festival_internacional_2022_-_23_al_27_11_-_gratis_-_barriada_16.11.2022.pdf\">Buenos Aires Jazz Festival Internacional 2022 &#8211; 23 al 27\/11<\/a>, Barriada, 16\/11\/2022<\/p>\n<p><a href=\"https:\/\/iicbuenosaires.esteri.it\/wp-content\/uploads\/resource\/doc\/2022\/11\/gua_de_arte_y_cultura__semana_11_al_18_de_noviembre_-_infobae_11.11.2022.pdf\">Gu\u00eda de Arte y Cultura semana 11 al 18 de noviembre<\/a>, Infobae, 11\/11\/2022<\/p>\n<p><a href=\"https:\/\/iicbuenosaires.esteri.it\/wp-content\/uploads\/resource\/doc\/2022\/11\/il_giro_del_mondo_in_quattro_mostre___salone_del_mobile_12.011.2022.pdf\">Il giro del mondo in quattro mostre<\/a>, Salone del Mobile.Milano, 12\/11\/2022<\/p>\n<p><a href=\"https:\/\/iicbuenosaires.esteri.it\/wp-content\/uploads\/resource\/doc\/2022\/11\/se_viene_una_nueva_edicin_de_la_semana_de_la_cocina_italiana_en_buenos_aires_clarn_04.11.2022.pdf\">Se viene una nueva edici\u00f3n de la Semana de la Cocina Italiana en Buenos Aires<\/a>, Clar\u00edn, 04\/11\/2022<\/p>\n<p><a href=\"https:\/\/iicbuenosaires.esteri.it\/wp-content\/uploads\/resource\/doc\/2022\/11\/el_ballet_contemporneo_del_san_martn_montar_cantata_en_la_ciudad_de_san_juan___grupo_la_provincia_04.11.2022.pdf\">El Ballet Contempor\u00e1neo del San Mart\u00edn montar\u00e1 Cantata en la ciudad de San Juan<\/a>, Grupo La Provincia, 04\/11\/2022<\/p>\n<p><a href=\"https:\/\/iicbuenosaires.esteri.it\/wp-content\/uploads\/resource\/doc\/2022\/11\/gua_de_arte_y_cultura__semana_del_4_al_11_de_noviembre_-_infobae_04.11.2022.pdf\">Gu\u00eda de Arte y Cultura_ semana del 4 al 11 de noviembre<\/a>, Infobae, 04\/11\/2022<\/p>\n<p><a href=\"https:\/\/iicbuenosaires.esteri.it\/wp-content\/uploads\/resource\/doc\/2022\/11\/mozarteum_san_juan_cierra_el_ao_con_la_obra__cantata____el_zonda_03.11.2022.pdf\">Mozarteum San Juan cierra el a\u00f1o con la obra Cantata<\/a>, El Zonda, 03\/11\/2022<\/p>\n<p><a href=\"https:\/\/iicbuenosaires.esteri.it\/wp-content\/uploads\/resource\/doc\/2022\/11\/italia_presente_en_el_festival_de_mar_del_plata_-_espectculos_-_ansa_latina_03.11.2022.pdf\">Italia presente en el Festival de Mar del Plata<\/a>\u00a0&#8211; ANSA Latina, 03\/11\/2022<\/p>\n<p><a href=\"https:\/\/iicbuenosaires.esteri.it\/wp-content\/uploads\/resource\/doc\/2022\/11\/tv_retro_porttil._cumple_50_aos_un_hito_del_diseo_industrial_argentino_-_la_nacion_30.10.2022.pdf\">TV retro port\u00e1til. Cumple 50 a\u00f1os un hito del dise\u00f1o industrial argentino<\/a>, La Naci\u00f3n, 30\/10\/2022<\/p>\n<p><a href=\"https:\/\/iicbuenosaires.esteri.it\/wp-content\/uploads\/resource\/doc\/2022\/11\/francisco_salamone_recargado._la_nacin._30.10.2022.pdf\">Francisco Salamone Recargado<\/a>, La Naci\u00f3n, 30\/10\/2022<\/p>\n<p><a href=\"https:\/\/iicbuenosaires.esteri.it\/wp-content\/uploads\/resource\/doc\/2022\/11\/edificios_estrambticos._un_ambicioso_plan_de_restauracin_vuelve_a_dar_brillo_a_la_desmesurada_obra_de_francisco_salamone_-_la_nacion_29.10.2022.pdf\">Edificios estramb\u00f3ticos. Un ambicioso plan de restauraci\u00f3n vuelve a dar brillo a la desmesurada obra de Francisco Salamone<\/a>, La Naci\u00f3n, 29\/10\/2022<\/p>\n<p><a href=\"https:\/\/iicbuenosaires.esteri.it\/wp-content\/uploads\/resource\/doc\/2022\/10\/llega_una_nueva_edicin_del_festival_internacional_de_cine_de_mar_del_plata___argentina.gob.ar_25.10.2022.pdf\">Llega una nueva edici\u00f3n del Festival Internacional de Cine de Mar del Plata<\/a>, Argentina.gob.ar, 25\/10\/2022<\/p>\n<p><a href=\"https:\/\/iicbuenosaires.esteri.it\/wp-content\/uploads\/resource\/doc\/2022\/10\/el_festival_buenos_aires_danza_contempornea_se_hace_entre_el_28_10_y_el_3_11_-_palermo_mio_25.10.2022.pdf\">El Festival Buenos Aires Danza Contempor\u00e1nea se hace entre el 28\/10 y el 3\/11,<\/a>\u00a0Palermo Mio, 25\/10\/2022<\/p>\n<p><a href=\"https:\/\/iicbuenosaires.esteri.it\/wp-content\/uploads\/resource\/doc\/2022\/10\/concierto_internacional_en_el_teatro_san_martn_-_la_gaceta_tucumn_23.10.2022.pdf\">Concierto internacional en el teatro San Mart\u00edn<\/a>, LA GACETA Tucum\u00e1n, 23\/10\/2022<\/p>\n<p><a href=\"https:\/\/iicbuenosaires.esteri.it\/wp-content\/uploads\/resource\/doc\/2022\/11\/convenio_iic_con_cultura_de_buenos_aires_-_espectculos_-_ansa_latina_21.10.2022.pdf\">Convenio IIC con Cultura de Buenos Aires<\/a>, ANSA Latina, 21\/10\/2022<\/p>\n<p><a href=\"https:\/\/iicbuenosaires.esteri.it\/wp-content\/uploads\/resource\/doc\/2022\/10\/gua_de_arte_y_cultura__semana_del_21_al_28_de_octubre_-_infobae_21.10.2022.pdf\">Gu\u00eda de Arte y Cultura semana del 21 al 28 de octubre<\/a>, Infobae, 21\/10\/2022<\/p>\n<p><a href=\"https:\/\/iicbuenosaires.esteri.it\/wp-content\/uploads\/resource\/doc\/2022\/10\/contina_el_festival_no_convencional_por_fuera_de_los_cnones_establecidos___ideado_y_dirigido_por_martn_bauer___pgina12_19.10.2022.pdf\">Contin\u00faa el Festival No Convencional, por fuera de los c\u00e1nones establecidos<\/a>, P\u00e1gina12, 19\/10\/2022<\/p>\n<p><a href=\"https:\/\/iicbuenosaires.esteri.it\/wp-content\/uploads\/resource\/doc\/2022\/10\/dilogo_entre_el_diseo_italiano_y_argentino_en_el_museo_nacional_de_arte_decorativo___argentina.gob.ar_13.10.2022_compressed.pdf\">Di\u00e1logo entre el dise\u00f1o italiano y argentino en el Museo Nacional de Arte Decorativo<\/a>, Argentina.gob.ar, 13\/10\/2022<\/p>\n<p><a href=\"https:\/\/iicbuenosaires.esteri.it\/wp-content\/uploads\/resource\/doc\/2022\/10\/la_grande_mostra_di_buenos_aires_dedicata_al_design_italiano_-_domus_06.10.2022_compressed.pdf\">La grande mostra di Buenos Aires dedicata al design italiano<\/a>, Domus, 06\/10\/2022<\/p>\n<p><a href=\"https:\/\/iicbuenosaires.esteri.it\/wp-content\/uploads\/resource\/doc\/2022\/10\/film_arquitecto_italiano_salomone_en_buenos_aires_-_italia_-_ansa_latina_06.10.2022.pdf\">Film arquitecto italiano Salomone en Buenos Aires<\/a>, ANSA Latina, 06\/10\/2022<\/p>\n<p><a href=\"https:\/\/iicbuenosaires.esteri.it\/wp-content\/uploads\/resource\/doc\/2022\/10\/derechos_de_plata__joyera_mapuche__museo_de_antropologa_05.10.2022.pdf\">Derechos de Plata Joyer\u00eda Mapuche<\/a>, Museo de Antropolog\u00eda 05\/10\/2022<\/p>\n<p><a href=\"https:\/\/iicbuenosaires.esteri.it\/wp-content\/uploads\/resource\/doc\/2022\/10\/la_mansin_stoppel_recibe_la_muestra_dante_x_alonso_05.10.2022.pdf\">La Mansi\u00f3n Stoppel recibe la muestra Dante x Alonso<\/a>, Andino, 05\/10\/2022<\/p>\n<p><a href=\"https:\/\/iicbuenosaires.esteri.it\/wp-content\/uploads\/resource\/doc\/2022\/10\/marco_martinelli_ermanna_montanari_y_la_puesta_de__fedeli_damore__en_el_san_martn___fundadores_del_teatro_delle_albe_de_ravenna_italia___pgina12_-_06.10.2022.pdf\">Marco Martinelli, Ermanna Montanari y la puesta de fedeli d\u2019Amore en el San Mart\u00edn<\/a>, P\u00e1gina12, 06\/10\/2022<\/p>\n<p><a href=\"https:\/\/iicbuenosaires.esteri.it\/wp-content\/uploads\/resource\/doc\/2022\/10\/diseo_italiano_y_argentino_juntos_en_el_decorativo_-_9010_03.10.2022.pdf\">Dise\u00f1o italiano y argentino juntos en el Decorativo<\/a>, 90+10, 03\/10\/2022<\/p>\n<p><a href=\"https:\/\/iicbuenosaires.esteri.it\/wp-content\/uploads\/resource\/doc\/2022\/10\/pasolini_en_arquitectura___una_muestra_de_fotografas_y_afiches_de_sus_films___pgina12_03.10.2022.pdf\">Pasolini en Arquitectura Una muestra de fotograf\u00edas y afiches de sus films<\/a>, P\u00e1gina12, 03\/10\/2022<\/p>\n<p><a href=\"https:\/\/iicbuenosaires.esteri.it\/wp-content\/uploads\/resource\/doc\/2022\/10\/una_muestra_recorre_los_hitos_del_diseo_italiano_y_su_impacto_en_la_sociedad_argentina_-_diario_ph_01.10.2022.pdf\">Una muestra recorre los hitos del dise\u00f1o italiano y su impacto en la sociedad argentina<\/a>, Diario PH, 01\/10\/2022<\/p>\n<p><a href=\"https:\/\/iicbuenosaires.esteri.it\/wp-content\/uploads\/resource\/doc\/2022\/10\/una_muestra_recorre_los_hitos_del_diseo_italiano_y_su_impacto_en_la_sociedad_argentina__titulares.ar_01.10.2022.pdf\">Una muestra recorre los hitos del dise\u00f1o italiano y su impacto en la sociedad argentina<\/a>, Titulares.ar, 01\/10\/2022<\/p>\n<p><a href=\"https:\/\/iicbuenosaires.esteri.it\/wp-content\/uploads\/resource\/doc\/2022\/10\/una_muestra_recorre_los_hitos_del_diseo_italiano_y_su_impacto_en_la_sociedad_argentina_telam_01.10.2022.pdf\">Una muestra recorre los hitos del dise\u00f1o italiano y su impacto en la sociedad argentina<\/a>, Telam, 01\/10\/2022<\/p>\n<p><a href=\"https:\/\/iicbuenosaires.esteri.it\/wp-content\/uploads\/resource\/doc\/2022\/10\/noticias__gua_de_la_8_edicin_de_la_semana_de_cine_italiano_en_cinpolis_recoleta_-_otros_cines_28.09.2022.pdf\">Varios filmes con pasta de cl\u00e1sicos en la Semana de Cine Italiano<\/a>, Diario La Prensa, 28\/09\/2022<\/p>\n<p><a href=\"https:\/\/iicbuenosaires.esteri.it\/wp-content\/uploads\/resource\/doc\/2022\/10\/noticias__gua_de_la_8_edicin_de_la_semana_de_cine_italiano_en_cinpolis_recoleta_-_otros_cines_28.09.2022.pdf\">Noticias Gu\u00eda de la 8\u00aa edici\u00f3n de la Semana de Cine Italiano en Cin\u00e9polis Recoleta<\/a>, Otros Cines, 28\/09\/2022<\/p>\n<p><a href=\"https:\/\/iicbuenosaires.esteri.it\/wp-content\/uploads\/resource\/doc\/2022\/10\/comienza_la_8_semana_de_cine_italiano___hasta_el_mircoles_5_de_octubre_en_cinpolis_recoleta___pgina12_28.09.2022.pdf\">Comienza la 8\u00b0 Semana de Cine Italiano<\/a>, P\u00e1gina12, 28\/09\/2022<\/p>\n<p><a href=\"https:\/\/iicbuenosaires.esteri.it\/wp-content\/uploads\/resource\/doc\/2022\/10\/mario_cucinella_en_la_bienal_de_buenos_aires_-_italia_-_ansa_latina_27.09.2022.pdf\">Mario Cucinella en la Bienal de Buenos Aires<\/a>, ANSA Latina, 27\/09\/2022<\/p>\n<p><a href=\"https:\/\/iicbuenosaires.esteri.it\/wp-content\/uploads\/resource\/doc\/2022\/09\/amore_stampa_ita_2022.pdf\">AMORE stampa ITA 2022<\/a><\/p>\n<p><a href=\"https:\/\/iicbuenosaires.esteri.it\/wp-content\/uploads\/resource\/doc\/2022\/09\/noticias___diseo_italiano__un_recorrido_desdelos_aos_50_27.09.2022.pdf\">&#8220;Dise\u00f1o italiano&#8221; un recorrido desde los a\u00f1os 50<\/a>\u00a0&#8211;\u00a0Noticias, 27\/09\/2022<\/p>\n<p><a href=\"https:\/\/www.youtube.com\/watch?v=lbpd4B9GdCE\">Pardini, E. (Productora). 2020-2022 Celebraci\u00f3n de las musas<\/a>. METRO. 26\/09\/2022<\/p>\n<p><a href=\"https:\/\/iicbuenosaires.esteri.it\/wp-content\/uploads\/resource\/doc\/2022\/09\/inevitables___pgina12_26.09.2022.pdf\">Inevitables<\/a>\u00a0&#8211; P\u00e1gina12, 26\/09\/2022<\/p>\n<p><a href=\"https:\/\/iicbuenosaires.esteri.it\/wp-content\/uploads\/resource\/doc\/2022\/09\/diseo_italiano_una_muestra_donde_la_belleza_se_encuentra_en_lo_cotidiano_-_infobae_25.09.2022.pdf\">\u201cDise\u00f1o italiano\u201d, una muestra donde la belleza se encuentra en lo cotidian<\/a>o &#8211; Infobae, 25\/09\/2022<\/p>\n<p><a href=\"https:\/\/iicbuenosaires.esteri.it\/wp-content\/uploads\/resource\/doc\/2022\/09\/dante_y_su_mirada_contempornea_-_italia_-_ansa_latina_24.09.2022.pdf\">Dante y su mirada contempor\u00e1nea<\/a>\u00a0&#8211; ANSA Latina, 24\/09\/2022<\/p>\n<p><a href=\"https:\/\/iicbuenosaires.esteri.it\/wp-content\/uploads\/resource\/doc\/2022\/09\/gua_de_arte_y_cultura__semana_del_23_al_30_de_septiembre_-_infobae-_23.09.2022.pdf\">Gu\u00eda de Arte y Cultura semana del 23 al 30 de septiembre<\/a>\u00a0&#8211; Infobae, 23\/09\/2022<\/p>\n<p><a href=\"https:\/\/iicbuenosaires.esteri.it\/wp-content\/uploads\/resource\/doc\/2022\/09\/la_belleza_de_los_objetos_cotidianos_directo_de_italia_a_los_salones_de_un_palacio_porteo_-_la_nacion_23.09.2022.pdf\">La belleza de los objetos cotidianos, directo de Italia a los salones de un palacio porte\u00f1o<\/a>\u00a0&#8211; LA NACION, 23\/09\/2022<\/p>\n<p><a href=\"https:\/\/iicbuenosaires.esteri.it\/wp-content\/uploads\/resource\/doc\/2022\/09\/_francisco_salamone-astronaves_en_la_pampa__en_la_lente_de_enrico_fantoni_23.09.2022.pdf\">&#8220;Francisco Salamone-Astronaves en La Pampa&#8221;, en la lente de Enrico Fantoni<\/a>, El Tiempo, 23\/09\/2022<\/p>\n<p><a href=\"https:\/\/iicbuenosaires.esteri.it\/wp-content\/uploads\/resource\/doc\/2022\/09\/astronaves_en_la_pampa_una_muestra_dedicada_al_arquitecto_francisco_salamone_-_infobae_-_20.09.2022.pdf\">\u201cAstronaves en La Pampa\u201d, una muestra dedicada al arquitecto Francisco Salamone<\/a>, Infobae, 20\/09\/2022<\/p>\n<p><a href=\"https:\/\/iicbuenosaires.esteri.it\/wp-content\/uploads\/resource\/doc\/2022\/09\/en_argentina_el_diseo_italiano_se_apropia_del_museo_nacional_de_arte_decorativo___arte_por_excelencias-_16.09.2022.pdf\">En Argentina el dise\u00f1o italiano se apropia del Museo Nacional de Arte Decorativo<\/a>, Arte por Excelencias, 16\/09\/2022<\/p>\n<p><a href=\"https:\/\/iicbuenosaires.esteri.it\/wp-content\/uploads\/resource\/doc\/2022\/09\/mostre__argentina_omaggio_allarchitetto_italiano_salamone_-_ansa_15.09.2022.pdf\">Mostre Argentina, omaggio all&#8217;architetto italiano Salamone<\/a>, ANSA, 15\/09\/2022<\/p>\n<p><a href=\"https:\/\/iicbuenosaires.esteri.it\/wp-content\/uploads\/resource\/doc\/2022\/09\/la_belleza_de_lo_cotidiano_en_piezas_italianas_-_espectculos_-_ansa_latina_-_13.09.2022.pdf\">La belleza de lo cotidiano en piezas italianas<\/a>\u00a0&#8211; ANSA Latina, 13\/09\/2022<\/p>\n<p><a href=\"https:\/\/iicbuenosaires.esteri.it\/wp-content\/uploads\/resource\/doc\/2022\/09\/la_semana_del_cine_italiano_tendr_lugar_desde_el_29_en_recoleta_y_contina_ciclo_en_el_bellas_artes___el_destape_12.09.2022.pdf\">La Semana del Cine Italiano tendr\u00e1 lugar desde el 29 en Recoleta y contin\u00faa ciclo en el Bellas Artes<\/a>\u00a0&#8211; El Destape, 12\/09\/2022<\/p>\n<p><a href=\"https:\/\/iicbuenosaires.esteri.it\/wp-content\/uploads\/resource\/doc\/2022\/09\/se_inaugura_la__ctedra_libre_de_cine_y_diseo_audiovisual_italiano____en_la_facultad_de_arquitectura_y_diseo_urbano_de_la_uba___pgina12_08.09.2022.pdf\">Se inaugura la C\u00e1tedra libre de cine y dise\u00f1o audiovisual italiano<\/a>, P\u00e1gina12, 08\/09\/2022<\/p>\n<p><a href=\"https:\/\/iicbuenosaires.esteri.it\/wp-content\/uploads\/resource\/doc\/2022\/09\/toda_la_programacin_de_la_semana_de_cine_italiano_en_buenos_aires___escribiendocine_-_08.09.2022.pdf\">Toda la programaci\u00f3n de la Semana de Cine Italiano en Buenos Aires,<\/a>\u00a0EscribiendoCine, 08\/09\/2022<\/p>\n<p><a href=\"https:\/\/iicbuenosaires.esteri.it\/wp-content\/uploads\/resource\/doc\/2022\/09\/nueva_ctedra_de_cine_y_diseo_audiovisual_italiano_-_itbuenosaires_-_06.09.2022.pdf\">Nueva C\u00e1tedra de cine y dise\u00f1o audiovisual italiano<\/a>\u00a0&#8211; itBuenosAires, 06\/09\/2022<\/p>\n<p><a href=\"https:\/\/iicbuenosaires.esteri.it\/wp-content\/uploads\/resource\/doc\/2022\/08\/contina_abierta_la_muestra_dante_por_alonso___bariloche_opina___noticias_de_bariloche_26.08.2022.pdf\">Contin\u00faa abierta la Muestra \u201cDante por Alonso\u201d<\/a>\u00a0&#8211; Bariloche Opina, 26\/08\/2022<\/p>\n<p><a href=\"https:\/\/iicbuenosaires.esteri.it\/wp-content\/uploads\/resource\/doc\/2022\/08\/al_cinema__de_italia_para_el_mundo_-_itbuenosaires_-_25.08.2022.pdf\">Al Cinema! de Italia para el mundo<\/a>\u00a0&#8211; itBuenosAires, 25\/08\/2022<\/p>\n<p><a href=\"https:\/\/iicbuenosaires.esteri.it\/wp-content\/uploads\/resource\/doc\/2022\/08\/centenario_pasolini_en_la_sala_leopoldo_lugones_-_itbuenosaires_-_16.08.2022.pdf\">Centenario Pasolini en la Sala Leopoldo Lugones<\/a>\u00a0&#8211; itBuenosAires, 16\/08\/2022<\/p>\n<p><a href=\"https:\/\/iicbuenosaires.esteri.it\/wp-content\/uploads\/resource\/doc\/2022\/08\/diez_pelculas_en_la_sala_lugones_para_recordar_a_pasolini___perfil_13.08.2022.pdf\">Diez pel\u00edculas en la Sala Lugones para recordar a Pasolini<\/a>\u00a0&#8211; Perfil, 13\/08\/2022<\/p>\n<p><a href=\"https:\/\/iicbuenosaires.esteri.it\/wp-content\/uploads\/resource\/doc\/2022\/08\/comizi_damore_un_film_indito_en_argentina_de_pier_paolo_pasolini___pgina12_12.08.2022.pdf\">Comizi d\u2019amore, un film in\u00e9dito en Argentina de Pier Paolo Pasolini<\/a>\u00a0&#8211; P\u00e1gina12, 12\/08\/2022<\/p>\n<p><a href=\"https:\/\/iicbuenosaires.esteri.it\/wp-content\/uploads\/resource\/doc\/2022\/08\/momentos_literarios_en_el_melodrama_italiano_-_itbuenosaires_-_10.08.2022.pdf\">Momentos literarios en el melodrama italiano<\/a>\u00a0&#8211; itBuenosAires, 10.08.2022<\/p>\n<p><a href=\"https:\/\/iicbuenosaires.esteri.it\/wp-content\/uploads\/resource\/doc\/2022\/08\/andrs_duprat__vivimos_en_ciertos_infiernos_que_mudaron_de_piel___diario_el_cordillerano_09.08.2022.pdf\">Andr\u00e9s Duprat \u201cvivimos en ciertos infiernos que mudaron de piel\u201d\u00a0<\/a>&#8211; Diario El Cordillerano, 09\/08\/2022<\/p>\n<p><a href=\"https:\/\/iicbuenosaires.esteri.it\/wp-content\/uploads\/resource\/doc\/2022\/08\/pasolini_honrado_en_argentina_-_italia_-_ansa_latina_07.08.2022.pdf\">Pasolini honrado en Argentina\u00a0<\/a>&#8211; ANSA Latina, 07\/08\/2022<\/p>\n<p><a href=\"https:\/\/iicbuenosaires.esteri.it\/wp-content\/uploads\/resource\/doc\/2022\/08\/ciclos__centenario_pasolini_en_la_sala_lugones_-_otros_cines_06.08.2022.pdf\">Ciclos Centenario Pasolini, en la Sala Lugones<\/a>\u00a0&#8211; Otros Cines, 06\/08\/2022<\/p>\n<p><a href=\"https:\/\/iicbuenosaires.esteri.it\/wp-content\/uploads\/resource\/doc\/2022\/08\/ciclo_de_cine_italiano_y_muestra_fotogrfica_en_el_cc_lumire___rosario3_05.08.2022.pdf\">Ciclo de cine italiano y muestra fotogr\u00e1fica en el CC Lumi\u00e8re<\/a>\u00a0&#8211; Rosario3 &#8211; 05\/08\/2022<\/p>\n<p><a href=\"https:\/\/iicbuenosaires.esteri.it\/wp-content\/uploads\/resource\/doc\/2022\/08\/pasolini_100_a_buenos_aires_10_film_ricordano_la_sua_nascita_-_cinema_-_ansa_05.08.2022.pdf\">Pasolini 100, a Buenos Aires 10 film ricordano la sua nascita<\/a>\u00a0&#8211; ANSA, 05\/08\/2022<\/p>\n<p><a href=\"https:\/\/iicbuenosaires.esteri.it\/wp-content\/uploads\/resource\/doc\/2022\/08\/el_museo_nacional_de_bellas_artes_llega_a_bariloche___diario_el_cordillerano_04.08.2022.pdf\">El Museo Nacional de Bellas Artes llega a Bariloche<\/a>\u00a0&#8211; Diario El Cordillerano, 04\/08\/2022<\/p>\n<p><a href=\"https:\/\/iicbuenosaires.esteri.it\/wp-content\/uploads\/resource\/doc\/2022\/08\/la_muestra_de_carlos_alonso_sobre_dante_alighieri_llega_a_bariloche_-_rio_negro_-_03.08.2022.pdf\">La muestra de Carlos Alonso sobre Dante Alighieri llega a Bariloche<\/a>\u00a0&#8211; Rio Negro, 03\/08\/2022<\/p>\n<p><a href=\"https:\/\/iicbuenosaires.esteri.it\/wp-content\/uploads\/resource\/doc\/2022\/08\/la_exposicin__dante_x_alonso__llega_a_bariloche___bariloche_opina___noticias_de_bariloche_29.08.2022.pdf\">La exposici\u00f3n Dante x Alonso llega a Bariloche<\/a>\u00a0&#8211; Bariloche Opina , 29\/08\/2022<\/p>\n<p><a href=\"https:\/\/iicbuenosaires.esteri.it\/wp-content\/uploads\/resource\/doc\/2022\/07\/4_premio_per_la_lingua_italiana_in_argentina_-_itbuenosaires_22.07.2022.pdf\">4\u00ba Premio per la lingua italiana in Argentina<\/a>\u00a0&#8211; itBuenosAires, 22\/07\/2022<\/p>\n<p><a href=\"https:\/\/iicbuenosaires.esteri.it\/wp-content\/uploads\/resource\/doc\/2022\/07\/cine_italiano_de_excelencia_-_italia_-_ansa_latina_-_01.07.2022.pdf\">Cine italiano de excelencia<\/a>, ANSA Latina, 01\/07\/2022<\/p>\n<p><a href=\"https:\/\/iicbuenosaires.esteri.it\/wp-content\/uploads\/resource\/doc\/2022\/07\/aporte_de_empresas_en_argentina_-_general_-_ansa_latina_-_24.06.2022.pdf\">Aporte de empresas en Argentina<\/a>, ANSA Latina, 24\/06\/2022<\/p>\n<p><a href=\"https:\/\/iicbuenosaires.esteri.it\/wp-content\/uploads\/resource\/doc\/2022\/06\/las_huellas_de_las_visitas_del_artista_daniel_canogar_y_el_crtico_eugenio_viola_a_buenos_aires_-_infobae_-_06.06.22.pdf\">Las huellas de las visitas del artista Daniel Canogar y el cr\u00edtico Eugenio Viola a Buenos Aires\u00a0<\/a>&#8211; Infobae, 07\/06\/22<\/p>\n<p><a href=\"https:\/\/iicbuenosaires.esteri.it\/wp-content\/uploads\/resource\/doc\/2022\/06\/premios_del_concurso__diseamos_italia__-_argentina_-_ansa_latina_-_03.06.2022.pdf\">Premios del concurso Dise\u00f1amos Italia<\/a>\u00a0&#8211; ANSA Latina, 03\/06\/2022<\/p>\n<p><a href=\"https:\/\/iicbuenosaires.esteri.it\/wp-content\/uploads\/resource\/doc\/2022\/06\/sorpresa__rosario_se_ilumin_con_colores_de_italia_tras_el_triunfo_de_argentina_-_sociedad_-_elonce.com_-_01.06.22.pdf\">Sorpresa Rosario se ilumin\u00f3 con colores de Italia tras el triunfo de Argentina<\/a>\u00a0&#8211; Elonce.com, 01\/06\/22<\/p>\n<p><a href=\"https:\/\/iicbuenosaires.esteri.it\/wp-content\/uploads\/resource\/doc\/2022\/06\/programacin_de_pelculas_en_junio_del_centro_cultural_kirchner___grupo_la_provincia-_01.06.22.pdf\">Programaci\u00f3n de pel\u00edculas en junio del Centro Cultural Kirchner<\/a>\u00a0&#8211; Grupo La Provincia, 01\/06\/22<\/p>\n<p><a href=\"https:\/\/iicbuenosaires.esteri.it\/wp-content\/uploads\/resource\/doc\/2022\/05\/el_arte_y_las_mujeres_segn_uno_de_los_curadores_de_la_bienal_de_venecia___revista_veintitrs_29.05.2022.pdf\">El arte y las mujeres, seg\u00fan uno de los curadores de la Bienal de Venecia<\/a>\u00a0&#8211; Revista Veintitr\u00e9s, 29\/05\/2022<\/p>\n<p><a href=\"https:\/\/iicbuenosaires.esteri.it\/wp-content\/uploads\/resource\/doc\/2022\/05\/quien_es_eugenio_viola_uno_de_los_curadores_estrella_de_la_bienal_de_venecia-_diario_clarin_27.05.2022.pdf\">Quien es Eugenio Viola, uno de los curadores estrella de La Bienal de Venecia<\/a>\u00a0&#8211; Diario Clarin, 27\/05\/2022<\/p>\n<p><a href=\"https:\/\/iicbuenosaires.esteri.it\/wp-content\/uploads\/resource\/doc\/2022\/05\/eugenio_viola__el_optimismo_tiene_que_ser_una_necesidad_tica_-_la_nacion_-_26.05.2022.pdf\">Eugenio Viola:\u201cEl optimismo tiene que ser una necesidad \u00e9tica\u201d<\/a>\u00a0&#8211; LA NACION, 26\/05\/2022<\/p>\n<p><a href=\"https:\/\/www.youtube.com\/watch?v=TUzy1fNXQzU&amp;t=10s\">Pardini, E. (Productora). 2021-2022. Celebraci\u00f3n de las musas.<\/a>\u00a0METRO, 23\/05\/2022<\/p>\n<p><a href=\"https:\/\/iicbuenosaires.esteri.it\/wp-content\/uploads\/resource\/doc\/2022\/05\/quin_es_el_reconocido_crtico_de_arte_italiano_que_visita_la_argentina_y_cmo_asistir_a_sus_charlas_-_forbes_argentina_-_20.05.22.pdf\">Qui\u00e9n es el reconocido cr\u00edtico de arte italiano que visita la Argentina y c\u00f3mo asistir a sus charlas<\/a>\u00a0&#8211; Forbes Argentina, 20\/05\/2022<\/p>\n<p><a href=\"https:\/\/iicbuenosaires.esteri.it\/wp-content\/uploads\/resource\/doc\/2022\/05\/se_viene_una_nueva_edicin_del_festival_no_convencional___diario_el_9_de_julio_20.05.2022.pdf\">Se viene una nueva edici\u00f3n del Festival No Convencional<\/a>\u00a0&#8211; Diario El 9 de Julio, 20\/05\/2022<\/p>\n<p><a href=\"https:\/\/iicbuenosaires.esteri.it\/wp-content\/uploads\/resource\/doc\/2022\/05\/el_ciclo_coln_contemporneo_abri_con_obras_de_una_fuerza_vital_y_ldica_nicas_-_clarn_-_05.05.2022.pdf\">El ciclo Col\u00f3n Contempor\u00e1neo abri\u00f3 con obras de una fuerza vital y l\u00fadica \u00fanicas<\/a>\u00a0&#8211; Clar\u00edn, 05\/05\/2022<\/p>\n<p><a href=\"https:\/\/iicbuenosaires.esteri.it\/wp-content\/uploads\/resource\/doc\/2022\/05\/muestra_dante_x_alonso___prensa_baha_-_04.05.22.pdf\">Muestra \u201cDante x Alonso\u201d<\/a>\u00a0&#8211; Prensa Bah\u00eda, 04\/05\/22<\/p>\n<p><a href=\"https:\/\/iicbuenosaires.esteri.it\/wp-content\/uploads\/resource\/doc\/2022\/05\/francesco_dorazioligeti_es_el_bach_de_nuestros_das_se_viene_la_primera_fecha_de_coln_contemporneo_pgina12_-_04.05.2022.pdf\">Francesco D&#8217;Orazio: &#8220;Ligeti es el Bach de nuestros d\u00edas&#8221;<\/a>&#8211; P\u00e1gina 12, 04\/05\/22<\/p>\n<p><a href=\"https:\/\/iicbuenosaires.esteri.it\/wp-content\/uploads\/resource\/doc\/2022\/05\/beatrice_venezi_la_directora_de_orquesta_ms_joven_de_italia_que_ama_la_patagonia_04.05.22_compressed.pdf\">Beatrice Venezi, la directora de orquesta m\u00e1s joven de Italia que ama la Patagonia<\/a>\u00a0&#8211; Clar\u00edn, 04\/05\/22<\/p>\n<p><a href=\"https:\/\/iicbuenosaires.esteri.it\/wp-content\/uploads\/resource\/doc\/2022\/05\/italia_en_la_feria_del_libro_de_buenos_aires_-_argentina_-_ansa_latina_-_03.05.2022.pdf\">Italia en la Feria del Libro de Buenos Aires<\/a>\u00a0&#8211; Argentina &#8211; ANSA Latina, 03\/05\/2022<\/p>\n<p><a href=\"https:\/\/iicbuenosaires.esteri.it\/wp-content\/uploads\/resource\/doc\/2022\/05\/italia_presente_en_feria_del_libro_buenos_aires_-_italia_-_ansa_latina_-_28.04.22_compressed.pdf\">Italia presente en Feria del Libro Buenos Aires<\/a>\u00a0&#8211; Italia &#8211; ANSA Latina, 28\/04\/22<\/p>\n<p><a href=\"https:\/\/iicbuenosaires.esteri.it\/wp-content\/uploads\/resource\/doc\/2022\/04\/propuestas_italianas_en_buenos_aires_-_espectculos_-_ansa_latina_14.04.2022.pdf\">Propuestas italianas en Buenos Aires<\/a>\u00a0&#8211; Espect\u00e1culos &#8211; ANSA Latina, 14\/04\/2022<\/p>\n<p><a href=\"https:\/\/iicbuenosaires.esteri.it\/wp-content\/uploads\/resource\/doc\/2022\/04\/buenos_aires_liic_porta_litalia_al_festival_del_cinema_bafici_-_aise.it_-_14.04.2022.pdf\">Buenos Aires l&#8217;IIC porta l&#8217;Italia al Festival del Cinema BAFICI<\/a>\u00a0&#8211; Aise.it, 14\/04\/2022<\/p>\n<p><a href=\"https:\/\/iicbuenosaires.esteri.it\/wp-content\/uploads\/resource\/doc\/2022\/04\/bafici_en_buenos_aires_con_participacin_italiana_-_espectculos_-_ansa_latina_-_13_de_abril_2022.pdf\">BAFICI en Buenos Aires con participaci\u00f3n italiana &#8211; Espect\u00e1culos,<\/a>\u00a0ANSA Latina, 13\/04\/22<\/p>\n<p><a href=\"https:\/\/iicbuenosaires.esteri.it\/wp-content\/uploads\/resource\/doc\/2022\/04\/viva_fellini_lo_mejor_del_cine_italiano_en_buenos_aires_itbuenosaires_12.04.22.pdf\">Viva Fellini! Lo mejor del cine italiano en Buenos Aires, itBuenosAires,<\/a>\u00a012\/04\/22<\/p>\n<p><a href=\"https:\/\/iicbuenosaires.esteri.it\/wp-content\/uploads\/resource\/doc\/2022\/04\/el_ballet_contemporneo_del_teatro_san_martn_inaugur_la_temporada_2022___estreno_de__cantata_una_coreografa_del_italiano_mauro_bigonzetti___pgina12_29.03.2022.pdf\">El Ballet Contempor\u00e1neo del Teatro San Mart\u00edn inaugur\u00f3 la temporada 2022 Estreno de Cantata, una coreograf\u00eda del italiano Mauro Bigonzetti<\/a>, P\u00e1gina12, 29\/03\/2022<\/p>\n<p><a href=\"https:\/\/iicbuenosaires.esteri.it\/wp-content\/uploads\/resource\/doc\/2022\/03\/italian_design_a_baires_limportanza_della_dimensione_sociale_-_news_dalle_ambasciate_-_ansa_24.03.2022.pdf\">Italian Design, a Baires l&#8217;importanza della dimensione sociale<\/a>, ANSA, 24\/03\/2022<\/p>\n<p><a href=\"https:\/\/iicbuenosaires.esteri.it\/wp-content\/uploads\/resource\/doc\/2022\/03\/italian_design_day__testimonial_in_argentina_sara_ricciardi_-_news_dalle_ambasciate_-_ansa_-_22.03.2022.pdf\">Italian Design Day testimonial in Argentina Sara Ricciardi<\/a>, ANSA, 22\/03\/2022<\/p>\n<p><a href=\"https:\/\/iicbuenosaires.esteri.it\/wp-content\/uploads\/resource\/doc\/2022\/03\/dantexalonso_una_muestra_que_propone_una_reversin_de_la_divina_comedia_la_nueva_22.03.2022.pdf\">Dante x Alonso: una muestra que\u00a0propone una reversi\u00f3n de la Divina\u00a0Comedia<\/a>, La Nueva, 22\/03\/2022<\/p>\n<p><a href=\"https:\/\/iicbuenosaires.esteri.it\/wp-content\/uploads\/resource\/doc\/2022\/03\/italian_design_day-2022_sara_ricciardi_a_buenos_aires_con_lic_aise.it_17.03.2022.pdf\">Italian Design Day-2022 Sara Ricciardi a Buenos Aires con lIC<\/a>, Aise.it, 17\/03\/2022<\/p>\n<p><a href=\"https:\/\/iicbuenosaires.esteri.it\/wp-content\/uploads\/resource\/doc\/2022\/03\/cantata__viaje_emocional_al_calor_de_un_pueblo_en_el_sur_de_italia_donde_se_baila_con_pasin_-_la_nacion_-_14.03.2022.pdf\">\u201cCantata\u201d viaje emocional al calor de un pueblo en el sur de Italia donde se baila con pasi\u00f3n<\/a>, La Naci\u00f3n, 14\/03\/2022<\/p>\n<p><a href=\"https:\/\/iicbuenosaires.esteri.it\/wp-content\/uploads\/resource\/doc\/2022\/04\/color_y_la_pasin_del_sur_de_italia_con_el_ballet_del_san_martn_12.03.2022.pdf\">Color y la pasi\u00f3n del sur de Italia, con el Ballet del San Mart\u00edn<\/a>, Clar\u00edn, 12\/03\/2022<\/p>\n<p><a href=\"https:\/\/iicbuenosaires.esteri.it\/wp-content\/uploads\/resource\/doc\/2022\/03\/iic_buenos_aires_sara_ricciardi_per_litalian_design_day_9colonne_11.03.2022.pdf\">IIC BUENOS AIRES, SARA RICCIARDI PER L&#8217;ITALIAN DESIGN DAY,<\/a>\u00a09Colonne, 11.03.2022<\/p>\n<p><a href=\"https:\/\/iicbuenosaires.esteri.it\/wp-content\/uploads\/resource\/doc\/2022\/03\/mauro_bigonzetti_o_cmo_armar_una_fiesta_bailable_italiana_en_el_teatro_coliseo_-_vive___la_plata_11.03.2022.pdf\">Mauro Bigonzetti o c\u00f3mo armar una fiesta bailable italiana en el Teatro Coliseo<\/a>, VIVE La Plata, 11\/03\/2022<\/p>\n<p><a href=\"https:\/\/iicbuenosaires.esteri.it\/wp-content\/uploads\/resource\/doc\/2022\/03\/detrs_de_la_cantata_de_mauro_bigonzetti_que_estrena_maana_el_ballet_del_san_martn_-_la_nacion-_10.03.2022.pdf\">Detr\u00e1s de la \u201cCantata\u201d de Mauro Bigonzetti, que estrena ma\u00f1ana el Ballet del San Mart\u00edn<\/a>, La Naci\u00f3n, 10\/03\/2022<\/p>\n<p><a href=\"https:\/\/iicbuenosaires.esteri.it\/wp-content\/uploads\/resource\/doc\/2022\/03\/diario_clarin_-_mauro_bigonzetti_o_cmo_armar_una_fiesta_bailable_italiana_en_el_teatro_coliseo_compressed.pdf\">Mauro Bigonzetti o c\u00f3mo armar una fiesta\u00a0bailable italiana en el Teatro Coliseo<\/a>, Clar\u00edn, 10\/03\/2022<\/p>\n<p><a href=\"https:\/\/iicbuenosaires.esteri.it\/wp-content\/uploads\/resource\/doc\/2022\/03\/se_estrena__cantata__de_mauro_bigonzetti_-_noticias_en_https___actoresonline.com.pdf\">Se estrena Cantata de Mauro Bigonzetti<\/a>. Actores Online, 09\/03\/2022<\/p>\n<p><a href=\"https:\/\/iicbuenosaires.esteri.it\/wp-content\/uploads\/resource\/doc\/2022\/03\/entrevista_mauro_bigonzetti_a_la_nacin_09.03.2022.pdf\">Mauro Bigonzetti: &#8220;Hay un fuego singular en esta compa\u00f1\u00eda: una capacidad t\u00e9cnicaformidable y, adem\u00e1s, unas personalidades vigorosas&#8221;<\/a>. La Naci\u00f3n, 09\/03\/2022<\/p>\n<p><a href=\"https:\/\/iicbuenosaires.esteri.it\/wp-content\/uploads\/resource\/doc\/2022\/03\/cantata_de_mauro_bigonzetti_se_estrena_archivos_del_sur_04.03.2022.pdf\">Cantata de Mauro Bigonzetti se estrena en el Teatro San Mart\u00edn y en el Teatro Coliseo.<\/a>\u00a0Archivos del Sur, 04\/03\/2022<\/p>\n<p><a href=\"https:\/\/iicbuenosaires.esteri.it\/wp-content\/uploads\/resource\/doc\/2022\/03\/fiba_glorywall_una_propuesta_con_un_disparador_-_lanacion_-_04.03.2022.pdf\">FIBA GloryWall, una propuesta con un disparador<\/a>\u00a0&#8211; LaNacion &#8211; 04\/03\/2022<\/p>\n<p><a href=\"https:\/\/iicbuenosaires.esteri.it\/wp-content\/uploads\/resource\/doc\/2022\/03\/fiba_2022_darwin_inconsolabile_batalla_filosfica_para_-_lanacion_-_26.02.2022.pdf\">FIBA 2022 Darwin inconsolabile, batalla filos\u00f3fica para<\/a>\u00a0&#8211; LaNacion &#8211; 26\/02\/2022<\/p>\n<p><a href=\"https:\/\/iicbuenosaires.esteri.it\/wp-content\/uploads\/resource\/doc\/2022\/03\/fiba_por_10_das_las_artes_escnicas_intentarn_contagiar_-_lanacion_-_14.03.2022.pdf\">FIBA por 10 d\u00edas las artes esc\u00e9nicas intentar\u00e1n contagiar\u00a0<\/a>&#8211; LaNacion &#8211; 24\/02\/2022<\/p>\n<p><a href=\"https:\/\/iicbuenosaires.esteri.it\/wp-content\/uploads\/resource\/doc\/2022\/03\/glory_wall_la_obscenidad_de_la_escena_-_revista_-_23.02.2022.pdf\">\u201cGlory Wall\u201d la obscenidad de la escena<\/a>\u00a0&#8211; Revista\u00d1 &#8211; 23\/02\/2022<\/p>\n<p><a href=\"https:\/\/iicbuenosaires.esteri.it\/wp-content\/uploads\/resource\/doc\/2022\/02\/fiba_2022__conciertos_teatrales_experiencias_inmersivas_y_una_ciudad_convertida_en_escenario_-_infobae.pdf\">FIBA 2022: conciertos teatrales, experiencias inmersivas y una ciudad convertida en escenario<\/a>. Infobae, 15\/02\/2022<\/p>\n","protected":false},"excerpt":{"rendered":"Gu\u00eda de Arte y Cultura semana del 13 al 20 de enero, Infobae, 13\/01\/23 El Teatro Col\u00f3n present\u00f3 una ambiciosa programaci\u00f3n para 2023, Cadena 3 Argentina, 05\/01\/23 Gu\u00eda de Arte y Cultura semana del 30 de diciembre al 6 de enero\u00a0&#8211; Infobae, 30\/12\/22 Signos de lo visual, el ballet, el jazz, Diario Alfil, 20\/12\/2022 Gu\u00eda [&hellip;]","protected":false},"author":1,"featured_media":0,"parent":127,"menu_order":5,"comment_status":"closed","ping_status":"closed","template":"","meta":{"footnotes":""},"class_list":["post-420","page","type-page","status-publish","hentry"],"_links":{"self":[{"href":"https:\/\/iicbuenosaires.esteri.it\/it\/wp-json\/wp\/v2\/pages\/420","targetHints":{"allow":["GET"]}}],"collection":[{"href":"https:\/\/iicbuenosaires.esteri.it\/it\/wp-json\/wp\/v2\/pages"}],"about":[{"href":"https:\/\/iicbuenosaires.esteri.it\/it\/wp-json\/wp\/v2\/types\/page"}],"author":[{"embeddable":true,"href":"https:\/\/iicbuenosaires.esteri.it\/it\/wp-json\/wp\/v2\/users\/1"}],"replies":[{"embeddable":true,"href":"https:\/\/iicbuenosaires.esteri.it\/it\/wp-json\/wp\/v2\/comments?post=420"}],"version-history":[{"count":5,"href":"https:\/\/iicbuenosaires.esteri.it\/it\/wp-json\/wp\/v2\/pages\/420\/revisions"}],"predecessor-version":[{"id":456,"href":"https:\/\/iicbuenosaires.esteri.it\/it\/wp-json\/wp\/v2\/pages\/420\/revisions\/456"}],"up":[{"embeddable":true,"href":"https:\/\/iicbuenosaires.esteri.it\/it\/wp-json\/wp\/v2\/pages\/127"}],"wp:attachment":[{"href":"https:\/\/iicbuenosaires.esteri.it\/it\/wp-json\/wp\/v2\/media?parent=420"}],"curies":[{"name":"wp","href":"https:\/\/api.w.org\/{rel}","templated":true}]}}