{"id":457,"date":"2023-09-11T16:11:13","date_gmt":"2023-09-11T14:11:13","guid":{"rendered":"https:\/\/iicbuenosaires.esteri.it\/?page_id=457"},"modified":"2026-02-04T19:12:44","modified_gmt":"2026-02-04T18:12:44","slug":"rassegna-stampa-2023-resena-de-prensa-2023","status":"publish","type":"page","link":"https:\/\/iicbuenosaires.esteri.it\/it\/news\/rassegna-stampa\/rassegna-stampa-2023-resena-de-prensa-2023\/","title":{"rendered":"Rassegna Stampa 2023 \/ Art\u00edculos period\u00edsticos 2023"},"content":{"rendered":"<p><a href=\"https:\/\/iicbuenosaires.esteri.it\/wp-content\/uploads\/2024\/11\/Settimana-cucina-italiana-fra-cultura-e-rinnovamento-a-Baires-Ansa-10.11.2023.pdf\">Settimana cucina italiana fra cultura e rinnovamento a Baires<\/a> -Ansa &#8211; 10\/11\/2023<\/p>\n<p><a href=\"https:\/\/iicbuenosaires.esteri.it\/wp-content\/uploads\/2024\/11\/Giovanni-Sollima-Brunello-Mario-12-violoncellos-ensamble-La-Nacion-06.11.2023.pdf\">Giovanni Sollima &amp; Brunello Mario + 12 violoncellos ensamble<\/a> &#8211; La Naci\u00f3n &#8211; 06\/11\/2023<\/p>\n<p><a href=\"https:\/\/iicbuenosaires.esteri.it\/wp-content\/uploads\/2024\/11\/Los-italianos-Giovanni-Sollima-y-Mario-Brunello-actuaran-en-Buenos-Aires-Pagina1204.11.2023.pdf\">Los italianos Giovanni Sollima y Mario Brunello actuar\u00e1n en Buenos Aires<\/a> &#8211; P\u00e1gina12 &#8211; 04\/11\/2023<\/p>\n<p><a href=\"https:\/\/iicbuenosaires.esteri.it\/wp-content\/uploads\/2024\/11\/Conciertos-y-presentaciones-de-discos-hasta-cuando-aprovechar-Buenos-Aires-Jazz-Festival-Internacional-Ambito-03.11.2023.pdf\">Conciertos y presentaciones de discos, hasta cu\u00e1ndo aprovechar Buenos Aires Jazz Festival Internacional<\/a> &#8211; \u00c1mbito &#8211; 03\/11\/2023<\/p>\n<p><a href=\"https:\/\/iicbuenosaires.esteri.it\/wp-content\/uploads\/2024\/11\/Tesoros-desconocidos-arte-y-arqueologia-de-la-Italia-prerromana-en-una-muestra-de-gran-impacto-Clarin-03.11.2023.pdf\">Tesoros desconocidos, arte y arqueolog\u00eda de la Italia prerromana en una muestra de gran impacto<\/a> &#8211; Clar\u00edn &#8211; 03\/11\/2023<\/p>\n<p><a href=\"https:\/\/iicbuenosaires.esteri.it\/wp-content\/uploads\/2024\/11\/El-Colon-y-una-Butterfly-realista-alejada-de-todo-sentido-romantico-Ambito-02.11.2023.pdf\">El Col\u00f3n y una \u201cButterfly\u201d realista, alejada de todo sentido rom\u00e1ntico<\/a> &#8211; \u00c1mbito &#8211; 02\/11\/2023<\/p>\n<p><a href=\"https:\/\/iicbuenosaires.esteri.it\/wp-content\/uploads\/2024\/11\/Del-Colon-al-San-Martin-el-Festival-de-Jazz-toma-la-Ciudad-Buenos-Aires-Infobae-31.10.2023.pdf\">Del Col\u00f3n al San Mart\u00edn, el Festival de Jazz toma la Ciudad Buenos Aires<\/a> &#8211; Infobae 31\/10\/2023<\/p>\n<p><a href=\"https:\/\/iicbuenosaires.esteri.it\/wp-content\/uploads\/2024\/11\/Comienza-una-nueva-edicion-del-Festival-Chopiniana-en-Buenos-Aires-Musica-Clasica-BA-20.10.2023.pdf\">Comienza una nueva edici\u00f3n del Festival Chopiniana en Buenos Aires <\/a>&#8211; Musica Clasica BA &#8211; 20\/10\/2023<\/p>\n<p><a href=\"https:\/\/iicbuenosaires.esteri.it\/wp-content\/uploads\/2024\/11\/Actividades-po-la-semana-de-la-lengua-italiana-Ansa-10.10.2023.pdf\">Actividades po la semana de la lengua italiana<\/a> &#8211; Ansa\u00a0 &#8211; 10\/10\/2023<\/p>\n<p><a href=\"https:\/\/iicbuenosaires.esteri.it\/wp-content\/uploads\/2024\/11\/El-historiador-Carlo-Ginzburg-recibio-el-Diploma-Honoris-Causa-de-la-Universidad-de-Buenos-Aires-La-Nacion-05.10.2023.pdf\">El historiador Carlo Ginzburg recibi\u00f3 el Diploma Honoris Causa de la Universidad de Buenos Aires <\/a>&#8211; La Naci\u00f3n &#8211; 05\/10\/2023<\/p>\n<p><a href=\"https:\/\/iicbuenosaires.esteri.it\/wp-content\/uploads\/2024\/11\/La-programacion-completa-del-Encuentro-de-Cine-Europeo-en-Argentina-Infobae-03.10.2023.pdf\">La programaci\u00f3n completa del Encuentro de Cine Europeo en Argentina<\/a> &#8211; Infobae &#8211; 03\/10\/2023<\/p>\n<p><a href=\"https:\/\/iicbuenosaires.esteri.it\/wp-content\/uploads\/2024\/11\/Vals-dinero-patria-y-amor-en-La-viuda-alegre-de-Franz-Lehar-en-el-Teatro-Colon-Infobae-03.10.2023.pdf\">Vals, dinero, patria y amor en \u201cLa viuda alegre\u201d de Franz Leh\u00e1r en el Teatro Col\u00f3n<\/a>&#8211; Infobae &#8211; 03\/10\/2023<\/p>\n<p><a href=\"https:\/\/iicbuenosaires.esteri.it\/wp-content\/uploads\/2024\/11\/Teatro-Colon-en-la-Viuda-Alegre-la-musica-de-Lehar-emerge-victoriosa-ante-las-dificultades-de-la-puesta-La-Nacion-27.09.2023.pdf\">Teatro Col\u00f3n en la Viuda Alegre, la m\u00fasica de L\u00e9har emerge victoriosa ante las dificultades de la puesta<\/a> &#8211; La Naci\u00f3n &#8211; 27\/09\/2023<\/p>\n<p><a href=\"https:\/\/iicbuenosaires.esteri.it\/wp-content\/uploads\/2024\/11\/La-viuda-alegre-en-el-Colon.-La-musica-brilla-pero-tal-vez-no-necesitabamos-el-rock-and-roll-Clarin-27.09.2023.pdf\">La viuda alegre, en el Col\u00f3n. La m\u00fasica brilla, pero tal vez no necesit\u00e1bamos el rock and roll<\/a> &#8211; Clar\u00edn &#8211; 27\/09\/2023<\/p>\n<p><a href=\"https:\/\/iicbuenosaires.esteri.it\/wp-content\/uploads\/2024\/11\/La-Viuda-Alegre-la-opereta-mas-famosa-de-Franz-Lehar-vuelve-al-Teatro-Colon-despues-de-12-anos-Infobae-25.09.2023.pdf\">La Viuda Alegre, la opereta m\u00e1s famosa de Franz Leh\u00e1r vuelve al Teatro Col\u00f3n despu\u00e9s de 12 a\u00f1os <\/a>&#8211; Infobae &#8211; 25\/09\/2023<\/p>\n<p><a href=\"https:\/\/iicbuenosaires.esteri.it\/wp-content\/uploads\/2024\/11\/Divertimento-Ensemble-y-Sandro-Gorli-musica-italiana-contemporanea-enel-CETC-Pagina12-22.09.2023.pdf\">Divertimento Ensemble y Sandro Gorli, m\u00fasica italiana contempor\u00e1nea enel CETC <\/a>&#8211; P\u00e1gina12 &#8211; 22\/09\/2023<\/p>\n<p><a href=\"https:\/\/iicbuenosaires.esteri.it\/wp-content\/uploads\/2024\/11\/Incontro-su-Syria-Poletti-la-scrittrice-dellimmigrazione-italiana-in-Argentina-9-colonne-29.09.2023.pdf\">Incontro su Syria Poletti, la scrittrice dell&#8217;immigrazione italiana in Argentina<\/a> &#8211; 9 colonne &#8211; 29\/09\/2023<\/p>\n<p><a href=\"https:\/\/iicbuenosaires.esteri.it\/wp-content\/uploads\/2024\/11\/El-Divertimento-Ensemble-y-tres-conciertos-para-conocer-la-musica-italiana-actual-Clarin-21.09.2023.pdf\">El Divertimento Ensemble y tres conciertos para conocer la m\u00fasica italiana actual<\/a> &#8211; Clar\u00edn &#8211; 21\/09\/2023<\/p>\n<p><a href=\"https:\/\/iicbuenosaires.esteri.it\/wp-content\/uploads\/2024\/11\/Un-libro-que-relata-como-el-poder-economico-se-metio-de-lleno-en-el-futbol-Clarin-01.09.2023.pdf\">Un libro que relata c\u00f3mo el poder econ\u00f3mico se meti\u00f3 de lleno en el f\u00fatbol<\/a> &#8211; Clar\u00edn &#8211; 01\/09\/2023<\/p>\n<p><a href=\"https:\/\/iicbuenosaires.esteri.it\/wp-content\/uploads\/resource\/doc\/2023\/03\/inaugurata_la_settimana_del_cinema_italiano_di_buenos_aires_-_ansa_31.03.23.pdf\">Inaugurata la Settimana del Cinema italiano di Buenos Aires<\/a>\u00a0&#8211; ANSA, 31\/03\/23<\/p>\n<p><a href=\"https:\/\/iicbuenosaires.esteri.it\/wp-content\/uploads\/resource\/doc\/2023\/03\/toda_la_programacin_de_la_9_semana_de_cine_italiano___escribiendocine_07.03.2023.pdf\">Toda la programaci\u00f3n de la 9 Semana de Cine Italiano en Buenos Aires\u00a0<\/a>&#8211; EscribiendoCine, 30\/03\/23<\/p>\n<p><a href=\"https:\/\/iicbuenosaires.esteri.it\/wp-content\/uploads\/resource\/doc\/2023\/03\/semana_de_cine_italiano__programacin_y_crticas_cinpolis_recoleta_-_micropsia_30.03.23.pdf\">Semana de Cine Italiano programaci\u00f3n y cr\u00edticas (Cin\u00e9polis Recoleta)<\/a>\u00a0&#8211; Micropsia, 30\/03\/23<\/p>\n<p><a href=\"https:\/\/iicbuenosaires.esteri.it\/wp-content\/uploads\/resource\/doc\/2023\/03\/se_inicia_la_novena_edicin_de_la_muestra_en_buenos_aires_-_espectculos_-_ansa_latina_30.03.2023.pdf\">Se inicia la novena edici\u00f3n de la muestra en Buenos Aires\u00a0<\/a>&#8211; Espect\u00e1culos &#8211; ANSA Latina, 30\/03\/23<\/p>\n<p><a href=\"https:\/\/iicbuenosaires.esteri.it\/wp-content\/uploads\/resource\/doc\/2023\/03\/once_pelculas_forman_parte_de_la_9na._edicin_de_la_semana_de_cine_italiano_-el_da_29.03.2023.pdf\">Once pel\u00edculas forman parte de la 9na. edici\u00f3n de la Semana de Cine Italiano<\/a>\u00a0-El D\u00eda, 29\/03\/23<\/p>\n<p><a href=\"https:\/\/iicbuenosaires.esteri.it\/wp-content\/uploads\/resource\/doc\/2023\/03\/al_via_a_buenos_aires_la_9_a_settimana_del_cinema_italiano_-_ansa_28.03.23.pdf\">Al via a Buenos Aires la 9a Settimana del cinema italiano\u00a0<\/a>&#8211; ANSA, 28\/03\/23<\/p>\n<p><a href=\"https:\/\/iicbuenosaires.esteri.it\/wp-content\/uploads\/resource\/doc\/2023\/03\/noticias__gua_de_la_semana_de_cine_italiano_2023_en_cinpolis_recoleta_-_otros_cines_27.03.23.pdf\">Gu\u00eda de la Semana de Cine Italiano 2023 en Cin\u00e9polis Recoleta<\/a>\u00a0&#8211; Otros Cines, 27\/03\/23<\/p>\n<p><a href=\"https:\/\/iicbuenosaires.esteri.it\/wp-content\/uploads\/resource\/doc\/2023\/03\/i_corpi_ambulanti_di_martin_errichiello_in_mostra_a_baires_-_ansa_24.0323.pdf\">I &#8216;Corpi ambulanti&#8217; di Martin Errichiello in mostra a Baires\u00a0<\/a>&#8211; ANSA, 24\/03\/23<\/p>\n<p><a href=\"https:\/\/iicbuenosaires.esteri.it\/wp-content\/uploads\/resource\/doc\/2023\/03\/el_tiempo_que_vives_es_ms_fuerte_que_t_-_revista_qu_hacemos_23.03.2023.pdf\">El tiempo que vives es m\u00e1s fuerte que t\u00fa<\/a>\u00a0&#8211; Revista Qu\u00e9 Hacemos, 23\/03\/23<\/p>\n<p><a href=\"https:\/\/iicbuenosaires.esteri.it\/wp-content\/uploads\/resource\/doc\/2023\/03\/llega_novena_semana_del_cine_italiano_a_buenos_aires_-_espectculos_-_ansa_latina_22.03.2023.pdf\">Llega novena Semana del Cine Italiano a Buenos Aires<\/a>\u00a0&#8211; ANSA Latina, 22\/03\/2023<\/p>\n<p><a href=\"https:\/\/iicbuenosaires.esteri.it\/wp-content\/uploads\/resource\/doc\/2023\/03\/comenzar_la_semana_de_cine_italiano_en_buenos_aires.___cine_y_teatro_argentino_hoy_21.03.2023.pdf\">Comenzar\u00e1 la Semana de Cine Italiano en Buenos Aires\u00a0<\/a>&#8211; Cine y Teatro Argentino Hoy, 21\/03\/23<\/p>\n<p><a href=\"https:\/\/iicbuenosaires.esteri.it\/wp-content\/uploads\/resource\/doc\/2023\/03\/cantata_espectculo_de_danza_gratuito_en_el_parque_centenario_21.03.23_compressed.pdf\">\u201cCantata\u201d, espect\u00e1culo de danza gratuito en el Parque Centenario<\/a>\u00a0&#8211; La Vereda, 21\/03\/23<\/p>\n<p><a href=\"https:\/\/iicbuenosaires.esteri.it\/wp-content\/uploads\/resource\/doc\/2023\/03\/_fausto__impactante_en_la__divina_italia__en_buenos_aires_-_ansa_latina_-_18.03.2023.pdf\">Fausto impactante en la Divina Italia en Buenos Aires<\/a>\u00a0&#8211; ANSA Latina, 18\/03\/2023<\/p>\n<p><a href=\"https:\/\/iicbuenosaires.esteri.it\/wp-content\/uploads\/resource\/doc\/2023\/03\/argentina__opera_filmica_del_napoletano_errichiello_a_baires_-_ansa_-_17.03.2023.pdf\">Argentina opera filmica del napoletano Errichiello a Baires<\/a>\u00a0&#8211; ANSA, 17\/03\/2023<\/p>\n<p><a href=\"https:\/\/iicbuenosaires.esteri.it\/wp-content\/uploads\/resource\/doc\/2023\/03\/il_faust_secondo_poda__unesperienza_gloriosa__-_musica_-_ansa_17.03.23.pdf\">Il Faust secondo Poda un&#8217;esperienza gloriosa<\/a>\u00a0&#8211; Musica &#8211; ANSA, 17\/03\/23<\/p>\n<p><a href=\"https:\/\/iicbuenosaires.esteri.it\/wp-content\/uploads\/resource\/doc\/2023\/03\/rsurrections___mahler_par_castellucci__buenos_aires_-_actualits_-_lyrix_16.03.2023.pdf\">R\u00e9surrections Mahler par Castellucci \u00e0 Buenos Aires<\/a>\u00a0&#8211; \u00d4lyrix, 16\/03\/2023<\/p>\n<p><a href=\"https:\/\/iicbuenosaires.esteri.it\/wp-content\/uploads\/resource\/doc\/2023\/03\/fausto_consigue_multiplicar_la_fuerza_de_las_dimensiones_irreconciliables_en_pugna_-_la_nacion_15.03.2023.pdf\">Fausto consigue multiplicar la fuerza de las dimensiones irreconciliables en pugna<\/a>\u00a0&#8211; LA NACION, 15\/03\/2023<\/p>\n<p><a href=\"https:\/\/iicbuenosaires.esteri.it\/wp-content\/uploads\/resource\/doc\/2023\/03\/_divina_italia__en_el_coln_con_fausto_de_gounod_-_espectculos_-_ansa_latina_15.03.2023.pdf\">Divina Italia en el Col\u00f3n, con Fausto de Gounod<\/a>\u00a0&#8211; ANSA Latina, 15\/03\/2023<\/p>\n<p><a href=\"https:\/\/iicbuenosaires.esteri.it\/wp-content\/uploads\/resource\/doc\/2023\/03\/una_impactante_fausto_abri_la_temporada_de_pera_del_coln_tlam_15.03.2023.pdf\">Una impactante &#8216;Fausto&#8217; abri\u00f3 la temporada de \u00f3pera del Col\u00f3n<\/a>\u00a0&#8211; T\u00e9lam, 15\/03\/2023<\/p>\n<p><a href=\"https:\/\/iicbuenosaires.esteri.it\/wp-content\/uploads\/resource\/doc\/2023\/03\/jan_latham-koenig__los_elon_musk_y_jeff_bezos_son_los_fausto_de_hoy_14.03.23.pdf\">Jan Latham-Koenig &#8216;Los Elon Musk y Jeff Bezos son los &#8216;Fausto&#8217; de hoy&#8217;<\/a>, 14\/03\/23<\/p>\n<p><a href=\"https:\/\/iicbuenosaires.esteri.it\/wp-content\/uploads\/resource\/doc\/2023\/03\/el_regreso_del_fausto_de_gounod_y_por_qu_la_pera_es_la_ltima_salvacin_que_nos_queda_segn_stefano_poda_-_la_nacion_14.03.23.pdf\">El regreso del Fausto de Gounod y por qu\u00e9 la \u00f3pera es \u201cla \u00faltima salvaci\u00f3n que nos queda\u201d, seg\u00fan Stefano Poda<\/a>\u00a0&#8211; LA NACION, 14\/03\/23<\/p>\n<p><a href=\"https:\/\/iicbuenosaires.esteri.it\/wp-content\/uploads\/resource\/doc\/2023\/03\/stefano_poda___fausto_es_el_hombre_de_hoy_deshumanizado____la_clebre_obra_se_presenta_en_el_coln___pgina12_14.03.23.pdf\">Stefano Poda_ Fausto es el hombre de hoy, deshumanizado_ La c\u00e9lebre obra se presenta en el Col\u00f3n<\/a>\u00a0&#8211; P\u00e1gina12, 14\/03\/23<\/p>\n<p><a href=\"https:\/\/iicbuenosaires.esteri.it\/wp-content\/uploads\/resource\/doc\/2023\/03\/italian_design_day_2023_en_buenos_aires_-_ansa_latina_10.03.23.pdf\">Italian Design Day 2023 en Buenos Aires<\/a>\u00a0&#8211; ANSA Latina, 10\/03\/23<\/p>\n<p><a href=\"https:\/\/iicbuenosaires.esteri.it\/wp-content\/uploads\/resource\/doc\/2023\/03\/tenemos_que_celebrar_porque_dejamos_atrs_un_pasado_violento_e_injusto__horacio_rodrguez_larreta_-_elintra.com.ar_09.03.23.pdf\">\u201cTenemos que celebrar porque dejamos atr\u00e1s un pasado violento e injusto\u201d Horacio Rodr\u00edguez Larreta<\/a>\u00a0&#8211; Elintra.com.ar, 09\/03\/23<\/p>\n<p><a href=\"https:\/\/iicbuenosaires.esteri.it\/wp-content\/uploads\/resource\/doc\/2023\/03\/atpico_y_colosal_inicio_de_temporada__diario_la_prensa_09.03.23.pdf\">At\u00edpico y colosal inicio de temporada<\/a>\u00a0&#8211; Diario La Prensa, 09\/03\/23<\/p>\n<p><a href=\"https:\/\/iicbuenosaires.esteri.it\/wp-content\/uploads\/resource\/doc\/2023\/03\/el_teatro_coln_abri_su_temporada_con_un_clsico_que_exhibi_el_horror_e_incomod_al_pblico_-_mdz_online_09.03.23.pdf\">El Teatro Col\u00f3n abri\u00f3 su temporada con un cl\u00e1sico que exhibi\u00f3 el horror e incomod\u00f3 al p\u00fablico\u00a0<\/a>&#8211; MDZ Online, 09\/03\/23<\/p>\n<p><a href=\"https:\/\/iicbuenosaires.esteri.it\/wp-content\/uploads\/resource\/doc\/2023\/03\/rodrguez_larreta_en_un_homenaje_a_los_40_aos_de_la_recuperacin_de_la_democracia__buenos_aires_ciudad_-_09.03.23.pdf\">Rodr\u00edguez Larreta, en un homenaje a los 40 a\u00f1os de la recuperaci\u00f3n de la democracia<\/a>\u00a0&#8211; Buenos Aires Ciudad, 09\/03\/23<\/p>\n<p><a href=\"https:\/\/iicbuenosaires.esteri.it\/wp-content\/uploads\/resource\/doc\/2023\/03\/resurreccin_impacta_con_una_audaz_puesta_en_escena_y_algunos_gestos_contraculturales_-_infobae_09.03.23.pdf\">\u201cResurrecci\u00f3n\u201d impacta con una audaz puesta en escena y algunos gestos contraculturales<\/a>\u00a0&#8211; Infobae, 09\/03\/23<\/p>\n<p><a href=\"https:\/\/iicbuenosaires.esteri.it\/wp-content\/uploads\/resource\/doc\/2023\/03\/el_teatro_coln_trae_a_buenos_aires_la_resurreccin_de_romeo_castellucci___el_pas_argentina_07.03.2023.pdf\">El Teatro Col\u00f3n trae a Buenos Aires la \u2018Resurrecci\u00f3n\u2019 de Romeo Castellucc<\/a>i &#8211; EL PA\u00cdS Argentina, 07\/03\/2023<\/p>\n<p><a href=\"https:\/\/iicbuenosaires.esteri.it\/wp-content\/uploads\/resource\/doc\/2023\/03\/italian_design_day_2023_en_buenos_aires_-_ansa_latina_10.03.23.pdf\">Italian Design Day 2023 en Buenos Aires<\/a>\u00a0&#8211; ANSA Latina, 07\/03\/23<\/p>\n<p><a href=\"https:\/\/iicbuenosaires.esteri.it\/wp-content\/uploads\/resource\/doc\/2023\/03\/resurreccin_por_romeo_castellucci__no_hay_un_slo_mensaje_no_es_teatro_ideolgico_-_infobae_07.03.23.pdf\">\u201cResurrecci\u00f3n\u201d por Romeo Castellucci_ \u201cNo hay un s\u00f3lo mensaje, no es teatro ideol\u00f3gico\u201d<\/a>\u00a0&#8211; Infobae 07\/03\/23<\/p>\n<p><a href=\"https:\/\/iicbuenosaires.esteri.it\/wp-content\/uploads\/resource\/doc\/2023\/03\/toda_la_programacin_de_la_9_semana_de_cine_italiano___escribiendocine_07.03.2023.pdf\">Toda la programaci\u00f3n de la 9 Semana de Cine Italian<\/a>o &#8211; EscribiendoCine, 07.03.2023<\/p>\n<p><a href=\"https:\/\/iicbuenosaires.esteri.it\/wp-content\/uploads\/resource\/doc\/2023\/03\/semana_de_cine_italiano_palermonline_07.03.2023.pdf\">Semana de Cine Italiano\u00a0<\/a>&#8211; Palermonline, 07\/03\/23<\/p>\n<p><a href=\"https:\/\/iicbuenosaires.esteri.it\/wp-content\/uploads\/resource\/doc\/2023\/03\/fue_anunciada_la_nueva_edicin_de_la_semana_de_cine_italiano_-_la_vereda_07.03.2023.pdf\">Fue anunciada la nueva edici\u00f3n de la Semana de Cine Italiano<\/a>\u00a0&#8211; La Vereda, 07\/03\/23<\/p>\n<p><a href=\"https:\/\/iicbuenosaires.esteri.it\/wp-content\/uploads\/resource\/doc\/2023\/03\/el_teatro_coln_abre_su_temporada_con__resurrecin__en_la_rural___puesta_en_escena_de_romeo_castellucci_sobre_una_sinfona_de_gustav_mahler___pgina12_07.03.2023.pdf\">El Teatro Col\u00f3n abre su temporada con Resurreci\u00f3n en La Rural<\/a>\u00a0&#8211; P\u00e1gina12, 07\/03\/23<\/p>\n<p><a href=\"https:\/\/youtu.be\/1Uk6Le7dLdw\">Pardini, E. (Productora). 2021-2022. Celebraci\u00f3n de las musas<\/a>. METRO, 06\/03\/23<\/p>\n<p><a href=\"https:\/\/iicbuenosaires.esteri.it\/wp-content\/uploads\/resource\/img\/2023\/03\/tapa_espectculos_la_nacin_05.03.23.jpg\"><em>Copertina<\/em>\u00a0<\/a>&#8211; Spettacoli\/La Naci\u00f3n, 05\/03\/23<\/p>\n<p><a href=\"https:\/\/iicbuenosaires.esteri.it\/wp-content\/uploads\/resource\/img\/2023\/03\/tapa_espectculos_perfil_05.03.23.jpg\"><em>Copertina<\/em><\/a>\u00a0&#8211; Spettacoli\/Perfil, 05\/03\/23<\/p>\n<p><a href=\"https:\/\/iicbuenosaires.esteri.it\/wp-content\/uploads\/resource\/img\/2023\/03\/una_pirueta_simblica_pgina_12_05.03.23.jpg\">&#8220;Una pirueta simb\u00f3lica&#8221;<\/a>\u00a0&#8211; P\u00e1gina 12, 05\/03\/23<\/p>\n<p><a href=\"https:\/\/iicbuenosaires.esteri.it\/wp-content\/uploads\/resource\/img\/2023\/03\/tapa_clarn_domingo_05.03.23.jpg\"><em>Copertina<\/em><\/a>\u00a0&#8211; Clar\u00edn, 05\/03\/23<\/p>\n<p><a href=\"https:\/\/iicbuenosaires.esteri.it\/wp-content\/uploads\/resource\/img\/2023\/03\/tapa_espectculos_clarn_05.03.23.jpg\"><em>Copertina<\/em><\/a>\u00a0&#8211; Spettacoli\/Clar\u00edn, 05\/03\/23<\/p>\n<p><a href=\"https:\/\/iicbuenosaires.esteri.it\/wp-content\/uploads\/resource\/doc\/2023\/03\/andrs_duprat___crear_puentes_con_otros_museos_nos_permite_crecer_profesionalizarnos_y_brindar_un_servicio_pblico_de_alta_calidad____argentina.gob.ar_06.03.2023.pdf\">Andr\u00e9s Duprat Crear puentes con otros museos nos permite crecer, profesionalizarnos y brindar un servicio p\u00fablico de alta calidad &#8211; Argentina.gob.ar\u00a0<\/a>06.03.2023<\/p>\n<p><a href=\"https:\/\/iicbuenosaires.esteri.it\/wp-content\/uploads\/resource\/doc\/2023\/03\/romeo_castellucci_el_teatro_tiene_que_provocar_una_eleccin_tiene_que_provocar_el_cuerpo_del_espectador_-_clarn_-_05.03.23_compressed.pdf\">Romeo Castellucci El Teatro tiene que provocar una elecci\u00f3n, tiene que provocar el cuerpo del espectador<\/a>, Clar\u00edn &#8211; 05\/03\/23<\/p>\n<p><a href=\"https:\/\/iicbuenosaires.esteri.it\/wp-content\/uploads\/resource\/doc\/2023\/03\/una_mquina_excavadora_un_caballo_actor_de_cuento_de_hadas_y_450_artistas_-_la_nacin_-_05.03.23_compressed.pdf\">Una m\u00e1quina excavadora, un caballo actor de cuento de hadas y 450 artistas\u00a0<\/a>&#8211; La Naci\u00f3n, 05\/03\/23<\/p>\n<p><a href=\"https:\/\/iicbuenosaires.esteri.it\/wp-content\/uploads\/resource\/img\/2023\/03\/una_pirueta_simblica_pgina_12_05.03.23.jpg\">Una pirueta simb\u00f3lica &#8211; P\u00e1gina 12<\/a>, 05\/03\/23<\/p>\n<p><a href=\"https:\/\/iicbuenosaires.esteri.it\/wp-content\/uploads\/resource\/doc\/2023\/03\/la_msica_define_lo_humano___perfil_05.03.2023.pdf\">\u201cLa m\u00fasica define lo humano\u201d<\/a>\u00a0&#8211; Perfil, 05\/03\/23<\/p>\n<p><a href=\"https:\/\/iicbuenosaires.esteri.it\/wp-content\/uploads\/resource\/doc\/2023\/03\/la_msica_define_lo_humano_noticias_del_momento_05.03.23.pdf\">\u201cLa m\u00fasica define lo humano\u201d<\/a>\u00a0&#8211; Noticias del momento, 05\/03\/23<\/p>\n<p><a href=\"https:\/\/iicbuenosaires.esteri.it\/wp-content\/uploads\/resource\/doc\/2023\/03\/resurreccin_de_mahler_-_castelucci_en_la_temporada_del_teatro_coln_ar_-_mundoclasico.com_05.03.23.pdf\">Resurrecci\u00f3n de Mahler &#8211; Castelucci en la Temporada del Teatro Col\u00f3n (AR)<\/a>\u00a0&#8211; Mundoclasico.com, 05\/03\/23<\/p>\n<p><a href=\"https:\/\/iicbuenosaires.esteri.it\/wp-content\/uploads\/resource\/doc\/2023\/03\/el_polmico_romeo_castellucci_abrir_la_temporada_del_coln_en_la_rural_-_la_nacin_05.03.23_compressed.pdf\">El pol\u00e9mico Romeo Castellucci abrir\u00e1 la temporada del Col\u00f3n en la Rural<\/a>\u00a0&#8211; La Naci\u00f3n, 05\/03\/23<\/p>\n<p><a href=\"https:\/\/iicbuenosaires.esteri.it\/wp-content\/uploads\/resource\/doc\/2023\/03\/romeo_castellucci_y_su_puesta_de_resurreccin__fosas_comunes_en_la_rural_de_palermo_-_tvn_03.03.2023.pdf\">Romeo Castellucci y su puesta de Resurrecci\u00f3n fosas comunes en La Rural de Palermo<\/a>\u00a0&#8211; TVN 03\/03\/23<\/p>\n<p><a href=\"https:\/\/iicbuenosaires.esteri.it\/wp-content\/uploads\/resource\/doc\/2023\/03\/joyas_de_taranto_la__pars_de_la_antigedad__en_buenos_aires_clarn_03.03.2023.pdf\">Joyas de Taranto, la Par\u00eds de la antig\u00fcedad, en Buenos Aires<\/a>\u00a0&#8211; Clar\u00edn 03\/03\/23<\/p>\n<p><a href=\"https:\/\/iicbuenosaires.esteri.it\/wp-content\/uploads\/resource\/doc\/2023\/03\/italia__divina__en_el_coln_-_espectculos_-_ansa_latina_03.03.2023.pdf\">Italia, Divina en el Col\u00f3n<\/a>\u00a0&#8211; ANSA Latina 03\/03\/23<\/p>\n<p><a href=\"https:\/\/iicbuenosaires.esteri.it\/wp-content\/uploads\/resource\/doc\/2023\/03\/el_teatro_coln_present_el_ciclo_divina_italia_-_infobae_03.03.2023.pdf\">El Teatro Col\u00f3n present\u00f3 el ciclo \u201cDivina Italia\u201d\u00a0<\/a>&#8211; Infobae 03\/03\/23<\/p>\n<p><a href=\"https:\/\/iicbuenosaires.esteri.it\/wp-content\/uploads\/resource\/doc\/2023\/03\/contina_el_festival_internacional_de_buenos_aires_-_billiken_03.03.23.pdf\">Contin\u00faa el Festival Internacional de Buenos Aires\u00a0<\/a>&#8211; Billiken 03\/03\/23<\/p>\n<p><a href=\"https:\/\/iicbuenosaires.esteri.it\/wp-content\/uploads\/resource\/doc\/2023\/03\/se_viene_el_italian_design_day_2023_-_9010_-_02.03.2023.pdf\">Se viene el Italian Design Day 2023\u00a0<\/a>&#8211; 90+10, 02\/03\/23<\/p>\n<p><a href=\"https:\/\/iicbuenosaires.esteri.it\/wp-content\/uploads\/resource\/doc\/2023\/03\/resurreccin_un_homenaje_del_teatro_coln_a_la_democracia_en_la_rural_-_mdz_online_28.02.23.pdf\">Resurrecci\u00f3n, un homenaje del Teatro Col\u00f3n a la Democracia<\/a>, en La Rural &#8211; MDZ Online, 28\/02\/23<\/p>\n<p><a href=\"https:\/\/iicbuenosaires.esteri.it\/wp-content\/uploads\/resource\/doc\/2023\/02\/este_ao_el_coln_abrir_su_temporada_en_la_rural_con_una_versin_imponente_de_una_sinfona_de_mahler_26.02.2023.pdf\">Este a\u00f1o, el Col\u00f3n abrir\u00e1 su temporada en La Rural, con una versi\u00f3n imponente de una sinfon\u00eda de Mahler\u00a0<\/a>&#8211; Clar\u00edn, 26\/02\/23<\/p>\n<p><a href=\"https:\/\/iicbuenosaires.esteri.it\/wp-content\/uploads\/resource\/doc\/2023\/02\/gua_de_arte_y_cultura__semana_del_24_de_febrero_al_3_de_marzo_-_infobae_24.02.23.pdf\">Gu\u00eda de Arte y Cultura_ semana del 24 de febrero al 3 de marzo<\/a>\u00a0&#8211; Infobae, 24\/02\/23<\/p>\n<p><a href=\"https:\/\/iicbuenosaires.esteri.it\/wp-content\/uploads\/resource\/doc\/2023\/02\/en_buenos_aires_el_teatro_habla_italiano_-_ansa_latina_24.02.23.pdf\">En Buenos Aires, el teatro habla italiano<\/a>\u00a0&#8211; ANSA Latina, 24\/02\/23<\/p>\n<p><a href=\"https:\/\/iicbuenosaires.esteri.it\/wp-content\/uploads\/resource\/doc\/2023\/02\/llega_el_festival_internacional_de_buenos_aires_con_grandes_propuestas___nota_al_pie___noticias_en_contexto_20.02.23_compressed.pdf\">Llega el Festival Internacional de Buenos Aires con grandes propuestas<\/a>\u00a0&#8211; Nota al Pie, 20\/02\/23<\/p>\n<p><a href=\"https:\/\/iicbuenosaires.esteri.it\/wp-content\/uploads\/resource\/doc\/2023\/02\/el_festival_internacional_de_buenos_aires_fiba_2023_del_24_02_al_05_03_con_entrada_gratis_-_palermo_mio._20.02.23.pdf\">El Festival Internacional de Buenos Aires (FIBA) 2023 del 24_02 al 05_03 con entrada gratis<\/a>\u00a0&#8211; Palermo Mio, 20\/02\/23<\/p>\n<p><a href=\"https:\/\/iicbuenosaires.esteri.it\/wp-content\/uploads\/resource\/doc\/2023\/02\/divina_italia_la_programacin_de_2023_para_el_coln_y_el_teatro_coliseo_17.02.2023_compressed.pdf\">Divina Italia, la programaci\u00f3n de 2023 para el Col\u00f3n y el Teatro Coliseo<\/a>\u00a0&#8211; Clar\u00edn, 17\/02\/23<\/p>\n<p><a href=\"https:\/\/iicbuenosaires.esteri.it\/wp-content\/uploads\/resource\/doc\/2023\/02\/la_muestra__dante_x_alonso__finaliza_su_itinerancia_en_crdoba_15.02.23.pdf\">La muestra Dante x Alonso finaliza su itinerancia en C\u00f3rdoba<\/a>\u00a0&#8211; La Vereda, 15\/02\/23<\/p>\n<p><a href=\"https:\/\/iicbuenosaires.esteri.it\/wp-content\/uploads\/resource\/doc\/2023\/02\/as_ser_la_programacin_del_fiba_2023_-_infobae_15.02.2023.pdf\">As\u00ed ser\u00e1 la programaci\u00f3n del FIBA 2023<\/a>\u00a0&#8211; Infobae, 15\/02\/23<\/p>\n<p><a href=\"https:\/\/iicbuenosaires.esteri.it\/wp-content\/uploads\/resource\/doc\/2023\/02\/fiba_2023_llega_con_obras_nacionales_transnacionales_e_internacionales__vive_la_plata_15.02.23.pdf\">FIBA 2023 llega con obras nacionales, transnacionales e internacionales<\/a>\u00a0\u2013 VIVE La Plata, 15\/02\/23<\/p>\n<p><a href=\"https:\/\/iicbuenosaires.esteri.it\/wp-content\/uploads\/resource\/doc\/2023\/02\/fiba_2023_llega_con_obras_nacionales_transnacionales_e_internacionales___buenos_aires_ciudad_-_gobierno_de_la_ciudad_autnoma_de_buenos_aires_14.02.23.pdf\">FIBA 2023 llega con obras nacionales, transnacionales e internacionales<\/a>\u00a0&#8211; Buenos Aires Ciudad, 14\/02\/23<\/p>\n<p><a href=\"https:\/\/iicbuenosaires.esteri.it\/wp-content\/uploads\/resource\/doc\/2023\/02\/resurreccin_de_mahler__el_coln_honra_los_40_aos_de_democracia_14.02.23.pdf\">\u201cResurrecci\u00f3n\u201d de Mahler el Col\u00f3n honra los 40 a\u00f1os de democracia<\/a>\u00a0&#8211; \u00c1mbito Financiero, 14\/02\/23<\/p>\n<p><a href=\"https:\/\/iicbuenosaires.esteri.it\/wp-content\/uploads\/resource\/doc\/2023\/02\/al_cinema_en_buenos_aires_-_ansa_latina_09.02.2023.pdf\">Al Cinema! en Buenos Aires<\/a>\u00a0&#8211; ANSA Latina, 09\/02\/23<\/p>\n<p><a href=\"https:\/\/iicbuenosaires.esteri.it\/wp-content\/uploads\/resource\/doc\/2023\/02\/noticias___resurreccin__el_homenaje_a_los_40_aos_de_la_recuperacin_de_la_democracia_06.02.23.pdf\">Resurrecci\u00f3n el homenaje a los 40 a\u00f1os de la recuperaci\u00f3n de la democraciael homenaje a los 40 a\u00f1os de la recuperaci\u00f3n de la democracia<\/a>\u00a0&#8211;\u00a0Noticias, 06\/02\/23<\/p>\n<p><a href=\"https:\/\/iicbuenosaires.esteri.it\/wp-content\/uploads\/resource\/doc\/2023\/02\/italiaxxi_en_el_festival_de_buenos_aires_fiba_-_espectculos_-_ansa_latina_06.02.2023.pdf\">ItaliaXXI en el festival de Buenos Aires FIBA<\/a>\u00a0&#8211; ANSA Latina, 06\/02\/23<\/p>\n<p><a href=\"https:\/\/iicbuenosaires.esteri.it\/wp-content\/uploads\/resource\/doc\/2023\/01\/gua_de_arte_y_cultura__semana_del_27_de_enero_al_3_de_febrero__vive_la_plata_27.01.2023.pdf\">Gu\u00eda de Arte y Cultura semana del 27 de enero al 3 de febrero<\/a>\u00a0\u2013 VIVE La Plata, 27\/01\/2023<\/p>\n<p><a href=\"https:\/\/iicbuenosaires.esteri.it\/wp-content\/uploads\/resource\/doc\/2023\/01\/la_muestra__dante_x_alonso__cierra_en_crdoba_ms_de_un_ao_de_itinerancia_por_el_pas___el_destape_24.01.23.pdf\">La muestra &#8220;Dante x Alonso&#8221; cierra en C\u00f3rdoba m\u00e1s de un a\u00f1o de itinerancia por el pa\u00eds<\/a>, El Destape, 24\/01\/23<\/p>\n<p><a href=\"https:\/\/iicbuenosaires.esteri.it\/wp-content\/uploads\/resource\/doc\/2023\/01\/gua_de_arte_y_cultura__semana_del_20_al_27_de_enero_-_infobae_20.01.2023.pdf\">Gu\u00eda de Arte y Cultura semana del 20 al 27 de enero<\/a>\u00a0&#8211; Infobae, 20\/01\/23<\/p>\n<p><a href=\"https:\/\/iicbuenosaires.esteri.it\/wp-content\/uploads\/resource\/doc\/2023\/01\/cierra_en_la_ciudad_cordobesa_de_unquillo_la_muestra_itinerante_de_carlos_alonso_sobre_alighieri___el_destape_19.01.23.pdf\">Cierra en la ciudad cordobesa de Unquillo la muestra itinerante de Carlos Alonso sobre Alighieri<\/a>\u00a0&#8211; El Destape, 19\/01\/23<\/p>\n<p><a href=\"https:\/\/iicbuenosaires.esteri.it\/wp-content\/uploads\/resource\/doc\/2023\/01\/gua_de_arte_y_cultura__semana_del_13_al_20_de_enero_-_infobae_13.01.22.pdf\">Gu\u00eda de Arte y Cultura semana del 13 al 20 de enero<\/a>\u00a0&#8211; Infobae, 13\/01\/23<\/p>\n<p><a href=\"https:\/\/iicbuenosaires.esteri.it\/wp-content\/uploads\/resource\/doc\/2023\/01\/el_teatro_coln_present_una_ambiciosa_programacin_para_2023_-_noticias_-_cadena_3_argentina_05.01.22.pdf\">El Teatro Col\u00f3n present\u00f3 una ambiciosa programaci\u00f3n para 2023<\/a>\u00a0&#8211; Cadena 3 Argentina, 05\/01\/23<\/p>\n","protected":false},"excerpt":{"rendered":"Settimana cucina italiana fra cultura e rinnovamento a Baires -Ansa &#8211; 10\/11\/2023 Giovanni Sollima &amp; Brunello Mario + 12 violoncellos ensamble &#8211; La Naci\u00f3n &#8211; 06\/11\/2023 Los italianos Giovanni Sollima y Mario Brunello actuar\u00e1n en Buenos Aires &#8211; P\u00e1gina12 &#8211; 04\/11\/2023 Conciertos y presentaciones de discos, hasta cu\u00e1ndo aprovechar Buenos Aires Jazz Festival Internacional &#8211; [&hellip;]","protected":false},"author":1,"featured_media":0,"parent":127,"menu_order":4,"comment_status":"closed","ping_status":"closed","template":"","meta":{"footnotes":""},"class_list":["post-457","page","type-page","status-publish","hentry"],"_links":{"self":[{"href":"https:\/\/iicbuenosaires.esteri.it\/it\/wp-json\/wp\/v2\/pages\/457","targetHints":{"allow":["GET"]}}],"collection":[{"href":"https:\/\/iicbuenosaires.esteri.it\/it\/wp-json\/wp\/v2\/pages"}],"about":[{"href":"https:\/\/iicbuenosaires.esteri.it\/it\/wp-json\/wp\/v2\/types\/page"}],"author":[{"embeddable":true,"href":"https:\/\/iicbuenosaires.esteri.it\/it\/wp-json\/wp\/v2\/users\/1"}],"replies":[{"embeddable":true,"href":"https:\/\/iicbuenosaires.esteri.it\/it\/wp-json\/wp\/v2\/comments?post=457"}],"version-history":[{"count":6,"href":"https:\/\/iicbuenosaires.esteri.it\/it\/wp-json\/wp\/v2\/pages\/457\/revisions"}],"predecessor-version":[{"id":12265,"href":"https:\/\/iicbuenosaires.esteri.it\/it\/wp-json\/wp\/v2\/pages\/457\/revisions\/12265"}],"up":[{"embeddable":true,"href":"https:\/\/iicbuenosaires.esteri.it\/it\/wp-json\/wp\/v2\/pages\/127"}],"wp:attachment":[{"href":"https:\/\/iicbuenosaires.esteri.it\/it\/wp-json\/wp\/v2\/media?parent=457"}],"curies":[{"name":"wp","href":"https:\/\/api.w.org\/{rel}","templated":true}]}}