{"id":8884,"date":"2024-07-16T12:43:14","date_gmt":"2024-07-16T10:43:14","guid":{"rendered":"https:\/\/iicbuenosaires.esteri.it\/?page_id=8884"},"modified":"2024-07-16T12:43:14","modified_gmt":"2024-07-16T10:43:14","slug":"archivio-eventi","status":"publish","type":"page","link":"https:\/\/iicbuenosaires.esteri.it\/it\/gli_eventi\/archivio-eventi\/","title":{"rendered":"Archivio eventi"},"content":{"rendered":"        <div class=\"row\">\n\t\t\t<!-- Ricerca sedi post -->\n\t\t\t<div class=\"col-12 mt-4\">\n\t\t\t  <div class=\"callout callout-highlight note ricerca-esteri p-4\">\n                    <div class=\"callout-title\">\n                        <svg class=\"icon\">\n                            <use xlink:href=\"https:\/\/iicbuenosaires.esteri.it\/wp-content\/themes\/sedi-tema\/assets\/svg\/sprites.svg#it-search\"><\/use>\n                        <\/svg>Inserisci i parametri di ricerca                    <\/div>\n                    <form id=\"searchFormPost\" name=\"form-search-post\" class=\"form-row align-items-center\" action=\"https:\/\/iicbuenosaires.esteri.it\/it\/wp-json\/wp\/v2\/pages\/8884\/\" method=\"GET\"> \n                        <!-- <div class=\"form-group pt-5\"> -->\n                            <!-- <input type=\"hidden\" id=\"lang\" name=\"lang\" value=\"\"> --> <!-- <\/div> -->\n\n                        <div class=\"it-datepicker-wrapper\">\n                            <div class=\"row\">\n                                <div class=\"form-group col-md-6\">\n                                    <label class=\"active\" for=\"date-init\">Dal<\/label>\n                                    <input class=\"form-control\" name=\"date-init\" id=\"date-init\" type=\"date\" placeholder=\"gg\/mm\/aaaa\" value=\"\"lang=\"en-EN\">  \n                                <\/div>\n                                <div class=\"form-group col-md-6\">\n                                    <label class=\"active\" for=\"date-end\">Al<\/label>\n                                    <input class=\"form-control\" name=\"date-end\" id=\"date-end\" type=\"date\" placeholder=\"gg\/mm\/aaaa\" value=\"\">\n                                <\/div>\n                            <\/div>\n                        <\/div>\n                        <div class=\"form-group col-md-12 mt-3\">\n                            <label for=\"searchText\">Campo ricerca libera<\/label>\n                            <input type=\"text\" name=\"searchText\" class=\"form-control\" id=\"searchText\" value=\"\">\n                        <\/div>\n                        <div class=\"form-group col-md-4 offset-md-8 text-end\">\n                            <a href=\"https:\/\/iicbuenosaires.esteri.it\/it\/gli_eventi\/archivio-eventi\/\" title=\"Form reset\" id=\"resetImput\" class=\"btn btn-outline-primary btn-xs\">Reset<\/a>\n                            <button type=\"submit\" class=\"btn btn-primary btn-xs\">Mostra risultati<\/button>\n                        <\/div>\n                    <\/form>\n\t\t\t\t<\/div>\n\t\t\t<\/div>\n\t\t<\/div>\n                    \n            <div class=\"row\">\n                            <div class=\"col-12 mt-3\">\n                <!--start card-->\n                <div class=\"card-wrapper card-space\">\n                    <div class=\"card card-bg card-big border-bottom-card\">\n                        <div class=\"card-body row\">\n                                                    <div class=\"col-sm-3\">\n                                <div class=\"img-responsive\">\n                                    <figure class=\"img-wrapper\">\n                                        <a href=\"https:\/\/iicbuenosaires.esteri.it\/it\/gli_eventi\/calendario\/conferenza-di-marco-de-paolis-i-crimini-di-guerra-nazisti-di-fronte-ai-tribunali-del-xxi-secolo\/\" title=\"Leggi l'articolo: Conferenza di Marco De Paolis: I crimini di guerra nazisti di fronte ai tribunali del XXI secolo.\">\n                                                                                            <img loading=\"lazy\" decoding=\"async\" width=\"300\" height=\"222\" src=\"https:\/\/iicbuenosaires.esteri.it\/wp-content\/uploads\/2026\/04\/de-paolis-web-300x222.png\" srcset=\"https:\/\/iicbuenosaires.esteri.it\/wp-content\/uploads\/2026\/04\/de-paolis-web.png 696w, https:\/\/iicbuenosaires.esteri.it\/wp-content\/uploads\/2026\/04\/de-paolis-web-300x222.png 300w\" sizes=\"auto, (max-width: 696px) 100vw, 696px\"  title=\"de paolis web\" alt=\"\" class=\"img-fluid\">\n                                                                                    <\/a>\n                                    <\/figure>\n                                <\/div>\n                            <\/div>\n                            <div class=\"col-sm-9\">\n                                                            <div class=\"category-top\">\n                                    <span class=\"fw-bold text-danger\">Concluso<\/span>                                                                        <span class=\"data\">\n                                        <svg class=\"icon icon-secondary\">\n                                            <use xlink:href=\"https:\/\/iicbuenosaires.esteri.it\/wp-content\/themes\/sedi-tema\/assets\/svg\/sprites.svg#it-calendar\"><\/use>\n                                        <\/svg> Gio 30 Apr 2026<svg class=\"icon icon-xs icon-secondary me-1 ms-1\"><use href=\"https:\/\/iicbuenosaires.esteri.it\/wp-content\/themes\/sedi-tema\/assets\/svg\/sprites.svg#it-arrow-right\"><\/use><\/svg>Gio 30 Apr 2026                                    <\/span>\n                                                                    <\/div>\n                            <h5 class=\"card-title big-heading text-uppercase\"><a class=\"text-body text-decoration-none\" href=\"https:\/\/iicbuenosaires.esteri.it\/it\/gli_eventi\/calendario\/conferenza-di-marco-de-paolis-i-crimini-di-guerra-nazisti-di-fronte-ai-tribunali-del-xxi-secolo\/\" title=\"Conferenza di Marco De Paolis: I crimini di guerra nazisti di fronte ai tribunali del XXI secolo.\">Conferenza di Marco De Paolis: I crimini di guerra nazisti di fronte ai tribunali del XXI secolo.<\/a><\/h5>\n                            <p class=\"card-text\">Vi invitiamo alla conferenza di MARCO DE PAOLIS che si terr\u00e0 gioved\u00ec 30 aprile 2026 presso l&#8217;Auditorium dell&#8217;Universit\u00e0 di Bologna. I crimini di guerra nazisti di fronte ai tribunali del XXI secolo. I crimini del passato continuano a rappresentare una sfida per il presente. \u00c8 troppo tardi per ottenere giustizia? Un&#8217;analisi attuale di come il [&hellip;]<\/p>\n                                <a title=\"Conferenza di Marco De Paolis: I crimini di guerra nazisti di fronte ai tribunali del XXI secolo.\" class=\"read-more\" href=\"https:\/\/iicbuenosaires.esteri.it\/it\/gli_eventi\/calendario\/conferenza-di-marco-de-paolis-i-crimini-di-guerra-nazisti-di-fronte-ai-tribunali-del-xxi-secolo\/\">\n                                    <span class=\"text\">Leggi di pi\u00f9<\/span>\n                                    <svg class=\"icon\">\n                                    <use xlink:href=\"https:\/\/iicbuenosaires.esteri.it\/wp-content\/themes\/sedi-tema\/assets\/svg\/sprites.svg#it-arrow-right\"><\/use>\n                                    <\/svg>\n                                <\/a>\n                                                        <\/div>\n                                                    <\/div>\n                    <\/div>\n                <\/div>\n                <!--end card-->\n                <\/div><!-- col-12 .mt-3-->\n                            <div class=\"col-12 mt-3\">\n                <!--start card-->\n                <div class=\"card-wrapper card-space\">\n                    <div class=\"card card-bg card-big border-bottom-card\">\n                        <div class=\"card-body row\">\n                                                    <div class=\"col-sm-3\">\n                                <div class=\"img-responsive\">\n                                    <figure class=\"img-wrapper\">\n                                        <a href=\"https:\/\/iicbuenosaires.esteri.it\/it\/gli_eventi\/calendario\/lectura-dantis-inferno-5\/\" title=\"Leggi l'articolo: LECTURA DANTIS: Inferno\">\n                                                                                            <img loading=\"lazy\" decoding=\"async\" width=\"300\" height=\"253\" src=\"https:\/\/iicbuenosaires.esteri.it\/wp-content\/uploads\/2026\/04\/LD-300x253.png\" srcset=\"https:\/\/iicbuenosaires.esteri.it\/wp-content\/uploads\/2026\/04\/LD.png 1080w, https:\/\/iicbuenosaires.esteri.it\/wp-content\/uploads\/2026\/04\/LD-300x253.png 300w, https:\/\/iicbuenosaires.esteri.it\/wp-content\/uploads\/2026\/04\/LD-1024x863.png 1024w, https:\/\/iicbuenosaires.esteri.it\/wp-content\/uploads\/2026\/04\/LD-768x647.png 768w\" sizes=\"auto, (max-width: 1080px) 100vw, 1080px\"  title=\"LD\" alt=\"\" class=\"img-fluid\">\n                                                                                    <\/a>\n                                    <\/figure>\n                                <\/div>\n                            <\/div>\n                            <div class=\"col-sm-9\">\n                                                            <div class=\"category-top\">\n                                    <span class=\"fw-bold text-danger\">Concluso<\/span>                                                                        <span class=\"data\">\n                                        <svg class=\"icon icon-secondary\">\n                                            <use xlink:href=\"https:\/\/iicbuenosaires.esteri.it\/wp-content\/themes\/sedi-tema\/assets\/svg\/sprites.svg#it-calendar\"><\/use>\n                                        <\/svg> Gio 30 Apr 2026                                    <\/span>\n                                                                    <\/div>\n                            <h5 class=\"card-title big-heading text-uppercase\"><a class=\"text-body text-decoration-none\" href=\"https:\/\/iicbuenosaires.esteri.it\/it\/gli_eventi\/calendario\/lectura-dantis-inferno-5\/\" title=\"LECTURA DANTIS: Inferno\">LECTURA DANTIS: Inferno<\/a><\/h5>\n                            <p class=\"card-text\">LECTURA DANTIS in italiano a cura della Prof.ssa Claudia Fern\u00e1ndez, che quest&#8217;anno illustrer\u00e0 e commenter\u00e0 l\u2019Inferno, la prima cantica della Divina Commedia. Data: Gioved\u00ec 30 aprile, ore 14.00 Sede: Sala Benedetto Croce IIC &#8211; Marcelo T. de Alvear 3\u00b0piano Inferno V Secondo cerchio. L\u00b4incontro con Paolo e Francesca. Lussuria e letteratura cortese. Attivit\u00e0 per i [&hellip;]<\/p>\n                                <a title=\"LECTURA DANTIS: Inferno\" class=\"read-more\" href=\"https:\/\/iicbuenosaires.esteri.it\/it\/gli_eventi\/calendario\/lectura-dantis-inferno-5\/\">\n                                    <span class=\"text\">Leggi di pi\u00f9<\/span>\n                                    <svg class=\"icon\">\n                                    <use xlink:href=\"https:\/\/iicbuenosaires.esteri.it\/wp-content\/themes\/sedi-tema\/assets\/svg\/sprites.svg#it-arrow-right\"><\/use>\n                                    <\/svg>\n                                <\/a>\n                                                        <\/div>\n                                                    <\/div>\n                    <\/div>\n                <\/div>\n                <!--end card-->\n                <\/div><!-- col-12 .mt-3-->\n                            <div class=\"col-12 mt-3\">\n                <!--start card-->\n                <div class=\"card-wrapper card-space\">\n                    <div class=\"card card-bg card-big border-bottom-card\">\n                        <div class=\"card-body row\">\n                                                    <div class=\"col-sm-3\">\n                                <div class=\"img-responsive\">\n                                    <figure class=\"img-wrapper\">\n                                        <a href=\"https:\/\/iicbuenosaires.esteri.it\/it\/gli_eventi\/calendario\/andrea-bajani-ospite-speciale-del-giorno-ditalia-alla-50a-fiera-internazionale-del-libro-di-buenos-aires\/\" title=\"Leggi l'articolo: Andrea Bajani, ospite speciale del Giorno d\u2019Italia alla 50\u00aa Fiera Internazionale del Libro di Buenos Aires\">\n                                                                                            <img loading=\"lazy\" decoding=\"async\" width=\"300\" height=\"94\" src=\"https:\/\/iicbuenosaires.esteri.it\/wp-content\/uploads\/2026\/04\/Fotone-Bajani-300x94.png\" srcset=\"https:\/\/iicbuenosaires.esteri.it\/wp-content\/uploads\/2026\/04\/Fotone-Bajani.png 1920w, https:\/\/iicbuenosaires.esteri.it\/wp-content\/uploads\/2026\/04\/Fotone-Bajani-300x94.png 300w, https:\/\/iicbuenosaires.esteri.it\/wp-content\/uploads\/2026\/04\/Fotone-Bajani-1024x320.png 1024w, https:\/\/iicbuenosaires.esteri.it\/wp-content\/uploads\/2026\/04\/Fotone-Bajani-768x240.png 768w\" sizes=\"auto, (max-width: 1920px) 100vw, 1920px\"  title=\"Fotone Bajani\" alt=\"\" class=\"img-fluid\">\n                                                                                    <\/a>\n                                    <\/figure>\n                                <\/div>\n                            <\/div>\n                            <div class=\"col-sm-9\">\n                                                            <div class=\"category-top\">\n                                    <span class=\"fw-bold text-danger\">Concluso<\/span>                                                                        <span class=\"data\">\n                                        <svg class=\"icon icon-secondary\">\n                                            <use xlink:href=\"https:\/\/iicbuenosaires.esteri.it\/wp-content\/themes\/sedi-tema\/assets\/svg\/sprites.svg#it-calendar\"><\/use>\n                                        <\/svg> Ven 24 Apr 2026                                    <\/span>\n                                                                    <\/div>\n                            <h5 class=\"card-title big-heading text-uppercase\"><a class=\"text-body text-decoration-none\" href=\"https:\/\/iicbuenosaires.esteri.it\/it\/gli_eventi\/calendario\/andrea-bajani-ospite-speciale-del-giorno-ditalia-alla-50a-fiera-internazionale-del-libro-di-buenos-aires\/\" title=\"Andrea Bajani, ospite speciale del Giorno d\u2019Italia alla 50\u00aa Fiera Internazionale del Libro di Buenos Aires\">Andrea Bajani, ospite speciale del Giorno d\u2019Italia alla 50\u00aa Fiera Internazionale del Libro di Buenos Aires<\/a><\/h5>\n                            <p class=\"card-text\">In occasione della Giornata d\u2019Italia, nell\u2019ambito della 50\u00aa edizione della Fiera Internazionale del Libro di Buenos Aires, l\u2019Istituto Italiano di Cultura \u00e8 lieto di annunciare la partecipazione dello scrittore Andrea Bajani, una delle voci pi\u00f9 autorevoli della letteratura italiana contemporanea. L\u2019incontro si terr\u00e0 venerd\u00ec 24 aprile alle ore 19 presso la Sala Victoria Ocampo (Padiglione [&hellip;]<\/p>\n                                <a title=\"Andrea Bajani, ospite speciale del Giorno d\u2019Italia alla 50\u00aa Fiera Internazionale del Libro di Buenos Aires\" class=\"read-more\" href=\"https:\/\/iicbuenosaires.esteri.it\/it\/gli_eventi\/calendario\/andrea-bajani-ospite-speciale-del-giorno-ditalia-alla-50a-fiera-internazionale-del-libro-di-buenos-aires\/\">\n                                    <span class=\"text\">Leggi di pi\u00f9<\/span>\n                                    <svg class=\"icon\">\n                                    <use xlink:href=\"https:\/\/iicbuenosaires.esteri.it\/wp-content\/themes\/sedi-tema\/assets\/svg\/sprites.svg#it-arrow-right\"><\/use>\n                                    <\/svg>\n                                <\/a>\n                                                        <\/div>\n                                                    <\/div>\n                    <\/div>\n                <\/div>\n                <!--end card-->\n                <\/div><!-- col-12 .mt-3-->\n                            <div class=\"col-12 mt-3\">\n                <!--start card-->\n                <div class=\"card-wrapper card-space\">\n                    <div class=\"card card-bg card-big border-bottom-card\">\n                        <div class=\"card-body row\">\n                                                    <div class=\"col-sm-3\">\n                                <div class=\"img-responsive\">\n                                    <figure class=\"img-wrapper\">\n                                        <a href=\"https:\/\/iicbuenosaires.esteri.it\/it\/gli_eventi\/calendario\/lectura-dantis-inferno-4\/\" title=\"Leggi l'articolo: LECTURA DANTIS: Inferno\">\n                                                                                            <img loading=\"lazy\" decoding=\"async\" width=\"300\" height=\"94\" src=\"https:\/\/iicbuenosaires.esteri.it\/wp-content\/uploads\/2026\/04\/23.04-Lectura-Dantis_Horizontal-300x94.png\" srcset=\"https:\/\/iicbuenosaires.esteri.it\/wp-content\/uploads\/2026\/04\/23.04-Lectura-Dantis_Horizontal.png 1920w, https:\/\/iicbuenosaires.esteri.it\/wp-content\/uploads\/2026\/04\/23.04-Lectura-Dantis_Horizontal-300x94.png 300w, https:\/\/iicbuenosaires.esteri.it\/wp-content\/uploads\/2026\/04\/23.04-Lectura-Dantis_Horizontal-1024x320.png 1024w, https:\/\/iicbuenosaires.esteri.it\/wp-content\/uploads\/2026\/04\/23.04-Lectura-Dantis_Horizontal-768x240.png 768w\" sizes=\"auto, (max-width: 1920px) 100vw, 1920px\"  title=\"23.04-Lectura Dantis_Horizontal\" alt=\"\" class=\"img-fluid\">\n                                                                                    <\/a>\n                                    <\/figure>\n                                <\/div>\n                            <\/div>\n                            <div class=\"col-sm-9\">\n                                                            <div class=\"category-top\">\n                                    <span class=\"fw-bold text-danger\">Concluso<\/span>                                                                        <span class=\"data\">\n                                        <svg class=\"icon icon-secondary\">\n                                            <use xlink:href=\"https:\/\/iicbuenosaires.esteri.it\/wp-content\/themes\/sedi-tema\/assets\/svg\/sprites.svg#it-calendar\"><\/use>\n                                        <\/svg> Gio 23 Apr 2026                                    <\/span>\n                                                                    <\/div>\n                            <h5 class=\"card-title big-heading text-uppercase\"><a class=\"text-body text-decoration-none\" href=\"https:\/\/iicbuenosaires.esteri.it\/it\/gli_eventi\/calendario\/lectura-dantis-inferno-4\/\" title=\"LECTURA DANTIS: Inferno\">LECTURA DANTIS: Inferno<\/a><\/h5>\n                            <p class=\"card-text\">LECTURA DANTIS in italiano a cura della Prof.ssa Claudia Fern\u00e1ndez, che quest&#8217;anno illustrer\u00e0 e commenter\u00e0 l\u2019Inferno, la prima cantica della Divina Commedia. Data: Gioved\u00ec 23 aprile, ore 14.00 Sede: Sala Benedetto Croce IIC &#8211; Marcelo T. de Alvear 3\u00b0piano Inferno IV Il Limbo, primo cerchio dell\u2019Inferno. Il nobile castello degli spiriti magni dei pagani. Attivit\u00e0 [&hellip;]<\/p>\n                                <a title=\"LECTURA DANTIS: Inferno\" class=\"read-more\" href=\"https:\/\/iicbuenosaires.esteri.it\/it\/gli_eventi\/calendario\/lectura-dantis-inferno-4\/\">\n                                    <span class=\"text\">Leggi di pi\u00f9<\/span>\n                                    <svg class=\"icon\">\n                                    <use xlink:href=\"https:\/\/iicbuenosaires.esteri.it\/wp-content\/themes\/sedi-tema\/assets\/svg\/sprites.svg#it-arrow-right\"><\/use>\n                                    <\/svg>\n                                <\/a>\n                                                        <\/div>\n                                                    <\/div>\n                    <\/div>\n                <\/div>\n                <!--end card-->\n                <\/div><!-- col-12 .mt-3-->\n                            <div class=\"col-12 mt-3\">\n                <!--start card-->\n                <div class=\"card-wrapper card-space\">\n                    <div class=\"card card-bg card-big border-bottom-card\">\n                        <div class=\"card-body row\">\n                                                    <div class=\"col-sm-3\">\n                                <div class=\"img-responsive\">\n                                    <figure class=\"img-wrapper\">\n                                        <a href=\"https:\/\/iicbuenosaires.esteri.it\/it\/gli_eventi\/calendario\/listituto-italiano-di-cultura-presente-alla-27-edizione-del-festival-internazionale-di-cinema-indipendente-di-buenos-aires-bafici\/\" title=\"Leggi l'articolo: L\u2019Istituto Italiano di Cultura presente alla 27\u00b0 edizione del Festival Internazionale di Cinema Indipendente di Buenos Aires (BAFICI).\">\n                                                                                            <img loading=\"lazy\" decoding=\"async\" width=\"300\" height=\"230\" src=\"https:\/\/iicbuenosaires.esteri.it\/wp-content\/uploads\/2026\/04\/sciatu2-300x230.png\" srcset=\"https:\/\/iicbuenosaires.esteri.it\/wp-content\/uploads\/2026\/04\/sciatu2.png 1288w, https:\/\/iicbuenosaires.esteri.it\/wp-content\/uploads\/2026\/04\/sciatu2-300x230.png 300w, https:\/\/iicbuenosaires.esteri.it\/wp-content\/uploads\/2026\/04\/sciatu2-1024x785.png 1024w, https:\/\/iicbuenosaires.esteri.it\/wp-content\/uploads\/2026\/04\/sciatu2-768x589.png 768w\" sizes=\"auto, (max-width: 1288px) 100vw, 1288px\"  title=\"sciatu2\" alt=\"\" class=\"img-fluid\">\n                                                                                    <\/a>\n                                    <\/figure>\n                                <\/div>\n                            <\/div>\n                            <div class=\"col-sm-9\">\n                                                            <div class=\"category-top\">\n                                    <span class=\"fw-bold text-danger\">Concluso<\/span>                                                                        <span class=\"data\">\n                                        <svg class=\"icon icon-secondary\">\n                                            <use xlink:href=\"https:\/\/iicbuenosaires.esteri.it\/wp-content\/themes\/sedi-tema\/assets\/svg\/sprites.svg#it-calendar\"><\/use>\n                                        <\/svg> Dom 19 Apr 2026<svg class=\"icon icon-xs icon-secondary me-1 ms-1\"><use href=\"https:\/\/iicbuenosaires.esteri.it\/wp-content\/themes\/sedi-tema\/assets\/svg\/sprites.svg#it-arrow-right\"><\/use><\/svg>Gio 23 Apr 2026                                    <\/span>\n                                                                    <\/div>\n                            <h5 class=\"card-title big-heading text-uppercase\"><a class=\"text-body text-decoration-none\" href=\"https:\/\/iicbuenosaires.esteri.it\/it\/gli_eventi\/calendario\/listituto-italiano-di-cultura-presente-alla-27-edizione-del-festival-internazionale-di-cinema-indipendente-di-buenos-aires-bafici\/\" title=\"L\u2019Istituto Italiano di Cultura presente alla 27\u00b0 edizione del Festival Internazionale di Cinema Indipendente di Buenos Aires (BAFICI).\">L\u2019Istituto Italiano di Cultura presente alla 27\u00b0 edizione del Festival Internazionale di Cinema Indipendente di Buenos Aires (BAFICI).<\/a><\/h5>\n                            <p class=\"card-text\">L\u2019Istituto Italiano di Cultura di Buenos Aires partecipa anche quest\u2019anno alla 27\u00b0 edizione del Buenos Aires Festival Internazionale di Cinema Indipendente (BAFICI) 2026 nella sezione Competenza Ufficiale Internazionale. In questa occasione, presentiamo la proiezione del film Sciatunostro &#8211; Ebb and Flow, del regista italiano Leandro Picarella. Il Festival BAFICI si svolger\u00e0 dal 15 al 26 [&hellip;]<\/p>\n                                <a title=\"L\u2019Istituto Italiano di Cultura presente alla 27\u00b0 edizione del Festival Internazionale di Cinema Indipendente di Buenos Aires (BAFICI).\" class=\"read-more\" href=\"https:\/\/iicbuenosaires.esteri.it\/it\/gli_eventi\/calendario\/listituto-italiano-di-cultura-presente-alla-27-edizione-del-festival-internazionale-di-cinema-indipendente-di-buenos-aires-bafici\/\">\n                                    <span class=\"text\">Leggi di pi\u00f9<\/span>\n                                    <svg class=\"icon\">\n                                    <use xlink:href=\"https:\/\/iicbuenosaires.esteri.it\/wp-content\/themes\/sedi-tema\/assets\/svg\/sprites.svg#it-arrow-right\"><\/use>\n                                    <\/svg>\n                                <\/a>\n                                                        <\/div>\n                                                    <\/div>\n                    <\/div>\n                <\/div>\n                <!--end card-->\n                <\/div><!-- col-12 .mt-3-->\n                            <div class=\"col-12 mt-3\">\n                <!--start card-->\n                <div class=\"card-wrapper card-space\">\n                    <div class=\"card card-bg card-big border-bottom-card\">\n                        <div class=\"card-body row\">\n                                                    <div class=\"col-sm-3\">\n                                <div class=\"img-responsive\">\n                                    <figure class=\"img-wrapper\">\n                                        <a href=\"https:\/\/iicbuenosaires.esteri.it\/it\/gli_eventi\/calendario\/utopie-migranti-teatro-memoria-e-movimento\/\" title=\"Leggi l'articolo: Utopie migranti: teatro, memoria e movimento\">\n                                                                                            <img loading=\"lazy\" decoding=\"async\" width=\"240\" height=\"300\" src=\"https:\/\/iicbuenosaires.esteri.it\/wp-content\/uploads\/2026\/04\/LOCANDINA-UTOPIE-17-APRILE-240x300.jpg\" srcset=\"https:\/\/iicbuenosaires.esteri.it\/wp-content\/uploads\/2026\/04\/LOCANDINA-UTOPIE-17-APRILE.jpg 1080w, https:\/\/iicbuenosaires.esteri.it\/wp-content\/uploads\/2026\/04\/LOCANDINA-UTOPIE-17-APRILE-240x300.jpg 240w, https:\/\/iicbuenosaires.esteri.it\/wp-content\/uploads\/2026\/04\/LOCANDINA-UTOPIE-17-APRILE-819x1024.jpg 819w, https:\/\/iicbuenosaires.esteri.it\/wp-content\/uploads\/2026\/04\/LOCANDINA-UTOPIE-17-APRILE-768x960.jpg 768w\" sizes=\"auto, (max-width: 1080px) 100vw, 1080px\"  title=\"LOCANDINA UTOPIE 17 APRILE\" alt=\"\" class=\"img-fluid\">\n                                                                                    <\/a>\n                                    <\/figure>\n                                <\/div>\n                            <\/div>\n                            <div class=\"col-sm-9\">\n                                                            <div class=\"category-top\">\n                                    <span class=\"fw-bold text-danger\">Concluso<\/span>                                                                        <span class=\"data\">\n                                        <svg class=\"icon icon-secondary\">\n                                            <use xlink:href=\"https:\/\/iicbuenosaires.esteri.it\/wp-content\/themes\/sedi-tema\/assets\/svg\/sprites.svg#it-calendar\"><\/use>\n                                        <\/svg> Ven 17 Apr 2026                                    <\/span>\n                                                                    <\/div>\n                            <h5 class=\"card-title big-heading text-uppercase\"><a class=\"text-body text-decoration-none\" href=\"https:\/\/iicbuenosaires.esteri.it\/it\/gli_eventi\/calendario\/utopie-migranti-teatro-memoria-e-movimento\/\" title=\"Utopie migranti: teatro, memoria e movimento\">Utopie migranti: teatro, memoria e movimento<\/a><\/h5>\n                            <p class=\"card-text\">Con il supporto dell\u2019 Istituto Italiano di Cultura di Buenos Aires, la compagnia italiana Instabili Vaganti presenta Utopie migranti, venerd\u00ec 17 aprile ale ore 21 presso il Galp\u00f3n de Catalinas. Lo spettacolo nasce nell\u2019ambito dell\u2019omonimo progetto internazionale promosso dalla Consulta degli Emiliano-Romagnoli nel Mondo. In scena, sei artisti proveniente da diversi paesi \u2014Argentina, Chile, Francia, [&hellip;]<\/p>\n                                <a title=\"Utopie migranti: teatro, memoria e movimento\" class=\"read-more\" href=\"https:\/\/iicbuenosaires.esteri.it\/it\/gli_eventi\/calendario\/utopie-migranti-teatro-memoria-e-movimento\/\">\n                                    <span class=\"text\">Leggi di pi\u00f9<\/span>\n                                    <svg class=\"icon\">\n                                    <use xlink:href=\"https:\/\/iicbuenosaires.esteri.it\/wp-content\/themes\/sedi-tema\/assets\/svg\/sprites.svg#it-arrow-right\"><\/use>\n                                    <\/svg>\n                                <\/a>\n                                                        <\/div>\n                                                    <\/div>\n                    <\/div>\n                <\/div>\n                <!--end card-->\n                <\/div><!-- col-12 .mt-3-->\n                            <div class=\"col-12 mt-3\">\n                <!--start card-->\n                <div class=\"card-wrapper card-space\">\n                    <div class=\"card card-bg card-big border-bottom-card\">\n                        <div class=\"card-body row\">\n                                                    <div class=\"col-sm-3\">\n                                <div class=\"img-responsive\">\n                                    <figure class=\"img-wrapper\">\n                                        <a href=\"https:\/\/iicbuenosaires.esteri.it\/it\/gli_eventi\/calendario\/laboratorio-di-teatro-fisico-con-la-compagnia-instabili-vaganti\/\" title=\"Leggi l'articolo: Laboratorio di teatro fisico con la compagnia Instabili Vaganti\">\n                                                                                            <img loading=\"lazy\" decoding=\"async\" width=\"210\" height=\"300\" src=\"https:\/\/iicbuenosaires.esteri.it\/wp-content\/uploads\/2026\/04\/LOCANDINA-WORKSHOP-16-APRILE-210x300.png\" srcset=\"https:\/\/iicbuenosaires.esteri.it\/wp-content\/uploads\/2026\/04\/LOCANDINA-WORKSHOP-16-APRILE.png 1344w, https:\/\/iicbuenosaires.esteri.it\/wp-content\/uploads\/2026\/04\/LOCANDINA-WORKSHOP-16-APRILE-210x300.png 210w, https:\/\/iicbuenosaires.esteri.it\/wp-content\/uploads\/2026\/04\/LOCANDINA-WORKSHOP-16-APRILE-717x1024.png 717w, https:\/\/iicbuenosaires.esteri.it\/wp-content\/uploads\/2026\/04\/LOCANDINA-WORKSHOP-16-APRILE-768x1097.png 768w\" sizes=\"auto, (max-width: 1344px) 100vw, 1344px\"  title=\"LOCANDINA WORKSHOP 16 APRILE\" alt=\"\" class=\"img-fluid\">\n                                                                                    <\/a>\n                                    <\/figure>\n                                <\/div>\n                            <\/div>\n                            <div class=\"col-sm-9\">\n                                                            <div class=\"category-top\">\n                                    <span class=\"fw-bold text-danger\">Concluso<\/span>                                                                        <span class=\"data\">\n                                        <svg class=\"icon icon-secondary\">\n                                            <use xlink:href=\"https:\/\/iicbuenosaires.esteri.it\/wp-content\/themes\/sedi-tema\/assets\/svg\/sprites.svg#it-calendar\"><\/use>\n                                        <\/svg> Gio 16 Apr 2026<svg class=\"icon icon-xs icon-secondary me-1 ms-1\"><use href=\"https:\/\/iicbuenosaires.esteri.it\/wp-content\/themes\/sedi-tema\/assets\/svg\/sprites.svg#it-arrow-right\"><\/use><\/svg>Gio 16 Apr 2026                                    <\/span>\n                                                                    <\/div>\n                            <h5 class=\"card-title big-heading text-uppercase\"><a class=\"text-body text-decoration-none\" href=\"https:\/\/iicbuenosaires.esteri.it\/it\/gli_eventi\/calendario\/laboratorio-di-teatro-fisico-con-la-compagnia-instabili-vaganti\/\" title=\"Laboratorio di teatro fisico con la compagnia Instabili Vaganti\">Laboratorio di teatro fisico con la compagnia Instabili Vaganti<\/a><\/h5>\n                            <p class=\"card-text\">L&#8217;Istituto Italiano di Cultura di Buenos Aires partecipa alla realizzazione di un laboratorio intensivo di teatro fisico gioved\u00ec 16 aprile presso la Scuola Roseti, organizzato dalla compagnia italiana Instabili Vaganti, riconosciuta a livello internazionale per il suo lavoro all&#8217;incrocio tra performance, drammaturgia e sperimentazione scenica. L&#8217;attivit\u00e0 sar\u00e0 guidata da Anna Dora Dorno e Nicola Pianzola, [&hellip;]<\/p>\n                                <a title=\"Laboratorio di teatro fisico con la compagnia Instabili Vaganti\" class=\"read-more\" href=\"https:\/\/iicbuenosaires.esteri.it\/it\/gli_eventi\/calendario\/laboratorio-di-teatro-fisico-con-la-compagnia-instabili-vaganti\/\">\n                                    <span class=\"text\">Leggi di pi\u00f9<\/span>\n                                    <svg class=\"icon\">\n                                    <use xlink:href=\"https:\/\/iicbuenosaires.esteri.it\/wp-content\/themes\/sedi-tema\/assets\/svg\/sprites.svg#it-arrow-right\"><\/use>\n                                    <\/svg>\n                                <\/a>\n                                                        <\/div>\n                                                    <\/div>\n                    <\/div>\n                <\/div>\n                <!--end card-->\n                <\/div><!-- col-12 .mt-3-->\n                            <div class=\"col-12 mt-3\">\n                <!--start card-->\n                <div class=\"card-wrapper card-space\">\n                    <div class=\"card card-bg card-big border-bottom-card\">\n                        <div class=\"card-body row\">\n                                                    <div class=\"col-sm-3\">\n                                <div class=\"img-responsive\">\n                                    <figure class=\"img-wrapper\">\n                                        <a href=\"https:\/\/iicbuenosaires.esteri.it\/it\/gli_eventi\/calendario\/lectura-dantis-inferno-3\/\" title=\"Leggi l'articolo: LECTURA DANTIS: Inferno\">\n                                                                                            <img loading=\"lazy\" decoding=\"async\" width=\"300\" height=\"169\" src=\"https:\/\/iicbuenosaires.esteri.it\/wp-content\/uploads\/2026\/04\/flyer-web-16.04-300x169.png\" srcset=\"https:\/\/iicbuenosaires.esteri.it\/wp-content\/uploads\/2026\/04\/flyer-web-16.04.png 1366w, https:\/\/iicbuenosaires.esteri.it\/wp-content\/uploads\/2026\/04\/flyer-web-16.04-300x169.png 300w, https:\/\/iicbuenosaires.esteri.it\/wp-content\/uploads\/2026\/04\/flyer-web-16.04-1024x576.png 1024w, https:\/\/iicbuenosaires.esteri.it\/wp-content\/uploads\/2026\/04\/flyer-web-16.04-768x432.png 768w\" sizes=\"auto, (max-width: 1366px) 100vw, 1366px\"  title=\"flyer web 16.04\" alt=\"\" class=\"img-fluid\">\n                                                                                    <\/a>\n                                    <\/figure>\n                                <\/div>\n                            <\/div>\n                            <div class=\"col-sm-9\">\n                                                            <div class=\"category-top\">\n                                    <span class=\"fw-bold text-danger\">Concluso<\/span>                                                                        <span class=\"data\">\n                                        <svg class=\"icon icon-secondary\">\n                                            <use xlink:href=\"https:\/\/iicbuenosaires.esteri.it\/wp-content\/themes\/sedi-tema\/assets\/svg\/sprites.svg#it-calendar\"><\/use>\n                                        <\/svg> Gio 16 Apr 2026                                    <\/span>\n                                                                    <\/div>\n                            <h5 class=\"card-title big-heading text-uppercase\"><a class=\"text-body text-decoration-none\" href=\"https:\/\/iicbuenosaires.esteri.it\/it\/gli_eventi\/calendario\/lectura-dantis-inferno-3\/\" title=\"LECTURA DANTIS: Inferno\">LECTURA DANTIS: Inferno<\/a><\/h5>\n                            <p class=\"card-text\">LECTURA DANTIS in italiano a cura della Prof.ssa Claudia Fern\u00e1ndez, che quest&#8217;anno illustrer\u00e0 e commenter\u00e0 l\u2019Inferno, la prima cantica della Divina Commedia. Data: Gioved\u00ec 16 aprile, ore 14.00 Sede: Sala Benedetto Croce IIC &#8211; Marcelo T. de Alvear 3\u00b0piano Inferno III L\u2019ingresso nell\u2019Inferno. Gli ignavi: il primo contrappasso. La profezia di Caronte. Attivit\u00e0 esclusiva per [&hellip;]<\/p>\n                                <a title=\"LECTURA DANTIS: Inferno\" class=\"read-more\" href=\"https:\/\/iicbuenosaires.esteri.it\/it\/gli_eventi\/calendario\/lectura-dantis-inferno-3\/\">\n                                    <span class=\"text\">Leggi di pi\u00f9<\/span>\n                                    <svg class=\"icon\">\n                                    <use xlink:href=\"https:\/\/iicbuenosaires.esteri.it\/wp-content\/themes\/sedi-tema\/assets\/svg\/sprites.svg#it-arrow-right\"><\/use>\n                                    <\/svg>\n                                <\/a>\n                                                        <\/div>\n                                                    <\/div>\n                    <\/div>\n                <\/div>\n                <!--end card-->\n                <\/div><!-- col-12 .mt-3-->\n                            <div class=\"col-12 mt-3\">\n                <!--start card-->\n                <div class=\"card-wrapper card-space\">\n                    <div class=\"card card-bg card-big border-bottom-card\">\n                        <div class=\"card-body row\">\n                                                    <div class=\"col-sm-3\">\n                                <div class=\"img-responsive\">\n                                    <figure class=\"img-wrapper\">\n                                        <a href=\"https:\/\/iicbuenosaires.esteri.it\/it\/gli_eventi\/calendario\/lectura-dantis-inferno-2\/\" title=\"Leggi l'articolo: LECTURA DANTIS: Inferno\">\n                                                                                            <img loading=\"lazy\" decoding=\"async\" width=\"300\" height=\"169\" src=\"https:\/\/iicbuenosaires.esteri.it\/wp-content\/uploads\/2026\/04\/flyer-web-300x169.png\" srcset=\"https:\/\/iicbuenosaires.esteri.it\/wp-content\/uploads\/2026\/04\/flyer-web.png 1366w, https:\/\/iicbuenosaires.esteri.it\/wp-content\/uploads\/2026\/04\/flyer-web-300x169.png 300w, https:\/\/iicbuenosaires.esteri.it\/wp-content\/uploads\/2026\/04\/flyer-web-1024x576.png 1024w, https:\/\/iicbuenosaires.esteri.it\/wp-content\/uploads\/2026\/04\/flyer-web-768x432.png 768w\" sizes=\"auto, (max-width: 1366px) 100vw, 1366px\"  title=\"flyer web\" alt=\"\" class=\"img-fluid\">\n                                                                                    <\/a>\n                                    <\/figure>\n                                <\/div>\n                            <\/div>\n                            <div class=\"col-sm-9\">\n                                                            <div class=\"category-top\">\n                                    <span class=\"fw-bold text-danger\">Concluso<\/span>                                                                        <span class=\"data\">\n                                        <svg class=\"icon icon-secondary\">\n                                            <use xlink:href=\"https:\/\/iicbuenosaires.esteri.it\/wp-content\/themes\/sedi-tema\/assets\/svg\/sprites.svg#it-calendar\"><\/use>\n                                        <\/svg> Gio 09 Apr 2026                                    <\/span>\n                                                                    <\/div>\n                            <h5 class=\"card-title big-heading text-uppercase\"><a class=\"text-body text-decoration-none\" href=\"https:\/\/iicbuenosaires.esteri.it\/it\/gli_eventi\/calendario\/lectura-dantis-inferno-2\/\" title=\"LECTURA DANTIS: Inferno\">LECTURA DANTIS: Inferno<\/a><\/h5>\n                            <p class=\"card-text\">LECTURA DANTIS in italiano a cura della Prof.ssa Claudia Fern\u00e1ndez, che quest&#8217;anno illustrer\u00e0 e commenter\u00e0 l\u2019Inferno, la prima cantica della Divina Commedia. Data: Gioved\u00ec 9 aprile, ore 14.00 Sede: Sala Benedetto Croce IIC &#8211; Marcelo T. de Alvear 3\u00b0piano Inferno II Vilt\u00e0 di Dante, conforto di Virgilio. Le tradizioni di Enea e di san Paolo. [&hellip;]<\/p>\n                                <a title=\"LECTURA DANTIS: Inferno\" class=\"read-more\" href=\"https:\/\/iicbuenosaires.esteri.it\/it\/gli_eventi\/calendario\/lectura-dantis-inferno-2\/\">\n                                    <span class=\"text\">Leggi di pi\u00f9<\/span>\n                                    <svg class=\"icon\">\n                                    <use xlink:href=\"https:\/\/iicbuenosaires.esteri.it\/wp-content\/themes\/sedi-tema\/assets\/svg\/sprites.svg#it-arrow-right\"><\/use>\n                                    <\/svg>\n                                <\/a>\n                                                        <\/div>\n                                                    <\/div>\n                    <\/div>\n                <\/div>\n                <!--end card-->\n                <\/div><!-- col-12 .mt-3-->\n                            <div class=\"col-12 mt-3\">\n                <!--start card-->\n                <div class=\"card-wrapper card-space\">\n                    <div class=\"card card-bg card-big border-bottom-card\">\n                        <div class=\"card-body row\">\n                                                    <div class=\"col-sm-3\">\n                                <div class=\"img-responsive\">\n                                    <figure class=\"img-wrapper\">\n                                        <a href=\"https:\/\/iicbuenosaires.esteri.it\/it\/gli_eventi\/calendario\/lectura-dantis-inferno\/\" title=\"Leggi l'articolo: LECTURA DANTIS: Inferno\">\n                                                                                            <img loading=\"lazy\" decoding=\"async\" width=\"300\" height=\"169\" src=\"https:\/\/iicbuenosaires.esteri.it\/wp-content\/uploads\/2026\/03\/26.03-Inferno-I-2026-Lectura-Dantis-300x169.png\" srcset=\"https:\/\/iicbuenosaires.esteri.it\/wp-content\/uploads\/2026\/03\/26.03-Inferno-I-2026-Lectura-Dantis.png 1366w, https:\/\/iicbuenosaires.esteri.it\/wp-content\/uploads\/2026\/03\/26.03-Inferno-I-2026-Lectura-Dantis-300x169.png 300w, https:\/\/iicbuenosaires.esteri.it\/wp-content\/uploads\/2026\/03\/26.03-Inferno-I-2026-Lectura-Dantis-1024x576.png 1024w, https:\/\/iicbuenosaires.esteri.it\/wp-content\/uploads\/2026\/03\/26.03-Inferno-I-2026-Lectura-Dantis-768x432.png 768w\" sizes=\"auto, (max-width: 1366px) 100vw, 1366px\"  title=\"26.03 Inferno I 2026 Lectura Dantis\" alt=\"\" class=\"img-fluid\">\n                                                                                    <\/a>\n                                    <\/figure>\n                                <\/div>\n                            <\/div>\n                            <div class=\"col-sm-9\">\n                                                            <div class=\"category-top\">\n                                    <span class=\"fw-bold text-danger\">Concluso<\/span>                                                                        <span class=\"data\">\n                                        <svg class=\"icon icon-secondary\">\n                                            <use xlink:href=\"https:\/\/iicbuenosaires.esteri.it\/wp-content\/themes\/sedi-tema\/assets\/svg\/sprites.svg#it-calendar\"><\/use>\n                                        <\/svg> Gio 26 Mar 2026                                    <\/span>\n                                                                    <\/div>\n                            <h5 class=\"card-title big-heading text-uppercase\"><a class=\"text-body text-decoration-none\" href=\"https:\/\/iicbuenosaires.esteri.it\/it\/gli_eventi\/calendario\/lectura-dantis-inferno\/\" title=\"LECTURA DANTIS: Inferno\">LECTURA DANTIS: Inferno<\/a><\/h5>\n                            <p class=\"card-text\">LECTURA DANTIS in italiano a cura della Prof.ssa Claudia Fern\u00e1ndez, che quest&#8217;anno illustrer\u00e0 e commenter\u00e0 l\u2019Inferno, la prima cantica della Divina Commedia. Data: Gioved\u00ec 26 marzo, ore 14.00 Sede: Sala Benedetto Croce IIC &#8211; Marcelo T. de Alvear 3\u00b0piano Inferno I Smarrimento nella selva. Le tre fiere. Il soccorso di Virgilio. Presentazione del Dante personaggio-poeta [&hellip;]<\/p>\n                                <a title=\"LECTURA DANTIS: Inferno\" class=\"read-more\" href=\"https:\/\/iicbuenosaires.esteri.it\/it\/gli_eventi\/calendario\/lectura-dantis-inferno\/\">\n                                    <span class=\"text\">Leggi di pi\u00f9<\/span>\n                                    <svg class=\"icon\">\n                                    <use xlink:href=\"https:\/\/iicbuenosaires.esteri.it\/wp-content\/themes\/sedi-tema\/assets\/svg\/sprites.svg#it-arrow-right\"><\/use>\n                                    <\/svg>\n                                <\/a>\n                                                        <\/div>\n                                                    <\/div>\n                    <\/div>\n                <\/div>\n                <!--end card-->\n                <\/div><!-- col-12 .mt-3-->\n            \n            <div class=\"col-md-12 mt-4 pb-4\">\n                <nav class=\"navigation col-md-12\" aria-label=\"Navigation\">\n                    <h2 class=\"screen-reader-text visually-hidden\">Paginazione<\/h2>\n                    <div class=\"nav-links\">\n                    <span aria-current=\"page\" class=\"page-numbers current\">1<\/span>\n<a class=\"page-numbers\" href=\"https:\/\/iicbuenosaires.esteri.it\/it\/wp-json\/wp\/v2\/pages\/8884\/?pag=2\">2<\/a>\n<a class=\"page-numbers\" href=\"https:\/\/iicbuenosaires.esteri.it\/it\/wp-json\/wp\/v2\/pages\/8884\/?pag=3\">3<\/a>\n<span class=\"page-numbers dots\">&hellip;<\/span>\n<a class=\"page-numbers\" href=\"https:\/\/iicbuenosaires.esteri.it\/it\/wp-json\/wp\/v2\/pages\/8884\/?pag=163\">163<\/a>\n<a class=\"next page-numbers\" href=\"https:\/\/iicbuenosaires.esteri.it\/it\/wp-json\/wp\/v2\/pages\/8884\/?pag=2\"><svg class=\"icon icon-primary\"><use xlink:href=\"https:\/\/iicbuenosaires.esteri.it\/wp-content\/themes\/sedi-tema\/assets\/svg\/sprites.svg#it-chevron-right\"><\/use><\/svg>\n                                    <span class=\"visually-hidden\">Pagina successiva<\/span><\/a>                    <\/div>\n                <\/nav>\n            <\/div>   <!--.col-md-12 -->\n              <\/div><!--.row -->\n              \n<p>&nbsp;<\/p>\n","protected":false},"excerpt":{"rendered":"&nbsp;","protected":false},"author":1,"featured_media":0,"parent":17,"menu_order":0,"comment_status":"closed","ping_status":"closed","template":"","meta":{"footnotes":""},"class_list":["post-8884","page","type-page","status-publish","hentry"],"_links":{"self":[{"href":"https:\/\/iicbuenosaires.esteri.it\/it\/wp-json\/wp\/v2\/pages\/8884","targetHints":{"allow":["GET"]}}],"collection":[{"href":"https:\/\/iicbuenosaires.esteri.it\/it\/wp-json\/wp\/v2\/pages"}],"about":[{"href":"https:\/\/iicbuenosaires.esteri.it\/it\/wp-json\/wp\/v2\/types\/page"}],"author":[{"embeddable":true,"href":"https:\/\/iicbuenosaires.esteri.it\/it\/wp-json\/wp\/v2\/users\/1"}],"replies":[{"embeddable":true,"href":"https:\/\/iicbuenosaires.esteri.it\/it\/wp-json\/wp\/v2\/comments?post=8884"}],"version-history":[{"count":1,"href":"https:\/\/iicbuenosaires.esteri.it\/it\/wp-json\/wp\/v2\/pages\/8884\/revisions"}],"predecessor-version":[{"id":8891,"href":"https:\/\/iicbuenosaires.esteri.it\/it\/wp-json\/wp\/v2\/pages\/8884\/revisions\/8891"}],"up":[{"embeddable":true,"href":"https:\/\/iicbuenosaires.esteri.it\/it\/wp-json\/wp\/v2\/pages\/17"}],"wp:attachment":[{"href":"https:\/\/iicbuenosaires.esteri.it\/it\/wp-json\/wp\/v2\/media?parent=8884"}],"curies":[{"name":"wp","href":"https:\/\/api.w.org\/{rel}","templated":true}]}}